{"id":11368,"date":"2014-10-24T10:11:02","date_gmt":"2014-10-24T08:11:02","guid":{"rendered":"https:\/\/auren.com\/uy\/new\/195-cambios-en-las-normas-contables-adecuadas\/"},"modified":"2014-10-24T10:11:02","modified_gmt":"2014-10-24T08:11:02","slug":"195-cambios-en-las-normas-contables-adecuadas","status":"publish","type":"new","link":"https:\/\/auren.com\/uy\/noticias\/195-cambios-en-las-normas-contables-adecuadas\/","title":{"rendered":"195- CAMBIOS EN LAS NORMAS CONTABLES ADECUADAS"},"content":{"rendered":"<p class=\"has-text-align-justify\">El 14 de Octubre el Poder Ejecutivo aprob\u00f3 los <strong>Decretos 291\/14 y 292\/14<\/strong>, que cambian el marco normativo contable de aplicaci\u00f3n a las sociedades uruguayas regidas por la Ley 16.060.<\/p>\n<p class=\"has-text-align-justify\">Nos referiremos hoy al <strong>Decreto 291\/14<\/strong> que entre otros aspectos:<\/p>\n<p class=\"has-text-align-justify\"><strong>1)<\/strong> Deroga los Decretos 266\/07 (Normas contables de aplicaci\u00f3n obligatoria general en Uruguay hasta ahora), 135\/09\u00a0 y 65\/10 (Normas contables a aplicar por los <em>Emisores de Menor Importancia Relativa- <strong>EMIR<\/strong><\/em>),<\/p>\n<p class=\"has-text-align-justify\"><strong>2)<\/strong> aprueba como norma contable adecuada de aplicaci\u00f3n obligatoria la Norma Internacional de Informaci\u00f3n Financiera para Peque\u00f1as y Medianas Empresas (<strong>NIIF para PYMES<\/strong>) emitida por el\u00a0 IASB (International Accounting Standards Board), en su versi\u00f3n traducida al espa\u00f1ol y publicada en la p\u00e1gina de la AIN y<\/p>\n<p class=\"has-text-align-justify\"><strong>3)<\/strong> establece la existencia de tres grupos b\u00e1sicos de aplicaci\u00f3n de normativa contable:<\/p>\n<p class=\"has-text-align-justify\">a) <strong>Entidades que aplican NIIF<\/strong> traducidas al espa\u00f1ol (emisores de valores de oferta p\u00fablica, exceptuando instituciones de intermediaci\u00f3n financiera y entes aut\u00f3nomos y servicios descentralizados) (Dec. 124\/11 \u2013 Art. <\/p>\n<p class=\"has-text-align-justify\">b) <strong>Entidades que apliquen NIIF para PYMES.<\/strong> (Dec. 291\/14 &#8211; Art <\/p>\n<p class=\"has-text-align-justify\">c) <strong>Entidades que apliquen determinadas Secciones de la NIIF para PYMES<\/strong>, <strong>EMIR.<\/strong> (Dec. 291\/14 Arts 2\u00b0 y 3\u00b0)<\/p>\n<p class=\"has-text-align-justify\">En una\u00a0 cuarta categor\u00eda que deber\u00e1 ser objeto de an\u00e1lisis, quedan las entidades exceptuadas por el Art. 1\u00b0 del Decreto 124\/11, y las referidas en el Art. 1\u00b0 del nuevo decreto \u201c\u2026que est\u00e9n alcanzadas por normas espec\u00edficas dictadas por el \u00f3rgano regulador competente\u201d.<\/p>\n<p class=\"has-text-align-justify\">El nuevo decreto\u00a0 cambia las condiciones para definir <strong>EMIR<\/strong><em>. <\/em>De las 5 condiciones existentes, 4 se mantienen y la referencia a \u201cno emisores de valores de oferta p\u00fablica<em>\u201d cambia por, entidades <\/em>que no tengan <strong>\u201c\u2026obligaci\u00f3n p\u00fablica de rendir cuentas de acuerdo con la Secci\u00f3n 1 de la NIIF para PYMES\u201d.<\/strong><\/p>\n<p class=\"has-text-align-justify\">La interpretaci\u00f3n de la antes mencionada Secci\u00f3n 1, <strong>ampl\u00eda el concepto vigente hasta la fecha, <\/strong>ya que se incluye en este grupo a las empresas que \u201cuna de sus principales actividades es mantener activos en calidad de fiduciaria para un amplio grupo de terceros\u201d, y que \u201cdicha actividad no se realice por motivos secundarios a la actividad principal\u201d. Por lo anterior, m\u00e1s empresas deber\u00e1n aplicar NIIF en forma plena.<\/p>\n<p class=\"has-text-align-justify\">Al derogarse el Decreto 266\/07,\u00a0 la referencia a nuestra principal norma de presentaci\u00f3n y exposici\u00f3n (Decreto 103\/91) queda limitada exclusivamente a lo expuesto en el Decreto 37\/10, en el cual: a) priman las NIIF para PYMES respecto del Decreto 103\/91, b) se mantiene la aplicaci\u00f3n de los criterios<em><u> de clasificaci\u00f3n y exposici\u00f3n<\/u><\/em> de activos y pasivos corrientes y no corrientes en el Estado de situaci\u00f3n patrimonial y los criterios de clasificaci\u00f3n y exposici\u00f3n de gastos por funci\u00f3n en el Estado de resultados.\u00a0<\/p>\n<p class=\"has-text-align-justify\">Dado que las normas internacionales brindan lineamientos sin llegar a establecer una estructura \u00fanica, considerando que con estos cambios se busca alinearse a dicho marco normativo y a la uniformizaci\u00f3n en la presentaci\u00f3n de los estados financieros, y viendo que en Uruguay estamos sumando cambios sobre cambios,\u00a0 \u00bfno habr\u00e1 llegado el momento para que se apruebe un decreto donde se actualicen y adapten a nuestra realidad\u00a0 las bases para la presentaci\u00f3n y exposici\u00f3n de Estados Financieros contemplando las normas contables adecuadas?<\/p>\n<p><!-- AddThis Advanced Settings generic via filter on the_content --><!-- AddThis Share Buttons generic via filter on the_content --><\/p>\n","protected":false},"excerpt":{"rendered":"<p>El 14 de Octubre el Poder Ejecutivo aprob\u00f3 los Decretos 291\/14 y 292\/14, que cambian el marco normativo contable de aplicaci\u00f3n a las sociedades uruguayas regidas por la Ley 16.060. [&hellip;]<\/p>\n","protected":false},"featured_media":11369,"template":"","meta":{"_acf_changed":false,"footnotes":""},"new-category":[],"class_list":["post-11368","new","type-new","status-publish","has-post-thumbnail","hentry"],"acf":[],"yoast_head":"<!-- This site is optimized with the Yoast SEO plugin v27.4 - https:\/\/yoast.com\/product\/yoast-seo-wordpress\/ -->\n<title>195- CAMBIOS EN LAS NORMAS CONTABLES ADECUADAS - Auren Uruguay<\/title>\n<meta name=\"robots\" content=\"index, follow, max-snippet:-1, max-image-preview:large, max-video-preview:-1\" \/>\n<link rel=\"canonical\" href=\"https:\/\/auren.com\/uy\/noticias\/195-cambios-en-las-normas-contables-adecuadas\/\" \/>\n<meta property=\"og:locale\" content=\"es_ES\" \/>\n<meta property=\"og:type\" content=\"article\" \/>\n<meta property=\"og:title\" content=\"195- CAMBIOS EN LAS NORMAS CONTABLES ADECUADAS - Auren Uruguay\" \/>\n<meta property=\"og:description\" content=\"El 14 de Octubre el Poder Ejecutivo aprob\u00f3 los Decretos 291\/14 y 292\/14, que cambian el marco normativo contable de aplicaci\u00f3n a las sociedades uruguayas regidas por la Ley 16.060. [&hellip;]\" \/>\n<meta property=\"og:url\" content=\"https:\/\/auren.com\/uy\/noticias\/195-cambios-en-las-normas-contables-adecuadas\/\" \/>\n<meta property=\"og:site_name\" content=\"Auren Uruguay\" \/>\n<meta property=\"article:publisher\" content=\"https:\/\/www.facebook.com\/aurenuruguay\" \/>\n<meta property=\"og:image\" content=\"https:\/\/auren.com\/uy\/wp-content\/uploads\/2014\/10\/shutterstock_245063656.jpg\" \/>\n\t<meta property=\"og:image:width\" content=\"1400\" \/>\n\t<meta property=\"og:image:height\" content=\"933\" \/>\n\t<meta property=\"og:image:type\" content=\"image\/jpeg\" \/>\n<meta name=\"twitter:card\" content=\"summary_large_image\" \/>\n<meta name=\"twitter:site\" content=\"@AurenUruguay\" \/>\n<meta name=\"twitter:label1\" content=\"Tiempo de lectura\" \/>\n\t<meta name=\"twitter:data1\" content=\"3 minutos\" \/>\n<script type=\"application\/ld+json\" class=\"yoast-schema-graph\">{\"@context\":\"https:\\\/\\\/schema.org\",\"@graph\":[{\"@type\":\"WebPage\",\"@id\":\"https:\\\/\\\/auren.com\\\/uy\\\/noticias\\\/195-cambios-en-las-normas-contables-adecuadas\\\/\",\"url\":\"https:\\\/\\\/auren.com\\\/uy\\\/noticias\\\/195-cambios-en-las-normas-contables-adecuadas\\\/\",\"name\":\"195- CAMBIOS EN LAS NORMAS CONTABLES ADECUADAS - Auren Uruguay\",\"isPartOf\":{\"@id\":\"https:\\\/\\\/auren.com\\\/uy\\\/#website\"},\"primaryImageOfPage\":{\"@id\":\"https:\\\/\\\/auren.com\\\/uy\\\/noticias\\\/195-cambios-en-las-normas-contables-adecuadas\\\/#primaryimage\"},\"image\":{\"@id\":\"https:\\\/\\\/auren.com\\\/uy\\\/noticias\\\/195-cambios-en-las-normas-contables-adecuadas\\\/#primaryimage\"},\"thumbnailUrl\":\"https:\\\/\\\/auren.com\\\/uy\\\/wp-content\\\/uploads\\\/2014\\\/10\\\/shutterstock_245063656.jpg\",\"datePublished\":\"2014-10-24T08:11:02+00:00\",\"breadcrumb\":{\"@id\":\"https:\\\/\\\/auren.com\\\/uy\\\/noticias\\\/195-cambios-en-las-normas-contables-adecuadas\\\/#breadcrumb\"},\"inLanguage\":\"es\",\"potentialAction\":[{\"@type\":\"ReadAction\",\"target\":[\"https:\\\/\\\/auren.com\\\/uy\\\/noticias\\\/195-cambios-en-las-normas-contables-adecuadas\\\/\"]}]},{\"@type\":\"ImageObject\",\"inLanguage\":\"es\",\"@id\":\"https:\\\/\\\/auren.com\\\/uy\\\/noticias\\\/195-cambios-en-las-normas-contables-adecuadas\\\/#primaryimage\",\"url\":\"https:\\\/\\\/auren.com\\\/uy\\\/wp-content\\\/uploads\\\/2014\\\/10\\\/shutterstock_245063656.jpg\",\"contentUrl\":\"https:\\\/\\\/auren.com\\\/uy\\\/wp-content\\\/uploads\\\/2014\\\/10\\\/shutterstock_245063656.jpg\",\"width\":1400,\"height\":933},{\"@type\":\"BreadcrumbList\",\"@id\":\"https:\\\/\\\/auren.com\\\/uy\\\/noticias\\\/195-cambios-en-las-normas-contables-adecuadas\\\/#breadcrumb\",\"itemListElement\":[{\"@type\":\"ListItem\",\"position\":1,\"name\":\"Portada\",\"item\":\"https:\\\/\\\/auren.com\\\/uy\\\/\"},{\"@type\":\"ListItem\",\"position\":2,\"name\":\"195- CAMBIOS EN LAS NORMAS CONTABLES ADECUADAS\"}]},{\"@type\":\"WebSite\",\"@id\":\"https:\\\/\\\/auren.com\\\/uy\\\/#website\",\"url\":\"https:\\\/\\\/auren.com\\\/uy\\\/\",\"name\":\"Auren Uruguay\",\"description\":\"\",\"publisher\":{\"@id\":\"https:\\\/\\\/auren.com\\\/uy\\\/#organization\"},\"potentialAction\":[{\"@type\":\"SearchAction\",\"target\":{\"@type\":\"EntryPoint\",\"urlTemplate\":\"https:\\\/\\\/auren.com\\\/uy\\\/?s={search_term_string}\"},\"query-input\":{\"@type\":\"PropertyValueSpecification\",\"valueRequired\":true,\"valueName\":\"search_term_string\"}}],\"inLanguage\":\"es\"},{\"@type\":\"Organization\",\"@id\":\"https:\\\/\\\/auren.com\\\/uy\\\/#organization\",\"name\":\"Auren Uruguay\",\"url\":\"https:\\\/\\\/auren.com\\\/uy\\\/\",\"logo\":{\"@type\":\"ImageObject\",\"inLanguage\":\"es\",\"@id\":\"https:\\\/\\\/auren.com\\\/uy\\\/#\\\/schema\\\/logo\\\/image\\\/\",\"url\":\"https:\\\/\\\/auren.com\\\/uy\\\/wp-content\\\/uploads\\\/2025\\\/01\\\/cropped-cropped-favicon-Auren.png\",\"contentUrl\":\"https:\\\/\\\/auren.com\\\/uy\\\/wp-content\\\/uploads\\\/2025\\\/01\\\/cropped-cropped-favicon-Auren.png\",\"width\":512,\"height\":512,\"caption\":\"Auren Uruguay\"},\"image\":{\"@id\":\"https:\\\/\\\/auren.com\\\/uy\\\/#\\\/schema\\\/logo\\\/image\\\/\"},\"sameAs\":[\"https:\\\/\\\/www.facebook.com\\\/aurenuruguay\",\"https:\\\/\\\/x.com\\\/AurenUruguay\",\"https:\\\/\\\/www.linkedin.com\\\/company\\\/auren-uruguay\",\"https:\\\/\\\/www.youtube.com\\\/channel\\\/UClkpSYFfsAuqdTaVF5whedQ\",\"https:\\\/\\\/www.instagram.com\\\/aurenuruguay\\\/\"]}]}<\/script>\n<!-- \/ Yoast SEO plugin. -->","yoast_head_json":{"title":"195- CAMBIOS EN LAS NORMAS CONTABLES ADECUADAS - Auren Uruguay","robots":{"index":"index","follow":"follow","max-snippet":"max-snippet:-1","max-image-preview":"max-image-preview:large","max-video-preview":"max-video-preview:-1"},"canonical":"https:\/\/auren.com\/uy\/noticias\/195-cambios-en-las-normas-contables-adecuadas\/","og_locale":"es_ES","og_type":"article","og_title":"195- CAMBIOS EN LAS NORMAS CONTABLES ADECUADAS - Auren Uruguay","og_description":"El 14 de Octubre el Poder Ejecutivo aprob\u00f3 los Decretos 291\/14 y 292\/14, que cambian el marco normativo contable de aplicaci\u00f3n a las sociedades uruguayas regidas por la Ley 16.060. [&hellip;]","og_url":"https:\/\/auren.com\/uy\/noticias\/195-cambios-en-las-normas-contables-adecuadas\/","og_site_name":"Auren Uruguay","article_publisher":"https:\/\/www.facebook.com\/aurenuruguay","og_image":[{"width":1400,"height":933,"url":"https:\/\/auren.com\/uy\/wp-content\/uploads\/2014\/10\/shutterstock_245063656.jpg","type":"image\/jpeg"}],"twitter_card":"summary_large_image","twitter_site":"@AurenUruguay","twitter_misc":{"Tiempo de lectura":"3 minutos"},"schema":{"@context":"https:\/\/schema.org","@graph":[{"@type":"WebPage","@id":"https:\/\/auren.com\/uy\/noticias\/195-cambios-en-las-normas-contables-adecuadas\/","url":"https:\/\/auren.com\/uy\/noticias\/195-cambios-en-las-normas-contables-adecuadas\/","name":"195- CAMBIOS EN LAS NORMAS CONTABLES ADECUADAS - Auren Uruguay","isPartOf":{"@id":"https:\/\/auren.com\/uy\/#website"},"primaryImageOfPage":{"@id":"https:\/\/auren.com\/uy\/noticias\/195-cambios-en-las-normas-contables-adecuadas\/#primaryimage"},"image":{"@id":"https:\/\/auren.com\/uy\/noticias\/195-cambios-en-las-normas-contables-adecuadas\/#primaryimage"},"thumbnailUrl":"https:\/\/auren.com\/uy\/wp-content\/uploads\/2014\/10\/shutterstock_245063656.jpg","datePublished":"2014-10-24T08:11:02+00:00","breadcrumb":{"@id":"https:\/\/auren.com\/uy\/noticias\/195-cambios-en-las-normas-contables-adecuadas\/#breadcrumb"},"inLanguage":"es","potentialAction":[{"@type":"ReadAction","target":["https:\/\/auren.com\/uy\/noticias\/195-cambios-en-las-normas-contables-adecuadas\/"]}]},{"@type":"ImageObject","inLanguage":"es","@id":"https:\/\/auren.com\/uy\/noticias\/195-cambios-en-las-normas-contables-adecuadas\/#primaryimage","url":"https:\/\/auren.com\/uy\/wp-content\/uploads\/2014\/10\/shutterstock_245063656.jpg","contentUrl":"https:\/\/auren.com\/uy\/wp-content\/uploads\/2014\/10\/shutterstock_245063656.jpg","width":1400,"height":933},{"@type":"BreadcrumbList","@id":"https:\/\/auren.com\/uy\/noticias\/195-cambios-en-las-normas-contables-adecuadas\/#breadcrumb","itemListElement":[{"@type":"ListItem","position":1,"name":"Portada","item":"https:\/\/auren.com\/uy\/"},{"@type":"ListItem","position":2,"name":"195- CAMBIOS EN LAS NORMAS CONTABLES ADECUADAS"}]},{"@type":"WebSite","@id":"https:\/\/auren.com\/uy\/#website","url":"https:\/\/auren.com\/uy\/","name":"Auren Uruguay","description":"","publisher":{"@id":"https:\/\/auren.com\/uy\/#organization"},"potentialAction":[{"@type":"SearchAction","target":{"@type":"EntryPoint","urlTemplate":"https:\/\/auren.com\/uy\/?s={search_term_string}"},"query-input":{"@type":"PropertyValueSpecification","valueRequired":true,"valueName":"search_term_string"}}],"inLanguage":"es"},{"@type":"Organization","@id":"https:\/\/auren.com\/uy\/#organization","name":"Auren Uruguay","url":"https:\/\/auren.com\/uy\/","logo":{"@type":"ImageObject","inLanguage":"es","@id":"https:\/\/auren.com\/uy\/#\/schema\/logo\/image\/","url":"https:\/\/auren.com\/uy\/wp-content\/uploads\/2025\/01\/cropped-cropped-favicon-Auren.png","contentUrl":"https:\/\/auren.com\/uy\/wp-content\/uploads\/2025\/01\/cropped-cropped-favicon-Auren.png","width":512,"height":512,"caption":"Auren Uruguay"},"image":{"@id":"https:\/\/auren.com\/uy\/#\/schema\/logo\/image\/"},"sameAs":["https:\/\/www.facebook.com\/aurenuruguay","https:\/\/x.com\/AurenUruguay","https:\/\/www.linkedin.com\/company\/auren-uruguay","https:\/\/www.youtube.com\/channel\/UClkpSYFfsAuqdTaVF5whedQ","https:\/\/www.instagram.com\/aurenuruguay\/"]}]}},"_links":{"self":[{"href":"https:\/\/auren.com\/uy\/wp-json\/wp\/v2\/new\/11368","targetHints":{"allow":["GET"]}}],"collection":[{"href":"https:\/\/auren.com\/uy\/wp-json\/wp\/v2\/new"}],"about":[{"href":"https:\/\/auren.com\/uy\/wp-json\/wp\/v2\/types\/new"}],"version-history":[{"count":0,"href":"https:\/\/auren.com\/uy\/wp-json\/wp\/v2\/new\/11368\/revisions"}],"wp:featuredmedia":[{"embeddable":true,"href":"https:\/\/auren.com\/uy\/wp-json\/wp\/v2\/media\/11369"}],"wp:attachment":[{"href":"https:\/\/auren.com\/uy\/wp-json\/wp\/v2\/media?parent=11368"}],"wp:term":[{"taxonomy":"new-category","embeddable":true,"href":"https:\/\/auren.com\/uy\/wp-json\/wp\/v2\/new-category?post=11368"}],"curies":[{"name":"wp","href":"https:\/\/api.w.org\/{rel}","templated":true}]}}