{"id":11374,"date":"2014-10-06T10:40:00","date_gmt":"2014-10-06T08:40:00","guid":{"rendered":"https:\/\/auren.com\/uy\/new\/193-inclusion-financiera-tiempo-de-reglamentacion\/"},"modified":"2014-10-06T10:40:00","modified_gmt":"2014-10-06T08:40:00","slug":"193-inclusion-financiera-tiempo-de-reglamentacion","status":"publish","type":"new","link":"https:\/\/auren.com\/uy\/noticias\/193-inclusion-financiera-tiempo-de-reglamentacion\/","title":{"rendered":"193- INCLUSI\u00d3N FINANCIERA: TIEMPO DE REGLAMENTACI\u00d3N"},"content":{"rendered":"<p class=\"has-text-align-justify\">El pasado 8 de setiembre el Banco Central del Uruguay emiti\u00f3 la Circular N\u00b0 2.198 la cual reglamenta la actividad de las Instituciones Emisoras de Dinero Electr\u00f3nico.<\/p>\n<p class=\"has-text-align-justify has-vivid-red-color has-text-color\" style=\"font-size:25px\"><strong>\u00bfQu\u00e9 es el Dinero Electr\u00f3nico?<\/strong><\/p>\n<p class=\"has-text-align-justify\">Es un valor monetario exigible a su emisor. El mismo tendr\u00e1 las siguientes caracter\u00edsticas:<\/p>\n<p class=\"has-text-align-justify\">\u2022 Almacenado en medios electr\u00f3nicos (chip, disco duro o servidores).<\/p>\n<p class=\"has-text-align-justify\">\u2022\u00a0Convertible en dinero efectivo por el emisor.<\/p>\n<p class=\"has-text-align-justify\">\u2022\u00a0Aceptado como forma de pago por entidades o personas distintas del emisor.<\/p>\n<p class=\"has-text-align-justify\">\u2022\u00a0\u00a0Emitido por un valor igual a los fondos recibidos.<\/p>\n<p class=\"has-text-align-justify\">Deber\u00e1 poder extraerse el efectivo en\u00a0 redes de pagos y cobranzas, cajeros autom\u00e1ticos y todos aquellos agentes que dispongan redes de puntos de ventas (P.O.S).<\/p>\n<p class=\"has-text-align-justify\">La reglamentaci\u00f3n considera diferentes tipos de Dinero Electr\u00f3nico:<\/p>\n<p class=\"has-text-align-justify\"><strong>Especial<\/strong>: proveniente de remuneraciones, honorarios profesionales, pasividades, beneficios sociales y otras prestaciones.<\/p>\n<p class=\"has-text-align-justify\"><strong>General<\/strong>: originado de fondos distintos a los mencionados anteriormente.<\/p>\n<p class=\"has-text-align-justify\"><strong>Mixto<\/strong>: es la combinaci\u00f3n de fondos de origen especial y general.<\/p>\n<p class=\"has-text-align-justify\"><strong>Alimentaci\u00f3n<\/strong>: es el que corresponde a las prestaciones de alimentaci\u00f3n (ticket alimentaci\u00f3n)<\/p>\n<p class=\"has-text-align-justify\">Uno de los cambios m\u00e1s importantes de la Ley de Inclusi\u00f3n Financiera es referente a los tickets alimentaci\u00f3n. Estos dejaran de tener el formato actual de papel para convertirse en un medio electr\u00f3nico de pago.<\/p>\n<p class=\"has-text-align-justify\">Tendr\u00e1n las siguientes caracter\u00edsticas:<\/p>\n<p class=\"has-text-align-justify\">\u2022 No son convertibles a efectivo.<\/p>\n<p class=\"has-text-align-justify\">\u2022\u00a0Permiten \u00fanicamente el acceso a necesidades espec\u00edficas de alimentaci\u00f3n en los comercios adheridos.<\/p>\n<p class=\"has-text-align-justify\">\u2022 Emitido y administrado por empresas especializadas.<\/p>\n<p class=\"has-text-align-justify\">\u2022 Emitido en soporte f\u00edsico propio y diferente de otro instrumento de dinero electr\u00f3nico.<\/p>\n<p class=\"has-text-align-justify\">\u2022\u00a0\u00a0No generan costos por su uso ni por su expedici\u00f3n para el usuario.<\/p>\n<p class=\"has-text-align-justify\">Se estima que el cambio en las partidas de alimentaci\u00f3n ser\u00e1 paulatino comenzando en el pr\u00f3ximo mes y culminando en el primer semestre del pr\u00f3ximo a\u00f1o.<\/p>\n<p class=\"has-text-align-justify has-vivid-red-color has-text-color\" style=\"font-size:25px\"><strong>Cronograma de incorporaci\u00f3n al sistema financiero.<\/strong><\/p>\n<p class=\"has-text-align-justify\">La circular antes mencionada habilita al Poder Ejecutivo a emitir el cronograma de implementaci\u00f3n de la Ley de Inclusi\u00f3n Financiera referente al pago de remuneraciones.<\/p>\n<p class=\"has-text-align-justify\">Los trabajadores que actualmente no cobran por banco o red de pagos podr\u00e1n desde <em>1\u00ba\/11\/2014 y hasta al 30\/06\/2015<\/em> elegir el sistema de cobro. Vencido el plazo el empleador fijar\u00e1 la instituci\u00f3n donde pagar\u00e1 la remuneraci\u00f3n.<\/p>\n<p class=\"has-text-align-justify\"><img decoding=\"async\" loading=\"lazy\" width=\"601\" height=\"180\" src=\"\">La Ley prev\u00e9 la posibilidad que las empresas mediante un acuerdo escrito con sus trabajadores mantengan la forma actual de pago hasta <strong>Mayo 2017<\/strong>. Para ello deber\u00e1n antes del <em>1\u00b0\/11\/2014<\/em> suscribir un convenio con todo el personal en el cual se estipule el consentimiento de continuar con la forma actual de pago.<\/p>\n<p class=\"has-text-align-justify\">A partir del vencimiento del mismo el empleado podr\u00e1 optar por cambiar de instituci\u00f3n financiera.<\/p>\n<p class=\"has-text-align-justify\">Aquellos trabajadores que ya cobren por medio de banco o red de pagos podr\u00e1n desde el <em>1\u00b0\/11\/2015<\/em> o a partir de la fecha del vencimiento del acuerdo de pago vigente si este tiene un vencimiento anterior elegir otra instituci\u00f3n.<\/p>\n<p class=\"has-text-align-justify\">Las cuentas destinadas a pago de remuneraciones contaran con los siguientes beneficios:<\/p>\n<p class=\"has-text-align-justify\">&#8211; No tendr\u00e1n costo de\u00a0 apertura ni mantenimiento.<\/p>\n<p class=\"has-text-align-justify\">-Sin exigencia de saldo m\u00ednimos.<\/p>\n<p class=\"has-text-align-justify\">&#8211; Las consultas de saldos ser\u00e1n gratuitas e ilimitadas.<\/p>\n<p class=\"has-text-align-justify\">&#8211; El m\u00ednimo de extracciones sin costo ser\u00e1 de 5 operaciones.<\/p>\n<p>Si bien la reglamentaci\u00f3n estipula el cronograma en el cual los empleados podr\u00e1n elegir la instituci\u00f3n de cobro queda a\u00fan por ver la forma en la que el empleador instrumentar\u00e1 estas m\u00faltiples formas de pago.<\/p>\n<p><!-- AddThis Advanced Settings generic via filter on the_content --><!-- AddThis Share Buttons generic via filter on the_content --><\/p>\n","protected":false},"excerpt":{"rendered":"<p>El pasado 8 de setiembre el Banco Central del Uruguay emiti\u00f3 la Circular N\u00b0 2.198 la cual reglamenta la actividad de las Instituciones Emisoras de Dinero Electr\u00f3nico. \u00bfQu\u00e9 es el [&hellip;]<\/p>\n","protected":false},"featured_media":11375,"template":"","meta":{"_acf_changed":false,"footnotes":""},"new-category":[],"class_list":["post-11374","new","type-new","status-publish","has-post-thumbnail","hentry"],"acf":[],"yoast_head":"<!-- This site is optimized with the Yoast SEO plugin v27.4 - https:\/\/yoast.com\/product\/yoast-seo-wordpress\/ -->\n<title>193- INCLUSI\u00d3N FINANCIERA: TIEMPO DE REGLAMENTACI\u00d3N - Auren Uruguay<\/title>\n<meta name=\"robots\" content=\"index, follow, max-snippet:-1, max-image-preview:large, max-video-preview:-1\" \/>\n<link rel=\"canonical\" href=\"https:\/\/auren.com\/uy\/noticias\/193-inclusion-financiera-tiempo-de-reglamentacion\/\" \/>\n<meta property=\"og:locale\" content=\"es_ES\" \/>\n<meta property=\"og:type\" content=\"article\" \/>\n<meta property=\"og:title\" content=\"193- INCLUSI\u00d3N FINANCIERA: TIEMPO DE REGLAMENTACI\u00d3N - Auren Uruguay\" \/>\n<meta property=\"og:description\" content=\"El pasado 8 de setiembre el Banco Central del Uruguay emiti\u00f3 la Circular N\u00b0 2.198 la cual reglamenta la actividad de las Instituciones Emisoras de Dinero Electr\u00f3nico. \u00bfQu\u00e9 es el [&hellip;]\" \/>\n<meta property=\"og:url\" content=\"https:\/\/auren.com\/uy\/noticias\/193-inclusion-financiera-tiempo-de-reglamentacion\/\" \/>\n<meta property=\"og:site_name\" content=\"Auren Uruguay\" \/>\n<meta property=\"article:publisher\" content=\"https:\/\/www.facebook.com\/aurenuruguay\" \/>\n<meta property=\"og:image\" content=\"https:\/\/auren.com\/uy\/wp-content\/uploads\/2014\/10\/PRORROGA-PARA-EL-PAGO-DE-IMPUESTOS-A-LA-DGI-min-scaled-1.jpg\" \/>\n\t<meta property=\"og:image:width\" content=\"2560\" \/>\n\t<meta property=\"og:image:height\" content=\"1707\" \/>\n\t<meta property=\"og:image:type\" content=\"image\/jpeg\" \/>\n<meta name=\"twitter:card\" content=\"summary_large_image\" \/>\n<meta name=\"twitter:site\" content=\"@AurenUruguay\" \/>\n<meta name=\"twitter:label1\" content=\"Tiempo de lectura\" \/>\n\t<meta name=\"twitter:data1\" content=\"3 minutos\" \/>\n<script type=\"application\/ld+json\" class=\"yoast-schema-graph\">{\"@context\":\"https:\\\/\\\/schema.org\",\"@graph\":[{\"@type\":\"WebPage\",\"@id\":\"https:\\\/\\\/auren.com\\\/uy\\\/noticias\\\/193-inclusion-financiera-tiempo-de-reglamentacion\\\/\",\"url\":\"https:\\\/\\\/auren.com\\\/uy\\\/noticias\\\/193-inclusion-financiera-tiempo-de-reglamentacion\\\/\",\"name\":\"193- INCLUSI\u00d3N FINANCIERA: TIEMPO DE REGLAMENTACI\u00d3N - Auren Uruguay\",\"isPartOf\":{\"@id\":\"https:\\\/\\\/auren.com\\\/uy\\\/#website\"},\"primaryImageOfPage\":{\"@id\":\"https:\\\/\\\/auren.com\\\/uy\\\/noticias\\\/193-inclusion-financiera-tiempo-de-reglamentacion\\\/#primaryimage\"},\"image\":{\"@id\":\"https:\\\/\\\/auren.com\\\/uy\\\/noticias\\\/193-inclusion-financiera-tiempo-de-reglamentacion\\\/#primaryimage\"},\"thumbnailUrl\":\"https:\\\/\\\/auren.com\\\/uy\\\/wp-content\\\/uploads\\\/2014\\\/10\\\/PRORROGA-PARA-EL-PAGO-DE-IMPUESTOS-A-LA-DGI-min-scaled-1.jpg\",\"datePublished\":\"2014-10-06T08:40:00+00:00\",\"breadcrumb\":{\"@id\":\"https:\\\/\\\/auren.com\\\/uy\\\/noticias\\\/193-inclusion-financiera-tiempo-de-reglamentacion\\\/#breadcrumb\"},\"inLanguage\":\"es\",\"potentialAction\":[{\"@type\":\"ReadAction\",\"target\":[\"https:\\\/\\\/auren.com\\\/uy\\\/noticias\\\/193-inclusion-financiera-tiempo-de-reglamentacion\\\/\"]}]},{\"@type\":\"ImageObject\",\"inLanguage\":\"es\",\"@id\":\"https:\\\/\\\/auren.com\\\/uy\\\/noticias\\\/193-inclusion-financiera-tiempo-de-reglamentacion\\\/#primaryimage\",\"url\":\"https:\\\/\\\/auren.com\\\/uy\\\/wp-content\\\/uploads\\\/2014\\\/10\\\/PRORROGA-PARA-EL-PAGO-DE-IMPUESTOS-A-LA-DGI-min-scaled-1.jpg\",\"contentUrl\":\"https:\\\/\\\/auren.com\\\/uy\\\/wp-content\\\/uploads\\\/2014\\\/10\\\/PRORROGA-PARA-EL-PAGO-DE-IMPUESTOS-A-LA-DGI-min-scaled-1.jpg\",\"width\":2560,\"height\":1707},{\"@type\":\"BreadcrumbList\",\"@id\":\"https:\\\/\\\/auren.com\\\/uy\\\/noticias\\\/193-inclusion-financiera-tiempo-de-reglamentacion\\\/#breadcrumb\",\"itemListElement\":[{\"@type\":\"ListItem\",\"position\":1,\"name\":\"Portada\",\"item\":\"https:\\\/\\\/auren.com\\\/uy\\\/\"},{\"@type\":\"ListItem\",\"position\":2,\"name\":\"193- INCLUSI\u00d3N FINANCIERA: TIEMPO DE REGLAMENTACI\u00d3N\"}]},{\"@type\":\"WebSite\",\"@id\":\"https:\\\/\\\/auren.com\\\/uy\\\/#website\",\"url\":\"https:\\\/\\\/auren.com\\\/uy\\\/\",\"name\":\"Auren Uruguay\",\"description\":\"\",\"publisher\":{\"@id\":\"https:\\\/\\\/auren.com\\\/uy\\\/#organization\"},\"potentialAction\":[{\"@type\":\"SearchAction\",\"target\":{\"@type\":\"EntryPoint\",\"urlTemplate\":\"https:\\\/\\\/auren.com\\\/uy\\\/?s={search_term_string}\"},\"query-input\":{\"@type\":\"PropertyValueSpecification\",\"valueRequired\":true,\"valueName\":\"search_term_string\"}}],\"inLanguage\":\"es\"},{\"@type\":\"Organization\",\"@id\":\"https:\\\/\\\/auren.com\\\/uy\\\/#organization\",\"name\":\"Auren Uruguay\",\"url\":\"https:\\\/\\\/auren.com\\\/uy\\\/\",\"logo\":{\"@type\":\"ImageObject\",\"inLanguage\":\"es\",\"@id\":\"https:\\\/\\\/auren.com\\\/uy\\\/#\\\/schema\\\/logo\\\/image\\\/\",\"url\":\"https:\\\/\\\/auren.com\\\/uy\\\/wp-content\\\/uploads\\\/2025\\\/01\\\/cropped-cropped-favicon-Auren.png\",\"contentUrl\":\"https:\\\/\\\/auren.com\\\/uy\\\/wp-content\\\/uploads\\\/2025\\\/01\\\/cropped-cropped-favicon-Auren.png\",\"width\":512,\"height\":512,\"caption\":\"Auren Uruguay\"},\"image\":{\"@id\":\"https:\\\/\\\/auren.com\\\/uy\\\/#\\\/schema\\\/logo\\\/image\\\/\"},\"sameAs\":[\"https:\\\/\\\/www.facebook.com\\\/aurenuruguay\",\"https:\\\/\\\/x.com\\\/AurenUruguay\",\"https:\\\/\\\/www.linkedin.com\\\/company\\\/auren-uruguay\",\"https:\\\/\\\/www.youtube.com\\\/channel\\\/UClkpSYFfsAuqdTaVF5whedQ\",\"https:\\\/\\\/www.instagram.com\\\/aurenuruguay\\\/\"]}]}<\/script>\n<!-- \/ Yoast SEO plugin. -->","yoast_head_json":{"title":"193- INCLUSI\u00d3N FINANCIERA: TIEMPO DE REGLAMENTACI\u00d3N - Auren Uruguay","robots":{"index":"index","follow":"follow","max-snippet":"max-snippet:-1","max-image-preview":"max-image-preview:large","max-video-preview":"max-video-preview:-1"},"canonical":"https:\/\/auren.com\/uy\/noticias\/193-inclusion-financiera-tiempo-de-reglamentacion\/","og_locale":"es_ES","og_type":"article","og_title":"193- INCLUSI\u00d3N FINANCIERA: TIEMPO DE REGLAMENTACI\u00d3N - Auren Uruguay","og_description":"El pasado 8 de setiembre el Banco Central del Uruguay emiti\u00f3 la Circular N\u00b0 2.198 la cual reglamenta la actividad de las Instituciones Emisoras de Dinero Electr\u00f3nico. \u00bfQu\u00e9 es el [&hellip;]","og_url":"https:\/\/auren.com\/uy\/noticias\/193-inclusion-financiera-tiempo-de-reglamentacion\/","og_site_name":"Auren Uruguay","article_publisher":"https:\/\/www.facebook.com\/aurenuruguay","og_image":[{"width":2560,"height":1707,"url":"https:\/\/auren.com\/uy\/wp-content\/uploads\/2014\/10\/PRORROGA-PARA-EL-PAGO-DE-IMPUESTOS-A-LA-DGI-min-scaled-1.jpg","type":"image\/jpeg"}],"twitter_card":"summary_large_image","twitter_site":"@AurenUruguay","twitter_misc":{"Tiempo de lectura":"3 minutos"},"schema":{"@context":"https:\/\/schema.org","@graph":[{"@type":"WebPage","@id":"https:\/\/auren.com\/uy\/noticias\/193-inclusion-financiera-tiempo-de-reglamentacion\/","url":"https:\/\/auren.com\/uy\/noticias\/193-inclusion-financiera-tiempo-de-reglamentacion\/","name":"193- INCLUSI\u00d3N FINANCIERA: TIEMPO DE REGLAMENTACI\u00d3N - Auren Uruguay","isPartOf":{"@id":"https:\/\/auren.com\/uy\/#website"},"primaryImageOfPage":{"@id":"https:\/\/auren.com\/uy\/noticias\/193-inclusion-financiera-tiempo-de-reglamentacion\/#primaryimage"},"image":{"@id":"https:\/\/auren.com\/uy\/noticias\/193-inclusion-financiera-tiempo-de-reglamentacion\/#primaryimage"},"thumbnailUrl":"https:\/\/auren.com\/uy\/wp-content\/uploads\/2014\/10\/PRORROGA-PARA-EL-PAGO-DE-IMPUESTOS-A-LA-DGI-min-scaled-1.jpg","datePublished":"2014-10-06T08:40:00+00:00","breadcrumb":{"@id":"https:\/\/auren.com\/uy\/noticias\/193-inclusion-financiera-tiempo-de-reglamentacion\/#breadcrumb"},"inLanguage":"es","potentialAction":[{"@type":"ReadAction","target":["https:\/\/auren.com\/uy\/noticias\/193-inclusion-financiera-tiempo-de-reglamentacion\/"]}]},{"@type":"ImageObject","inLanguage":"es","@id":"https:\/\/auren.com\/uy\/noticias\/193-inclusion-financiera-tiempo-de-reglamentacion\/#primaryimage","url":"https:\/\/auren.com\/uy\/wp-content\/uploads\/2014\/10\/PRORROGA-PARA-EL-PAGO-DE-IMPUESTOS-A-LA-DGI-min-scaled-1.jpg","contentUrl":"https:\/\/auren.com\/uy\/wp-content\/uploads\/2014\/10\/PRORROGA-PARA-EL-PAGO-DE-IMPUESTOS-A-LA-DGI-min-scaled-1.jpg","width":2560,"height":1707},{"@type":"BreadcrumbList","@id":"https:\/\/auren.com\/uy\/noticias\/193-inclusion-financiera-tiempo-de-reglamentacion\/#breadcrumb","itemListElement":[{"@type":"ListItem","position":1,"name":"Portada","item":"https:\/\/auren.com\/uy\/"},{"@type":"ListItem","position":2,"name":"193- INCLUSI\u00d3N FINANCIERA: TIEMPO DE REGLAMENTACI\u00d3N"}]},{"@type":"WebSite","@id":"https:\/\/auren.com\/uy\/#website","url":"https:\/\/auren.com\/uy\/","name":"Auren Uruguay","description":"","publisher":{"@id":"https:\/\/auren.com\/uy\/#organization"},"potentialAction":[{"@type":"SearchAction","target":{"@type":"EntryPoint","urlTemplate":"https:\/\/auren.com\/uy\/?s={search_term_string}"},"query-input":{"@type":"PropertyValueSpecification","valueRequired":true,"valueName":"search_term_string"}}],"inLanguage":"es"},{"@type":"Organization","@id":"https:\/\/auren.com\/uy\/#organization","name":"Auren Uruguay","url":"https:\/\/auren.com\/uy\/","logo":{"@type":"ImageObject","inLanguage":"es","@id":"https:\/\/auren.com\/uy\/#\/schema\/logo\/image\/","url":"https:\/\/auren.com\/uy\/wp-content\/uploads\/2025\/01\/cropped-cropped-favicon-Auren.png","contentUrl":"https:\/\/auren.com\/uy\/wp-content\/uploads\/2025\/01\/cropped-cropped-favicon-Auren.png","width":512,"height":512,"caption":"Auren Uruguay"},"image":{"@id":"https:\/\/auren.com\/uy\/#\/schema\/logo\/image\/"},"sameAs":["https:\/\/www.facebook.com\/aurenuruguay","https:\/\/x.com\/AurenUruguay","https:\/\/www.linkedin.com\/company\/auren-uruguay","https:\/\/www.youtube.com\/channel\/UClkpSYFfsAuqdTaVF5whedQ","https:\/\/www.instagram.com\/aurenuruguay\/"]}]}},"_links":{"self":[{"href":"https:\/\/auren.com\/uy\/wp-json\/wp\/v2\/new\/11374","targetHints":{"allow":["GET"]}}],"collection":[{"href":"https:\/\/auren.com\/uy\/wp-json\/wp\/v2\/new"}],"about":[{"href":"https:\/\/auren.com\/uy\/wp-json\/wp\/v2\/types\/new"}],"version-history":[{"count":0,"href":"https:\/\/auren.com\/uy\/wp-json\/wp\/v2\/new\/11374\/revisions"}],"wp:featuredmedia":[{"embeddable":true,"href":"https:\/\/auren.com\/uy\/wp-json\/wp\/v2\/media\/11375"}],"wp:attachment":[{"href":"https:\/\/auren.com\/uy\/wp-json\/wp\/v2\/media?parent=11374"}],"wp:term":[{"taxonomy":"new-category","embeddable":true,"href":"https:\/\/auren.com\/uy\/wp-json\/wp\/v2\/new-category?post=11374"}],"curies":[{"name":"wp","href":"https:\/\/api.w.org\/{rel}","templated":true}]}}