{"id":11380,"date":"2014-09-26T11:21:25","date_gmt":"2014-09-26T09:21:25","guid":{"rendered":"https:\/\/auren.com\/uy\/new\/191-ley-de-inclusion-financiera-programa-de-ahorro-joven\/"},"modified":"2014-09-26T11:21:25","modified_gmt":"2014-09-26T09:21:25","slug":"191-ley-de-inclusion-financiera-programa-de-ahorro-joven","status":"publish","type":"new","link":"https:\/\/auren.com\/uy\/noticias\/191-ley-de-inclusion-financiera-programa-de-ahorro-joven\/","title":{"rendered":"191- LEY DE INCLUSION FINANCIERA: PROGRAMA DE AHORRO JOVEN"},"content":{"rendered":"<p class=\"has-text-align-justify\">En esta entrega comentaremos otro aspecto considerado en la nueva Ley N\u00ba 19.210 de Inclusi\u00f3n Financiera, promulgada el pasado 29\/4 y publicada en el Diario Oficial el 9\/5).<\/p>\n<p class=\"has-text-align-justify\">El art\u00edculo 47 de dicha ley crea el Programa de Ahorro Joven para Vivienda que tiene por objeto promover el ahorro de los j\u00f3venes con el fin de facilitarles el acceso a una soluci\u00f3n de vivienda. <\/p>\n<p class=\"has-text-align-justify\">El programa prev\u00e9 que todo trabajador formal (inscripto en la seguridad social que corresponda ya sea como dependiente o como trabajador que preste servicios fuera de relaci\u00f3n de dependencia), de entre 18 y 29 a\u00f1os, pueda abrir una cuenta de ahorro para vivienda, en cualquier instituci\u00f3n financiera adherida, y acceder a un subsidio en efectivo que puede llegar a ser hasta el 30% del monto ahorrado si se cumplen determinadas condiciones.<\/p>\n<p class=\"has-text-align-justify has-vivid-red-color has-text-color\" style=\"font-size:25px\"><strong>\u00bfQu\u00e9 condiciones se deben cumplir para acceder al beneficio?<\/strong><\/p>\n<p class=\"has-text-align-justify\">La primera condici\u00f3n es haber realizado dep\u00f3sitos al menos de dieciocho meses, consecutivos o no, por un monto m\u00ednimo de 500 UI (aproximadamente $ 1.450) cada uno. <\/p>\n<p class=\"has-text-align-justify\">La segunda condici\u00f3n es no haber registrado retiros desde la fecha de apertura de la cuenta o desde la adhesi\u00f3n al programa en caso de vincular una cuenta de ahorro preexistente.<\/p>\n<p class=\"has-text-align-justify\">La tercera condici\u00f3n es que los montos ahorrados se destinen a: <\/p>\n<p class=\"has-text-align-justify\">\u2022 Compraventa de un inmueble con destino a vivienda. <\/p>\n<p class=\"has-text-align-justify\">\u2022 Arrendamiento de inmuebles con destino a vivienda. <\/p>\n<p class=\"has-text-align-justify\">\u2022 Acceder a alguno de los programas del El Ministerio de Vivienda, Ordenamiento Territorial y Medio Ambiente (MVTOMA) o la Agencian Nacional de Vivienda (ANV).<\/p>\n<p class=\"has-text-align-justify has-vivid-red-color has-text-color\" style=\"font-size:25px\"><strong>\u00bfEn qu\u00e9 consiste el beneficio y c\u00f3mo funciona? <\/strong><\/p>\n<p class=\"has-text-align-justify\">El beneficio econ\u00f3mico que se podr\u00e1 solicitar consistir\u00e1 en un aporte de dinero equivalente al 30% del saldo final ahorrado, con un tope mensual de 750 UI (aproximadamente $ 2.200). <\/p>\n<p class=\"has-text-align-justify\">El plazo previsto para el ahorro del programa es de cuatro a\u00f1os, sin embargo, se puede hacer uso del dinero en forma anticipada siempre y cuando se hayan cumplido con los dieciocho meses de aportes previos. <\/p>\n<p class=\"has-text-align-justify\">A modo de ejemplo, si el ahorro mensual asciende a $ 10.000, considerando el tope antes mencionado, el subsidio mensual m\u00e1ximo al que se podr\u00e1 acceder ser\u00e1 de $ 660 ($ 2.200*30%) no recibiendo subsidio por el ahorro que supere dicho tope. <\/p>\n<p class=\"has-text-align-justify\">Considerando el plazo m\u00e1ximo previsto por la Ley el tope de subsidio puede llegar a $ 31.680 por 48 meses de ahorro.<\/p>\n<p class=\"has-text-align-justify\">El Ministerio de Econom\u00eda y Finanzas (MEF) prev\u00e9 que no se adhieran m\u00e1s de 50.000 j\u00f3venes, siendo el costo total estimado destinado al programa de unos US$ 30 millones. <\/p>\n<p class=\"has-text-align-justify\">Por los valores manejados el programa est\u00e1 destinado a incentivar el ahorro de trabajadores con ingresos medios y bajos, facilitando su acceso a contratos de alquileres formales y\/o programas del MVOTMA o de la ANV, no as\u00ed en lo que respecta a la compraventa de inmuebles. <\/p>\n<p class=\"has-text-align-justify\">Considerando los valores actuales del mercado inmobiliario, requisitos de garant\u00edas, honorarios de intermediarios, etc; el subsidio no se presenta como una ayuda significativa, sin embargo, puede favorecer en lo respecta a la formalizaci\u00f3n y regulaci\u00f3n de trabajadores j\u00f3venes y alquileres irregulares.<\/p>\n<p><!-- AddThis Advanced Settings generic via filter on the_content --><!-- AddThis Share Buttons generic via filter on the_content --><\/p>\n","protected":false},"excerpt":{"rendered":"<p>En esta entrega comentaremos otro aspecto considerado en la nueva Ley N\u00ba 19.210 de Inclusi\u00f3n Financiera, promulgada el pasado 29\/4 y publicada en el Diario Oficial el 9\/5). El art\u00edculo [&hellip;]<\/p>\n","protected":false},"featured_media":11381,"template":"","meta":{"_acf_changed":false,"footnotes":""},"new-category":[],"class_list":["post-11380","new","type-new","status-publish","has-post-thumbnail","hentry"],"acf":[],"yoast_head":"<!-- This site is optimized with the Yoast SEO plugin v27.4 - https:\/\/yoast.com\/product\/yoast-seo-wordpress\/ -->\n<title>191- LEY DE INCLUSION FINANCIERA: PROGRAMA DE AHORRO JOVEN - Auren Uruguay<\/title>\n<meta name=\"robots\" content=\"index, follow, max-snippet:-1, max-image-preview:large, max-video-preview:-1\" \/>\n<link rel=\"canonical\" href=\"https:\/\/auren.com\/uy\/noticias\/191-ley-de-inclusion-financiera-programa-de-ahorro-joven\/\" \/>\n<meta property=\"og:locale\" content=\"es_ES\" \/>\n<meta property=\"og:type\" content=\"article\" \/>\n<meta property=\"og:title\" content=\"191- LEY DE INCLUSION FINANCIERA: PROGRAMA DE AHORRO JOVEN - Auren Uruguay\" \/>\n<meta property=\"og:description\" content=\"En esta entrega comentaremos otro aspecto considerado en la nueva Ley N\u00ba 19.210 de Inclusi\u00f3n Financiera, promulgada el pasado 29\/4 y publicada en el Diario Oficial el 9\/5). El art\u00edculo [&hellip;]\" \/>\n<meta property=\"og:url\" content=\"https:\/\/auren.com\/uy\/noticias\/191-ley-de-inclusion-financiera-programa-de-ahorro-joven\/\" \/>\n<meta property=\"og:site_name\" content=\"Auren Uruguay\" \/>\n<meta property=\"article:publisher\" content=\"https:\/\/www.facebook.com\/aurenuruguay\" \/>\n<meta property=\"og:image\" content=\"https:\/\/auren.com\/uy\/wp-content\/uploads\/2014\/09\/shutterstock_73386106-scaled-1.jpg\" \/>\n\t<meta property=\"og:image:width\" content=\"2560\" \/>\n\t<meta property=\"og:image:height\" content=\"1294\" \/>\n\t<meta property=\"og:image:type\" content=\"image\/jpeg\" \/>\n<meta name=\"twitter:card\" content=\"summary_large_image\" \/>\n<meta name=\"twitter:site\" content=\"@AurenUruguay\" \/>\n<meta name=\"twitter:label1\" content=\"Tiempo de lectura\" \/>\n\t<meta name=\"twitter:data1\" content=\"3 minutos\" \/>\n<script type=\"application\/ld+json\" class=\"yoast-schema-graph\">{\"@context\":\"https:\\\/\\\/schema.org\",\"@graph\":[{\"@type\":\"WebPage\",\"@id\":\"https:\\\/\\\/auren.com\\\/uy\\\/noticias\\\/191-ley-de-inclusion-financiera-programa-de-ahorro-joven\\\/\",\"url\":\"https:\\\/\\\/auren.com\\\/uy\\\/noticias\\\/191-ley-de-inclusion-financiera-programa-de-ahorro-joven\\\/\",\"name\":\"191- LEY DE INCLUSION FINANCIERA: PROGRAMA DE AHORRO JOVEN - Auren Uruguay\",\"isPartOf\":{\"@id\":\"https:\\\/\\\/auren.com\\\/uy\\\/#website\"},\"primaryImageOfPage\":{\"@id\":\"https:\\\/\\\/auren.com\\\/uy\\\/noticias\\\/191-ley-de-inclusion-financiera-programa-de-ahorro-joven\\\/#primaryimage\"},\"image\":{\"@id\":\"https:\\\/\\\/auren.com\\\/uy\\\/noticias\\\/191-ley-de-inclusion-financiera-programa-de-ahorro-joven\\\/#primaryimage\"},\"thumbnailUrl\":\"https:\\\/\\\/auren.com\\\/uy\\\/wp-content\\\/uploads\\\/2014\\\/09\\\/shutterstock_73386106-scaled-1.jpg\",\"datePublished\":\"2014-09-26T09:21:25+00:00\",\"breadcrumb\":{\"@id\":\"https:\\\/\\\/auren.com\\\/uy\\\/noticias\\\/191-ley-de-inclusion-financiera-programa-de-ahorro-joven\\\/#breadcrumb\"},\"inLanguage\":\"es\",\"potentialAction\":[{\"@type\":\"ReadAction\",\"target\":[\"https:\\\/\\\/auren.com\\\/uy\\\/noticias\\\/191-ley-de-inclusion-financiera-programa-de-ahorro-joven\\\/\"]}]},{\"@type\":\"ImageObject\",\"inLanguage\":\"es\",\"@id\":\"https:\\\/\\\/auren.com\\\/uy\\\/noticias\\\/191-ley-de-inclusion-financiera-programa-de-ahorro-joven\\\/#primaryimage\",\"url\":\"https:\\\/\\\/auren.com\\\/uy\\\/wp-content\\\/uploads\\\/2014\\\/09\\\/shutterstock_73386106-scaled-1.jpg\",\"contentUrl\":\"https:\\\/\\\/auren.com\\\/uy\\\/wp-content\\\/uploads\\\/2014\\\/09\\\/shutterstock_73386106-scaled-1.jpg\",\"width\":2560,\"height\":1294},{\"@type\":\"BreadcrumbList\",\"@id\":\"https:\\\/\\\/auren.com\\\/uy\\\/noticias\\\/191-ley-de-inclusion-financiera-programa-de-ahorro-joven\\\/#breadcrumb\",\"itemListElement\":[{\"@type\":\"ListItem\",\"position\":1,\"name\":\"Portada\",\"item\":\"https:\\\/\\\/auren.com\\\/uy\\\/\"},{\"@type\":\"ListItem\",\"position\":2,\"name\":\"191- LEY DE INCLUSION FINANCIERA: PROGRAMA DE AHORRO JOVEN\"}]},{\"@type\":\"WebSite\",\"@id\":\"https:\\\/\\\/auren.com\\\/uy\\\/#website\",\"url\":\"https:\\\/\\\/auren.com\\\/uy\\\/\",\"name\":\"Auren Uruguay\",\"description\":\"\",\"publisher\":{\"@id\":\"https:\\\/\\\/auren.com\\\/uy\\\/#organization\"},\"potentialAction\":[{\"@type\":\"SearchAction\",\"target\":{\"@type\":\"EntryPoint\",\"urlTemplate\":\"https:\\\/\\\/auren.com\\\/uy\\\/?s={search_term_string}\"},\"query-input\":{\"@type\":\"PropertyValueSpecification\",\"valueRequired\":true,\"valueName\":\"search_term_string\"}}],\"inLanguage\":\"es\"},{\"@type\":\"Organization\",\"@id\":\"https:\\\/\\\/auren.com\\\/uy\\\/#organization\",\"name\":\"Auren Uruguay\",\"url\":\"https:\\\/\\\/auren.com\\\/uy\\\/\",\"logo\":{\"@type\":\"ImageObject\",\"inLanguage\":\"es\",\"@id\":\"https:\\\/\\\/auren.com\\\/uy\\\/#\\\/schema\\\/logo\\\/image\\\/\",\"url\":\"https:\\\/\\\/auren.com\\\/uy\\\/wp-content\\\/uploads\\\/2025\\\/01\\\/cropped-cropped-favicon-Auren.png\",\"contentUrl\":\"https:\\\/\\\/auren.com\\\/uy\\\/wp-content\\\/uploads\\\/2025\\\/01\\\/cropped-cropped-favicon-Auren.png\",\"width\":512,\"height\":512,\"caption\":\"Auren Uruguay\"},\"image\":{\"@id\":\"https:\\\/\\\/auren.com\\\/uy\\\/#\\\/schema\\\/logo\\\/image\\\/\"},\"sameAs\":[\"https:\\\/\\\/www.facebook.com\\\/aurenuruguay\",\"https:\\\/\\\/x.com\\\/AurenUruguay\",\"https:\\\/\\\/www.linkedin.com\\\/company\\\/auren-uruguay\",\"https:\\\/\\\/www.youtube.com\\\/channel\\\/UClkpSYFfsAuqdTaVF5whedQ\",\"https:\\\/\\\/www.instagram.com\\\/aurenuruguay\\\/\"]}]}<\/script>\n<!-- \/ Yoast SEO plugin. -->","yoast_head_json":{"title":"191- LEY DE INCLUSION FINANCIERA: PROGRAMA DE AHORRO JOVEN - Auren Uruguay","robots":{"index":"index","follow":"follow","max-snippet":"max-snippet:-1","max-image-preview":"max-image-preview:large","max-video-preview":"max-video-preview:-1"},"canonical":"https:\/\/auren.com\/uy\/noticias\/191-ley-de-inclusion-financiera-programa-de-ahorro-joven\/","og_locale":"es_ES","og_type":"article","og_title":"191- LEY DE INCLUSION FINANCIERA: PROGRAMA DE AHORRO JOVEN - Auren Uruguay","og_description":"En esta entrega comentaremos otro aspecto considerado en la nueva Ley N\u00ba 19.210 de Inclusi\u00f3n Financiera, promulgada el pasado 29\/4 y publicada en el Diario Oficial el 9\/5). El art\u00edculo [&hellip;]","og_url":"https:\/\/auren.com\/uy\/noticias\/191-ley-de-inclusion-financiera-programa-de-ahorro-joven\/","og_site_name":"Auren Uruguay","article_publisher":"https:\/\/www.facebook.com\/aurenuruguay","og_image":[{"width":2560,"height":1294,"url":"https:\/\/auren.com\/uy\/wp-content\/uploads\/2014\/09\/shutterstock_73386106-scaled-1.jpg","type":"image\/jpeg"}],"twitter_card":"summary_large_image","twitter_site":"@AurenUruguay","twitter_misc":{"Tiempo de lectura":"3 minutos"},"schema":{"@context":"https:\/\/schema.org","@graph":[{"@type":"WebPage","@id":"https:\/\/auren.com\/uy\/noticias\/191-ley-de-inclusion-financiera-programa-de-ahorro-joven\/","url":"https:\/\/auren.com\/uy\/noticias\/191-ley-de-inclusion-financiera-programa-de-ahorro-joven\/","name":"191- LEY DE INCLUSION FINANCIERA: PROGRAMA DE AHORRO JOVEN - Auren Uruguay","isPartOf":{"@id":"https:\/\/auren.com\/uy\/#website"},"primaryImageOfPage":{"@id":"https:\/\/auren.com\/uy\/noticias\/191-ley-de-inclusion-financiera-programa-de-ahorro-joven\/#primaryimage"},"image":{"@id":"https:\/\/auren.com\/uy\/noticias\/191-ley-de-inclusion-financiera-programa-de-ahorro-joven\/#primaryimage"},"thumbnailUrl":"https:\/\/auren.com\/uy\/wp-content\/uploads\/2014\/09\/shutterstock_73386106-scaled-1.jpg","datePublished":"2014-09-26T09:21:25+00:00","breadcrumb":{"@id":"https:\/\/auren.com\/uy\/noticias\/191-ley-de-inclusion-financiera-programa-de-ahorro-joven\/#breadcrumb"},"inLanguage":"es","potentialAction":[{"@type":"ReadAction","target":["https:\/\/auren.com\/uy\/noticias\/191-ley-de-inclusion-financiera-programa-de-ahorro-joven\/"]}]},{"@type":"ImageObject","inLanguage":"es","@id":"https:\/\/auren.com\/uy\/noticias\/191-ley-de-inclusion-financiera-programa-de-ahorro-joven\/#primaryimage","url":"https:\/\/auren.com\/uy\/wp-content\/uploads\/2014\/09\/shutterstock_73386106-scaled-1.jpg","contentUrl":"https:\/\/auren.com\/uy\/wp-content\/uploads\/2014\/09\/shutterstock_73386106-scaled-1.jpg","width":2560,"height":1294},{"@type":"BreadcrumbList","@id":"https:\/\/auren.com\/uy\/noticias\/191-ley-de-inclusion-financiera-programa-de-ahorro-joven\/#breadcrumb","itemListElement":[{"@type":"ListItem","position":1,"name":"Portada","item":"https:\/\/auren.com\/uy\/"},{"@type":"ListItem","position":2,"name":"191- LEY DE INCLUSION FINANCIERA: PROGRAMA DE AHORRO JOVEN"}]},{"@type":"WebSite","@id":"https:\/\/auren.com\/uy\/#website","url":"https:\/\/auren.com\/uy\/","name":"Auren Uruguay","description":"","publisher":{"@id":"https:\/\/auren.com\/uy\/#organization"},"potentialAction":[{"@type":"SearchAction","target":{"@type":"EntryPoint","urlTemplate":"https:\/\/auren.com\/uy\/?s={search_term_string}"},"query-input":{"@type":"PropertyValueSpecification","valueRequired":true,"valueName":"search_term_string"}}],"inLanguage":"es"},{"@type":"Organization","@id":"https:\/\/auren.com\/uy\/#organization","name":"Auren Uruguay","url":"https:\/\/auren.com\/uy\/","logo":{"@type":"ImageObject","inLanguage":"es","@id":"https:\/\/auren.com\/uy\/#\/schema\/logo\/image\/","url":"https:\/\/auren.com\/uy\/wp-content\/uploads\/2025\/01\/cropped-cropped-favicon-Auren.png","contentUrl":"https:\/\/auren.com\/uy\/wp-content\/uploads\/2025\/01\/cropped-cropped-favicon-Auren.png","width":512,"height":512,"caption":"Auren Uruguay"},"image":{"@id":"https:\/\/auren.com\/uy\/#\/schema\/logo\/image\/"},"sameAs":["https:\/\/www.facebook.com\/aurenuruguay","https:\/\/x.com\/AurenUruguay","https:\/\/www.linkedin.com\/company\/auren-uruguay","https:\/\/www.youtube.com\/channel\/UClkpSYFfsAuqdTaVF5whedQ","https:\/\/www.instagram.com\/aurenuruguay\/"]}]}},"_links":{"self":[{"href":"https:\/\/auren.com\/uy\/wp-json\/wp\/v2\/new\/11380","targetHints":{"allow":["GET"]}}],"collection":[{"href":"https:\/\/auren.com\/uy\/wp-json\/wp\/v2\/new"}],"about":[{"href":"https:\/\/auren.com\/uy\/wp-json\/wp\/v2\/types\/new"}],"version-history":[{"count":0,"href":"https:\/\/auren.com\/uy\/wp-json\/wp\/v2\/new\/11380\/revisions"}],"wp:featuredmedia":[{"embeddable":true,"href":"https:\/\/auren.com\/uy\/wp-json\/wp\/v2\/media\/11381"}],"wp:attachment":[{"href":"https:\/\/auren.com\/uy\/wp-json\/wp\/v2\/media?parent=11380"}],"wp:term":[{"taxonomy":"new-category","embeddable":true,"href":"https:\/\/auren.com\/uy\/wp-json\/wp\/v2\/new-category?post=11380"}],"curies":[{"name":"wp","href":"https:\/\/api.w.org\/{rel}","templated":true}]}}