{"id":11395,"date":"2014-08-22T11:53:56","date_gmt":"2014-08-22T09:53:56","guid":{"rendered":"https:\/\/auren.com\/uy\/new\/186-los-arrendamientos-de-inmuebles-en-la-nueva-ley-de-inclusion-financiera\/"},"modified":"2014-08-22T11:53:56","modified_gmt":"2014-08-22T09:53:56","slug":"186-los-arrendamientos-de-inmuebles-en-la-nueva-ley-de-inclusion-financiera","status":"publish","type":"new","link":"https:\/\/auren.com\/uy\/noticias\/186-los-arrendamientos-de-inmuebles-en-la-nueva-ley-de-inclusion-financiera\/","title":{"rendered":"186- LOS ARRENDAMIENTOS DE INMUEBLES EN LA NUEVA LEY DE INCLUSION FINANCIERA"},"content":{"rendered":"<p class=\"has-text-align-justify\">Como coment\u00e1ramos en anteriores entregas, el pasado 29\/4 se promulg\u00f3 la <strong>Ley N\u00ba 19.210<\/strong>, la cual fue publicada en el Diario Oficial el pasado 9\/5.<\/p>\n<p class=\"has-text-align-justify\">Si bien la ley es muy amplia y hay varias disposiciones que no se encuentran reglamentadas, la relativa a la forma mediante la cual deben comenzar a abonarse los arrendamientos, subarrendamientos y cr\u00e9ditos de uso de inmuebles(en adelante\u201c<em>arrendamientos<\/em>\u201d) comenzar\u00e1 a <strong>regir en breve<\/strong>, por lo que m\u00e1s all\u00e1 de las disposiciones particulares que pueda establecer la reglamentaci\u00f3n, entendemos oportuno hacer menci\u00f3n a los aspectos m\u00e1s importantes a tener en cuenta, as\u00ed como a las posibles sanciones en caso de incumplimiento.<\/p>\n<p class=\"has-text-align-justify has-vivid-red-color has-text-color\" style=\"font-size:25px\"><strong>FORMA DE PAGO<\/strong><\/p>\n<p class=\"has-text-align-justify\">El <strong>art\u00edculo 39<\/strong> dispone que a partir del <strong>primer d\u00eda del mes siguiente a los 180 d\u00edas a contar desde la vigencia de la Ley<\/strong>, los pagos en dinero por concepto de arrendamientos de inmuebles deben efectuarse mediante acreditaci\u00f3n en cuenta abierta en una Instituci\u00f3n de Intermediaci\u00f3n Financiera (IIF) a nombre del arrendador, siempre que los mismos <strong>superen las 40 BPC<\/strong> en el a\u00f1o civil o su equivalente mensual (aproximadamente $ 9.400 mensuales).<\/p>\n<p class=\"has-text-align-justify\">Si bien desde el punto de vista jur\u00eddico puede existir m\u00e1s de una interpretaci\u00f3n en lo que respecta a la entrada en vigencia de la Ley (es decir si corresponde comenzar a computar los plazos a partir de la fecha de su promulgaci\u00f3n o a los 10 d\u00edas desde su publicaci\u00f3n), adoptando un criterio <strong>conservador<\/strong>, es decir contando los plazos desde la fecha de su promulgaci\u00f3n, a partir del pr\u00f3ximo <strong>1\u00ba\/11\/2014<\/strong> comenzar\u00e1 a regir la nueva disposici\u00f3n (una interpretaci\u00f3n menos conservadora fijar\u00eda este plazo en el<strong> 1\u00ba\/12\/2014<\/strong>).<\/p>\n<p class=\"has-text-align-justify has-vivid-red-color has-text-color\" style=\"font-size:25px\"><strong>NUEVOS CONTRATOS<\/strong><\/p>\n<p class=\"has-text-align-justify\">Adem\u00e1s de lo anterior, la Ley establece una formalidad que deber\u00e1n cumplir los contratos que se firmen a partir de la entrada en vigencia, y es que en los mismos deber\u00e1 identificarse en forma obligatoria la cuenta en la cual se depositar\u00e1n los fondos.<\/p>\n<p class=\"has-text-align-justify has-vivid-red-color has-text-color\" style=\"font-size:25px\"><strong>CONTRATOS EN CURSO<\/strong><\/p>\n<p class=\"has-text-align-justify\">Si bien estos contratos no deber\u00e1n modificarse, la parte arrendadora, subarrendadora u otorgante del cr\u00e9dito (en adelante \u201c<em>arrendadora<\/em>\u201d), deber\u00e1 comunicar en <strong>forma fehaciente<\/strong> al deudor, dentro del t\u00e9rmino de <strong>120 d\u00edas<\/strong> a contar desde la vigencia de la Ley, la cuenta en la cual deber\u00e1n acreditarse los referidos pagos. Es de esperar que la reglamentaci\u00f3n aclare el concepto de \u201c<em>fehaciente<\/em>\u201d \u2013la cual deber\u00eda ser publicada en los pr\u00f3ximos d\u00edas-.<\/p>\n<p class=\"has-text-align-justify\">Tal como comentamos en el punto anterior, si bien puede existir otra interpretaci\u00f3n, lo m\u00e1s prudente ser\u00eda efectuar dicha comunicaci\u00f3n antes del pr\u00f3ximo <strong>26\/8 <\/strong>(una interpretaci\u00f3n menos conservadora fijar\u00eda este plazo en el<strong> 15\/9<\/strong>).<\/p>\n<p class=\"has-text-align-justify has-vivid-red-color has-text-color\" style=\"font-size:25px\"><strong>SANCIONES<\/strong><\/p>\n<p class=\"has-text-align-justify\">Las sanciones previstas en caso de <strong>incumplimiento<\/strong> de alguna de las disposiciones anteriores son:<\/p>\n<p class=\"has-text-align-justify\">&#8211; Se proh\u00edbe a toda entidad <strong>conceder garant\u00edas<\/strong>.<\/p>\n<p class=\"has-text-align-justify\">&#8211; No se podr\u00e1 deducir los montos pagados por estos conceptos a efectos de las liquidaciones de <strong>IRAE e IRPF<\/strong>.<\/p>\n<p class=\"has-text-align-justify\">&#8211; El arrendador que acepte un pago por un medio diverso a la acreditaci\u00f3n en cuenta, o que incumpla con alguna de las formalidades ya mencionadas, deber\u00e1 pagar a la Administraci\u00f3n Tributaria una <strong>multa equivalente a 3 veces el precio mensual <\/strong>pactado en el contrato.<\/p>\n<p class=\"has-text-align-justify\">&#8211; No se dar\u00e1 curso a ninguna <strong>acci\u00f3n judicial<\/strong> hasta tanto se presente el comprobante de pago de la correspondiente multa.<\/p>\n<p class=\"has-text-align-justify has-vivid-red-color has-text-color\" style=\"font-size:25px\"><strong>OBLIGACIONES DE LAS IIF<\/strong><\/p>\n<p class=\"has-text-align-justify\">Las IIF deber\u00e1n permitir a sus clientes la identificaci\u00f3n de los referidos pagos, as\u00ed como tambi\u00e9n suministrar a la DGI, en los plazos y condiciones que \u00e9sta determine la informaci\u00f3n correspondiente a los mismos.<\/p>\n<p class=\"has-text-align-justify has-vivid-red-color has-text-color\" style=\"font-size:25px\"><strong>INTERMEDIARIOS<\/strong><\/p>\n<p class=\"has-text-align-justify\">En caso que un administrador (en los t\u00e9rminos que determinar\u00e1 la reglamentaci\u00f3n), participe en la contrataci\u00f3n y realice cobros por cuenta y orden del arrendador, se permite que la acreditaci\u00f3n pueda realizarse en su cuenta, siendo responsable solidario en caso de incumplimiento.<\/p>\n<p class=\"has-text-align-justify has-vivid-red-color has-text-color\" style=\"font-size:25px\"><strong>SUMA<\/strong><\/p>\n<p class=\"has-text-align-justify\">M\u00e1s all\u00e1 del plazo a partir del cual ser\u00e1 obligatorio el pago mediante la acreditaci\u00f3n en cuenta (lo cual seguramente se aclarar\u00e1 en el correr de los pr\u00f3ximos meses; es decir si es a partir del 1\u00ba\/11 \u00f3 del 1\u00ba\/12), para los contratos en curso la comunicaci\u00f3n fehaciente deber\u00e1 efectuarse en los pr\u00f3ximos d\u00edas (26\/8 \u00f3 15\/9), por lo que en cualquier caso es necesario comenzar desde ahora con su implementaci\u00f3n.<\/p>\n<p><!-- AddThis Advanced Settings generic via filter on the_content --><!-- AddThis Share Buttons generic via filter on the_content --><\/p>\n","protected":false},"excerpt":{"rendered":"<p>Como coment\u00e1ramos en anteriores entregas, el pasado 29\/4 se promulg\u00f3 la Ley N\u00ba 19.210, la cual fue publicada en el Diario Oficial el pasado 9\/5. Si bien la ley es [&hellip;]<\/p>\n","protected":false},"featured_media":11396,"template":"","meta":{"_acf_changed":false,"footnotes":""},"new-category":[],"class_list":["post-11395","new","type-new","status-publish","has-post-thumbnail","hentry"],"acf":[],"yoast_head":"<!-- This site is optimized with the Yoast SEO plugin v27.4 - https:\/\/yoast.com\/product\/yoast-seo-wordpress\/ -->\n<title>186- LOS ARRENDAMIENTOS DE INMUEBLES EN LA NUEVA LEY DE INCLUSION FINANCIERA - Auren Uruguay<\/title>\n<meta name=\"robots\" content=\"index, follow, max-snippet:-1, max-image-preview:large, max-video-preview:-1\" \/>\n<link rel=\"canonical\" href=\"https:\/\/auren.com\/uy\/noticias\/186-los-arrendamientos-de-inmuebles-en-la-nueva-ley-de-inclusion-financiera\/\" \/>\n<meta property=\"og:locale\" content=\"es_ES\" \/>\n<meta property=\"og:type\" content=\"article\" \/>\n<meta property=\"og:title\" content=\"186- LOS ARRENDAMIENTOS DE INMUEBLES EN LA NUEVA LEY DE INCLUSION FINANCIERA - Auren Uruguay\" \/>\n<meta property=\"og:description\" content=\"Como coment\u00e1ramos en anteriores entregas, el pasado 29\/4 se promulg\u00f3 la Ley N\u00ba 19.210, la cual fue publicada en el Diario Oficial el pasado 9\/5. Si bien la ley es [&hellip;]\" \/>\n<meta property=\"og:url\" content=\"https:\/\/auren.com\/uy\/noticias\/186-los-arrendamientos-de-inmuebles-en-la-nueva-ley-de-inclusion-financiera\/\" \/>\n<meta property=\"og:site_name\" content=\"Auren Uruguay\" \/>\n<meta property=\"article:publisher\" content=\"https:\/\/www.facebook.com\/aurenuruguay\" \/>\n<meta property=\"og:image\" content=\"https:\/\/auren.com\/uy\/wp-content\/uploads\/2014\/08\/shutterstock_95596672.jpg\" \/>\n\t<meta property=\"og:image:width\" content=\"1400\" \/>\n\t<meta property=\"og:image:height\" content=\"933\" \/>\n\t<meta property=\"og:image:type\" content=\"image\/jpeg\" \/>\n<meta name=\"twitter:card\" content=\"summary_large_image\" \/>\n<meta name=\"twitter:site\" content=\"@AurenUruguay\" \/>\n<meta name=\"twitter:label1\" content=\"Tiempo de lectura\" \/>\n\t<meta name=\"twitter:data1\" content=\"4 minutos\" \/>\n<script type=\"application\/ld+json\" class=\"yoast-schema-graph\">{\"@context\":\"https:\\\/\\\/schema.org\",\"@graph\":[{\"@type\":\"WebPage\",\"@id\":\"https:\\\/\\\/auren.com\\\/uy\\\/noticias\\\/186-los-arrendamientos-de-inmuebles-en-la-nueva-ley-de-inclusion-financiera\\\/\",\"url\":\"https:\\\/\\\/auren.com\\\/uy\\\/noticias\\\/186-los-arrendamientos-de-inmuebles-en-la-nueva-ley-de-inclusion-financiera\\\/\",\"name\":\"186- LOS ARRENDAMIENTOS DE INMUEBLES EN LA NUEVA LEY DE INCLUSION FINANCIERA - Auren Uruguay\",\"isPartOf\":{\"@id\":\"https:\\\/\\\/auren.com\\\/uy\\\/#website\"},\"primaryImageOfPage\":{\"@id\":\"https:\\\/\\\/auren.com\\\/uy\\\/noticias\\\/186-los-arrendamientos-de-inmuebles-en-la-nueva-ley-de-inclusion-financiera\\\/#primaryimage\"},\"image\":{\"@id\":\"https:\\\/\\\/auren.com\\\/uy\\\/noticias\\\/186-los-arrendamientos-de-inmuebles-en-la-nueva-ley-de-inclusion-financiera\\\/#primaryimage\"},\"thumbnailUrl\":\"https:\\\/\\\/auren.com\\\/uy\\\/wp-content\\\/uploads\\\/2014\\\/08\\\/shutterstock_95596672.jpg\",\"datePublished\":\"2014-08-22T09:53:56+00:00\",\"breadcrumb\":{\"@id\":\"https:\\\/\\\/auren.com\\\/uy\\\/noticias\\\/186-los-arrendamientos-de-inmuebles-en-la-nueva-ley-de-inclusion-financiera\\\/#breadcrumb\"},\"inLanguage\":\"es\",\"potentialAction\":[{\"@type\":\"ReadAction\",\"target\":[\"https:\\\/\\\/auren.com\\\/uy\\\/noticias\\\/186-los-arrendamientos-de-inmuebles-en-la-nueva-ley-de-inclusion-financiera\\\/\"]}]},{\"@type\":\"ImageObject\",\"inLanguage\":\"es\",\"@id\":\"https:\\\/\\\/auren.com\\\/uy\\\/noticias\\\/186-los-arrendamientos-de-inmuebles-en-la-nueva-ley-de-inclusion-financiera\\\/#primaryimage\",\"url\":\"https:\\\/\\\/auren.com\\\/uy\\\/wp-content\\\/uploads\\\/2014\\\/08\\\/shutterstock_95596672.jpg\",\"contentUrl\":\"https:\\\/\\\/auren.com\\\/uy\\\/wp-content\\\/uploads\\\/2014\\\/08\\\/shutterstock_95596672.jpg\",\"width\":1400,\"height\":933},{\"@type\":\"BreadcrumbList\",\"@id\":\"https:\\\/\\\/auren.com\\\/uy\\\/noticias\\\/186-los-arrendamientos-de-inmuebles-en-la-nueva-ley-de-inclusion-financiera\\\/#breadcrumb\",\"itemListElement\":[{\"@type\":\"ListItem\",\"position\":1,\"name\":\"Portada\",\"item\":\"https:\\\/\\\/auren.com\\\/uy\\\/\"},{\"@type\":\"ListItem\",\"position\":2,\"name\":\"186- LOS ARRENDAMIENTOS DE INMUEBLES EN LA NUEVA LEY DE INCLUSION FINANCIERA\"}]},{\"@type\":\"WebSite\",\"@id\":\"https:\\\/\\\/auren.com\\\/uy\\\/#website\",\"url\":\"https:\\\/\\\/auren.com\\\/uy\\\/\",\"name\":\"Auren Uruguay\",\"description\":\"\",\"publisher\":{\"@id\":\"https:\\\/\\\/auren.com\\\/uy\\\/#organization\"},\"potentialAction\":[{\"@type\":\"SearchAction\",\"target\":{\"@type\":\"EntryPoint\",\"urlTemplate\":\"https:\\\/\\\/auren.com\\\/uy\\\/?s={search_term_string}\"},\"query-input\":{\"@type\":\"PropertyValueSpecification\",\"valueRequired\":true,\"valueName\":\"search_term_string\"}}],\"inLanguage\":\"es\"},{\"@type\":\"Organization\",\"@id\":\"https:\\\/\\\/auren.com\\\/uy\\\/#organization\",\"name\":\"Auren Uruguay\",\"url\":\"https:\\\/\\\/auren.com\\\/uy\\\/\",\"logo\":{\"@type\":\"ImageObject\",\"inLanguage\":\"es\",\"@id\":\"https:\\\/\\\/auren.com\\\/uy\\\/#\\\/schema\\\/logo\\\/image\\\/\",\"url\":\"https:\\\/\\\/auren.com\\\/uy\\\/wp-content\\\/uploads\\\/2025\\\/01\\\/cropped-cropped-favicon-Auren.png\",\"contentUrl\":\"https:\\\/\\\/auren.com\\\/uy\\\/wp-content\\\/uploads\\\/2025\\\/01\\\/cropped-cropped-favicon-Auren.png\",\"width\":512,\"height\":512,\"caption\":\"Auren Uruguay\"},\"image\":{\"@id\":\"https:\\\/\\\/auren.com\\\/uy\\\/#\\\/schema\\\/logo\\\/image\\\/\"},\"sameAs\":[\"https:\\\/\\\/www.facebook.com\\\/aurenuruguay\",\"https:\\\/\\\/x.com\\\/AurenUruguay\",\"https:\\\/\\\/www.linkedin.com\\\/company\\\/auren-uruguay\",\"https:\\\/\\\/www.youtube.com\\\/channel\\\/UClkpSYFfsAuqdTaVF5whedQ\",\"https:\\\/\\\/www.instagram.com\\\/aurenuruguay\\\/\"]}]}<\/script>\n<!-- \/ Yoast SEO plugin. -->","yoast_head_json":{"title":"186- LOS ARRENDAMIENTOS DE INMUEBLES EN LA NUEVA LEY DE INCLUSION FINANCIERA - Auren Uruguay","robots":{"index":"index","follow":"follow","max-snippet":"max-snippet:-1","max-image-preview":"max-image-preview:large","max-video-preview":"max-video-preview:-1"},"canonical":"https:\/\/auren.com\/uy\/noticias\/186-los-arrendamientos-de-inmuebles-en-la-nueva-ley-de-inclusion-financiera\/","og_locale":"es_ES","og_type":"article","og_title":"186- LOS ARRENDAMIENTOS DE INMUEBLES EN LA NUEVA LEY DE INCLUSION FINANCIERA - Auren Uruguay","og_description":"Como coment\u00e1ramos en anteriores entregas, el pasado 29\/4 se promulg\u00f3 la Ley N\u00ba 19.210, la cual fue publicada en el Diario Oficial el pasado 9\/5. Si bien la ley es [&hellip;]","og_url":"https:\/\/auren.com\/uy\/noticias\/186-los-arrendamientos-de-inmuebles-en-la-nueva-ley-de-inclusion-financiera\/","og_site_name":"Auren Uruguay","article_publisher":"https:\/\/www.facebook.com\/aurenuruguay","og_image":[{"width":1400,"height":933,"url":"https:\/\/auren.com\/uy\/wp-content\/uploads\/2014\/08\/shutterstock_95596672.jpg","type":"image\/jpeg"}],"twitter_card":"summary_large_image","twitter_site":"@AurenUruguay","twitter_misc":{"Tiempo de lectura":"4 minutos"},"schema":{"@context":"https:\/\/schema.org","@graph":[{"@type":"WebPage","@id":"https:\/\/auren.com\/uy\/noticias\/186-los-arrendamientos-de-inmuebles-en-la-nueva-ley-de-inclusion-financiera\/","url":"https:\/\/auren.com\/uy\/noticias\/186-los-arrendamientos-de-inmuebles-en-la-nueva-ley-de-inclusion-financiera\/","name":"186- LOS ARRENDAMIENTOS DE INMUEBLES EN LA NUEVA LEY DE INCLUSION FINANCIERA - Auren Uruguay","isPartOf":{"@id":"https:\/\/auren.com\/uy\/#website"},"primaryImageOfPage":{"@id":"https:\/\/auren.com\/uy\/noticias\/186-los-arrendamientos-de-inmuebles-en-la-nueva-ley-de-inclusion-financiera\/#primaryimage"},"image":{"@id":"https:\/\/auren.com\/uy\/noticias\/186-los-arrendamientos-de-inmuebles-en-la-nueva-ley-de-inclusion-financiera\/#primaryimage"},"thumbnailUrl":"https:\/\/auren.com\/uy\/wp-content\/uploads\/2014\/08\/shutterstock_95596672.jpg","datePublished":"2014-08-22T09:53:56+00:00","breadcrumb":{"@id":"https:\/\/auren.com\/uy\/noticias\/186-los-arrendamientos-de-inmuebles-en-la-nueva-ley-de-inclusion-financiera\/#breadcrumb"},"inLanguage":"es","potentialAction":[{"@type":"ReadAction","target":["https:\/\/auren.com\/uy\/noticias\/186-los-arrendamientos-de-inmuebles-en-la-nueva-ley-de-inclusion-financiera\/"]}]},{"@type":"ImageObject","inLanguage":"es","@id":"https:\/\/auren.com\/uy\/noticias\/186-los-arrendamientos-de-inmuebles-en-la-nueva-ley-de-inclusion-financiera\/#primaryimage","url":"https:\/\/auren.com\/uy\/wp-content\/uploads\/2014\/08\/shutterstock_95596672.jpg","contentUrl":"https:\/\/auren.com\/uy\/wp-content\/uploads\/2014\/08\/shutterstock_95596672.jpg","width":1400,"height":933},{"@type":"BreadcrumbList","@id":"https:\/\/auren.com\/uy\/noticias\/186-los-arrendamientos-de-inmuebles-en-la-nueva-ley-de-inclusion-financiera\/#breadcrumb","itemListElement":[{"@type":"ListItem","position":1,"name":"Portada","item":"https:\/\/auren.com\/uy\/"},{"@type":"ListItem","position":2,"name":"186- LOS ARRENDAMIENTOS DE INMUEBLES EN LA NUEVA LEY DE INCLUSION FINANCIERA"}]},{"@type":"WebSite","@id":"https:\/\/auren.com\/uy\/#website","url":"https:\/\/auren.com\/uy\/","name":"Auren Uruguay","description":"","publisher":{"@id":"https:\/\/auren.com\/uy\/#organization"},"potentialAction":[{"@type":"SearchAction","target":{"@type":"EntryPoint","urlTemplate":"https:\/\/auren.com\/uy\/?s={search_term_string}"},"query-input":{"@type":"PropertyValueSpecification","valueRequired":true,"valueName":"search_term_string"}}],"inLanguage":"es"},{"@type":"Organization","@id":"https:\/\/auren.com\/uy\/#organization","name":"Auren Uruguay","url":"https:\/\/auren.com\/uy\/","logo":{"@type":"ImageObject","inLanguage":"es","@id":"https:\/\/auren.com\/uy\/#\/schema\/logo\/image\/","url":"https:\/\/auren.com\/uy\/wp-content\/uploads\/2025\/01\/cropped-cropped-favicon-Auren.png","contentUrl":"https:\/\/auren.com\/uy\/wp-content\/uploads\/2025\/01\/cropped-cropped-favicon-Auren.png","width":512,"height":512,"caption":"Auren Uruguay"},"image":{"@id":"https:\/\/auren.com\/uy\/#\/schema\/logo\/image\/"},"sameAs":["https:\/\/www.facebook.com\/aurenuruguay","https:\/\/x.com\/AurenUruguay","https:\/\/www.linkedin.com\/company\/auren-uruguay","https:\/\/www.youtube.com\/channel\/UClkpSYFfsAuqdTaVF5whedQ","https:\/\/www.instagram.com\/aurenuruguay\/"]}]}},"_links":{"self":[{"href":"https:\/\/auren.com\/uy\/wp-json\/wp\/v2\/new\/11395","targetHints":{"allow":["GET"]}}],"collection":[{"href":"https:\/\/auren.com\/uy\/wp-json\/wp\/v2\/new"}],"about":[{"href":"https:\/\/auren.com\/uy\/wp-json\/wp\/v2\/types\/new"}],"version-history":[{"count":0,"href":"https:\/\/auren.com\/uy\/wp-json\/wp\/v2\/new\/11395\/revisions"}],"wp:featuredmedia":[{"embeddable":true,"href":"https:\/\/auren.com\/uy\/wp-json\/wp\/v2\/media\/11396"}],"wp:attachment":[{"href":"https:\/\/auren.com\/uy\/wp-json\/wp\/v2\/media?parent=11395"}],"wp:term":[{"taxonomy":"new-category","embeddable":true,"href":"https:\/\/auren.com\/uy\/wp-json\/wp\/v2\/new-category?post=11395"}],"curies":[{"name":"wp","href":"https:\/\/api.w.org\/{rel}","templated":true}]}}