{"id":11401,"date":"2014-08-08T12:13:37","date_gmt":"2014-08-08T10:13:37","guid":{"rendered":"https:\/\/auren.com\/uy\/new\/184-definicion-y-modificacion-de-la-fecha-de-balance-de-una-empresa\/"},"modified":"2014-08-08T12:13:37","modified_gmt":"2014-08-08T10:13:37","slug":"184-definicion-y-modificacion-de-la-fecha-de-balance-de-una-empresa","status":"publish","type":"new","link":"https:\/\/auren.com\/uy\/noticias\/184-definicion-y-modificacion-de-la-fecha-de-balance-de-una-empresa\/","title":{"rendered":"184- DEFINICI\u00d3N Y MODIFICACI\u00d3N DE LA FECHA DE BALANCE DE UNA EMPRESA"},"content":{"rendered":"<p class=\"has-text-align-justify\">Modificar la fecha de balance de una empresa es, de todos y por lejos, el m\u00e1s sencillo de los tr\u00e1mites: presentar un papelito en DGI y listo.<\/p>\n<p class=\"has-text-align-justify\">Pero claro, desde que no es posible tener ejercicios de m\u00e1s de 12 meses, el tr\u00e1mite deber ser efectuado <strong><u>ANTES<\/u><\/strong> del cierre de ejercicio. Si se presenta un d\u00eda despu\u00e9s, tan s\u00f3lo un d\u00eda despu\u00e9s, verdaderamente hay que esperar un a\u00f1o m\u00e1s para el cambio.<\/p>\n<p class=\"has-text-align-justify\">Es cierto que algunos giros cuentan con cierres de ejercicios obligatorios: frigor\u00edficos (30\/9); mutualistas (30\/9); agropecuarios (30\/6); etc. Pero por lo dem\u00e1s, es posible elegir voluntariamente la fecha de cierre de ejercicio de acuerdo con la mejor conveniencia del contribuyente.<\/p>\n<p class=\"has-text-align-justify\">En realidad hay otro caso que tiene una fecha de balance preceptiva y no es por giro y es el de las <strong>empresas unipersonales<\/strong>. Vaya uno a saber por qu\u00e9, pero las unipersonales deben cerrar al 31\/12. A nuestro entender deber\u00eda flexibilizarse esto, permiti\u00e9ndoles cerrar en cualquiera otra fecha (de hecho, por razones de administraci\u00f3n tributaria, lo deseable ser\u00eda m\u00e1s bien lo contrario, esto es, que tuvieran prohibido cerrar al 31\/12).<\/p>\n<p class=\"has-text-align-justify has-vivid-red-color has-text-color\" style=\"font-size:25px\"><strong>\u00bfC\u00f3mo se cambia la fecha de balance? Ejercicios partidos<\/strong><\/p>\n<p class=\"has-text-align-justify\">Simplemente presentando una solicitud que <strong>no<\/strong> debe ir acompa\u00f1ada de ning\u00fan tipo de explicaci\u00f3n acerca de los motivos subyacentes en el pedido, <strong>antes<\/strong> del cierre de ejercicio (bueno, en realidad siempre se presentar\u00e1 antes de alg\u00fan cierre de ejercicio).<\/p>\n<p class=\"has-text-align-justify\">A modo de ejemplo una empresa que tiene por cierre 31\/8. Por la fecha en la que estamos, cerrar\u00e1 obligatoriamente al 31\/8\/2014.<\/p>\n<p class=\"has-text-align-justify\">Si quisiera cambiar la fecha, tiene que presentar el bendito papelito <strong><u>ANTES del pr\u00f3ximo 31\/8<\/u><\/strong>. Si as\u00ed lo hiciera (optando por cerrar el 31\/7 por ejemplo), entonces cerrar\u00e1 <strong>31\/8\/2014<\/strong> y luego <strong>31\/7\/2015<\/strong> (o sea que tendr\u00e1 un ejercicio de 11 meses).<\/p>\n<p class=\"has-text-align-justify\">Naturalmente que los ejercicios partidos tienen consecuencias fiscales diversas. Entre otros, efectos en el c\u00f3mputo de las <em>P\u00e9rdidas Fiscales de Ejercicios Anteriores<\/em> y <em>Proyectos de Inversi\u00f3n<\/em>. El an\u00e1lisis de estos temas excede del presente pero volveremos sobre cada uno de estos particulares.<\/p>\n<p class=\"has-text-align-justify has-vivid-red-color has-text-color\" style=\"font-size:25px\"><strong>Factores que influyen en la elecci\u00f3n de la fecha de cierre de ejercicio<\/strong><\/p>\n<p class=\"has-text-align-justify\">Las empresas que pueden hacerlo deber\u00edan cerrar sus ejercicios econ\u00f3micos en el mes del a\u00f1o calendario que m\u00e1s le convenga.<\/p>\n<p class=\"has-text-align-justify\">Deben tenerse en cuenta diversos elementos. Por ejemplo ser\u00eda conveniente cerrar en el mes del a\u00f1o en que se tuviera menos actividad, donde el stock estuviera en el m\u00ednimo de modo que la toma de inventario tuviera los menores elementos a recontar.<\/p>\n<p class=\"has-text-align-justify\">Tambi\u00e9n es importante considerar que para cerrar el ejercicio es necesario hacer una serie de actividades que implican alg\u00fan tipo de trabajo adicional. Y entonces ser\u00eda bueno contar con toda la gente, que la misma no estuviera de vacaciones, etc.<\/p>\n<p class=\"has-text-align-justify\">En fin, las empresas tienen muy en claro cu\u00e1ndo es el \u201c<em>pico para abajo<\/em>\u201d de actividad. Ah\u00ed mismo deber\u00eda ser el cierre.<\/p>\n<p class=\"has-text-align-justify\">Lo que sucede es que no siempre este an\u00e1lisis es realizado y entonces cierran cuando cierran \u201c<em>porque ha sido siempre as\u00ed<\/em>\u201d (por m\u00e1s que no sea lo m\u00e1s beneficioso); nadie se ha detenido a hacer un an\u00e1lisis exhaustivo del tema; por inercia.<\/p>\n<p class=\"has-text-align-justify has-vivid-red-color has-text-color\" style=\"font-size:25px\"><strong>El tema del Impuesto al Patrimonio (IP) y la adecuada elecci\u00f3n de la fecha de cierre: an\u00e1lisis de un caso particular.<\/strong><\/p>\n<p class=\"has-text-align-justify\">En el IP los pasivos con bancos locales son deducibles por el promedio en el ejercicio. Esto hace que, considerados 12 meses m\u00f3viles cualesquiera sean estos (es decir, cierre cuando cierre la empresa), el promedio ser\u00e1 el mismo.<\/p>\n<p class=\"has-text-align-justify\">Si la empresa cuenta con cierta zafralidad que hace que su pasivo bancario sea fluctuante a lo largo de esos 12 meses (en alg\u00fan momento muy alto, en otros muy bajo; es decir, con picos), pues bien, es conveniente elegir una fecha de balance en la que el saldo contable con los bancos est\u00e9 por el piso. En efecto, de todos modos habr\u00e1 de computarse el promedio y de este modo tendremos una disminuci\u00f3n planificada del IP.<\/p>\n<p class=\"has-text-align-justify\">La norma del promedio se cre\u00f3 con el prop\u00f3sito de evitar que los contribuyentes tomaran pasivo bancario sobre el cierre del ejercicio. Pues bien, por el contrario ahora en vez de tomarlo conviene cancelarlo sobre el cierre. Este efecto es el mismo que el de la elecci\u00f3n de una adecuada fecha de cierre de ejercicio.<\/p>\n<p><!-- AddThis Advanced Settings generic via filter on the_content --><!-- AddThis Share Buttons generic via filter on the_content --><\/p>\n","protected":false},"excerpt":{"rendered":"<p>Modificar la fecha de balance de una empresa es, de todos y por lejos, el m\u00e1s sencillo de los tr\u00e1mites: presentar un papelito en DGI y listo. Pero claro, desde [&hellip;]<\/p>\n","protected":false},"featured_media":11402,"template":"","meta":{"_acf_changed":false,"footnotes":""},"new-category":[],"class_list":["post-11401","new","type-new","status-publish","has-post-thumbnail","hentry"],"acf":[],"yoast_head":"<!-- This site is optimized with the Yoast SEO plugin v27.4 - https:\/\/yoast.com\/product\/yoast-seo-wordpress\/ -->\n<title>184- DEFINICI\u00d3N Y MODIFICACI\u00d3N DE LA FECHA DE BALANCE DE UNA EMPRESA - Auren Uruguay<\/title>\n<meta name=\"robots\" content=\"index, follow, max-snippet:-1, max-image-preview:large, max-video-preview:-1\" \/>\n<link rel=\"canonical\" href=\"https:\/\/auren.com\/uy\/noticias\/184-definicion-y-modificacion-de-la-fecha-de-balance-de-una-empresa\/\" \/>\n<meta property=\"og:locale\" content=\"es_ES\" \/>\n<meta property=\"og:type\" content=\"article\" \/>\n<meta property=\"og:title\" content=\"184- DEFINICI\u00d3N Y MODIFICACI\u00d3N DE LA FECHA DE BALANCE DE UNA EMPRESA - Auren Uruguay\" \/>\n<meta property=\"og:description\" content=\"Modificar la fecha de balance de una empresa es, de todos y por lejos, el m\u00e1s sencillo de los tr\u00e1mites: presentar un papelito en DGI y listo. Pero claro, desde [&hellip;]\" \/>\n<meta property=\"og:url\" content=\"https:\/\/auren.com\/uy\/noticias\/184-definicion-y-modificacion-de-la-fecha-de-balance-de-una-empresa\/\" \/>\n<meta property=\"og:site_name\" content=\"Auren Uruguay\" \/>\n<meta property=\"article:publisher\" content=\"https:\/\/www.facebook.com\/aurenuruguay\" \/>\n<meta property=\"og:image\" content=\"https:\/\/auren.com\/uy\/wp-content\/uploads\/2014\/08\/beurskoers-glazen-bol.jpg\" \/>\n\t<meta property=\"og:image:width\" content=\"1200\" \/>\n\t<meta property=\"og:image:height\" content=\"800\" \/>\n\t<meta property=\"og:image:type\" content=\"image\/jpeg\" \/>\n<meta name=\"twitter:card\" content=\"summary_large_image\" \/>\n<meta name=\"twitter:site\" content=\"@AurenUruguay\" \/>\n<meta name=\"twitter:label1\" content=\"Tiempo de lectura\" \/>\n\t<meta name=\"twitter:data1\" content=\"4 minutos\" \/>\n<script type=\"application\/ld+json\" class=\"yoast-schema-graph\">{\"@context\":\"https:\\\/\\\/schema.org\",\"@graph\":[{\"@type\":\"WebPage\",\"@id\":\"https:\\\/\\\/auren.com\\\/uy\\\/noticias\\\/184-definicion-y-modificacion-de-la-fecha-de-balance-de-una-empresa\\\/\",\"url\":\"https:\\\/\\\/auren.com\\\/uy\\\/noticias\\\/184-definicion-y-modificacion-de-la-fecha-de-balance-de-una-empresa\\\/\",\"name\":\"184- DEFINICI\u00d3N Y MODIFICACI\u00d3N DE LA FECHA DE BALANCE DE UNA EMPRESA - Auren Uruguay\",\"isPartOf\":{\"@id\":\"https:\\\/\\\/auren.com\\\/uy\\\/#website\"},\"primaryImageOfPage\":{\"@id\":\"https:\\\/\\\/auren.com\\\/uy\\\/noticias\\\/184-definicion-y-modificacion-de-la-fecha-de-balance-de-una-empresa\\\/#primaryimage\"},\"image\":{\"@id\":\"https:\\\/\\\/auren.com\\\/uy\\\/noticias\\\/184-definicion-y-modificacion-de-la-fecha-de-balance-de-una-empresa\\\/#primaryimage\"},\"thumbnailUrl\":\"https:\\\/\\\/auren.com\\\/uy\\\/wp-content\\\/uploads\\\/2014\\\/08\\\/beurskoers-glazen-bol.jpg\",\"datePublished\":\"2014-08-08T10:13:37+00:00\",\"breadcrumb\":{\"@id\":\"https:\\\/\\\/auren.com\\\/uy\\\/noticias\\\/184-definicion-y-modificacion-de-la-fecha-de-balance-de-una-empresa\\\/#breadcrumb\"},\"inLanguage\":\"es\",\"potentialAction\":[{\"@type\":\"ReadAction\",\"target\":[\"https:\\\/\\\/auren.com\\\/uy\\\/noticias\\\/184-definicion-y-modificacion-de-la-fecha-de-balance-de-una-empresa\\\/\"]}]},{\"@type\":\"ImageObject\",\"inLanguage\":\"es\",\"@id\":\"https:\\\/\\\/auren.com\\\/uy\\\/noticias\\\/184-definicion-y-modificacion-de-la-fecha-de-balance-de-una-empresa\\\/#primaryimage\",\"url\":\"https:\\\/\\\/auren.com\\\/uy\\\/wp-content\\\/uploads\\\/2014\\\/08\\\/beurskoers-glazen-bol.jpg\",\"contentUrl\":\"https:\\\/\\\/auren.com\\\/uy\\\/wp-content\\\/uploads\\\/2014\\\/08\\\/beurskoers-glazen-bol.jpg\",\"width\":1200,\"height\":800},{\"@type\":\"BreadcrumbList\",\"@id\":\"https:\\\/\\\/auren.com\\\/uy\\\/noticias\\\/184-definicion-y-modificacion-de-la-fecha-de-balance-de-una-empresa\\\/#breadcrumb\",\"itemListElement\":[{\"@type\":\"ListItem\",\"position\":1,\"name\":\"Portada\",\"item\":\"https:\\\/\\\/auren.com\\\/uy\\\/\"},{\"@type\":\"ListItem\",\"position\":2,\"name\":\"184- DEFINICI\u00d3N Y MODIFICACI\u00d3N DE LA FECHA DE BALANCE DE UNA EMPRESA\"}]},{\"@type\":\"WebSite\",\"@id\":\"https:\\\/\\\/auren.com\\\/uy\\\/#website\",\"url\":\"https:\\\/\\\/auren.com\\\/uy\\\/\",\"name\":\"Auren Uruguay\",\"description\":\"\",\"publisher\":{\"@id\":\"https:\\\/\\\/auren.com\\\/uy\\\/#organization\"},\"potentialAction\":[{\"@type\":\"SearchAction\",\"target\":{\"@type\":\"EntryPoint\",\"urlTemplate\":\"https:\\\/\\\/auren.com\\\/uy\\\/?s={search_term_string}\"},\"query-input\":{\"@type\":\"PropertyValueSpecification\",\"valueRequired\":true,\"valueName\":\"search_term_string\"}}],\"inLanguage\":\"es\"},{\"@type\":\"Organization\",\"@id\":\"https:\\\/\\\/auren.com\\\/uy\\\/#organization\",\"name\":\"Auren Uruguay\",\"url\":\"https:\\\/\\\/auren.com\\\/uy\\\/\",\"logo\":{\"@type\":\"ImageObject\",\"inLanguage\":\"es\",\"@id\":\"https:\\\/\\\/auren.com\\\/uy\\\/#\\\/schema\\\/logo\\\/image\\\/\",\"url\":\"https:\\\/\\\/auren.com\\\/uy\\\/wp-content\\\/uploads\\\/2025\\\/01\\\/cropped-cropped-favicon-Auren.png\",\"contentUrl\":\"https:\\\/\\\/auren.com\\\/uy\\\/wp-content\\\/uploads\\\/2025\\\/01\\\/cropped-cropped-favicon-Auren.png\",\"width\":512,\"height\":512,\"caption\":\"Auren Uruguay\"},\"image\":{\"@id\":\"https:\\\/\\\/auren.com\\\/uy\\\/#\\\/schema\\\/logo\\\/image\\\/\"},\"sameAs\":[\"https:\\\/\\\/www.facebook.com\\\/aurenuruguay\",\"https:\\\/\\\/x.com\\\/AurenUruguay\",\"https:\\\/\\\/www.linkedin.com\\\/company\\\/auren-uruguay\",\"https:\\\/\\\/www.youtube.com\\\/channel\\\/UClkpSYFfsAuqdTaVF5whedQ\",\"https:\\\/\\\/www.instagram.com\\\/aurenuruguay\\\/\"]}]}<\/script>\n<!-- \/ Yoast SEO plugin. -->","yoast_head_json":{"title":"184- DEFINICI\u00d3N Y MODIFICACI\u00d3N DE LA FECHA DE BALANCE DE UNA EMPRESA - Auren Uruguay","robots":{"index":"index","follow":"follow","max-snippet":"max-snippet:-1","max-image-preview":"max-image-preview:large","max-video-preview":"max-video-preview:-1"},"canonical":"https:\/\/auren.com\/uy\/noticias\/184-definicion-y-modificacion-de-la-fecha-de-balance-de-una-empresa\/","og_locale":"es_ES","og_type":"article","og_title":"184- DEFINICI\u00d3N Y MODIFICACI\u00d3N DE LA FECHA DE BALANCE DE UNA EMPRESA - Auren Uruguay","og_description":"Modificar la fecha de balance de una empresa es, de todos y por lejos, el m\u00e1s sencillo de los tr\u00e1mites: presentar un papelito en DGI y listo. Pero claro, desde [&hellip;]","og_url":"https:\/\/auren.com\/uy\/noticias\/184-definicion-y-modificacion-de-la-fecha-de-balance-de-una-empresa\/","og_site_name":"Auren Uruguay","article_publisher":"https:\/\/www.facebook.com\/aurenuruguay","og_image":[{"width":1200,"height":800,"url":"https:\/\/auren.com\/uy\/wp-content\/uploads\/2014\/08\/beurskoers-glazen-bol.jpg","type":"image\/jpeg"}],"twitter_card":"summary_large_image","twitter_site":"@AurenUruguay","twitter_misc":{"Tiempo de lectura":"4 minutos"},"schema":{"@context":"https:\/\/schema.org","@graph":[{"@type":"WebPage","@id":"https:\/\/auren.com\/uy\/noticias\/184-definicion-y-modificacion-de-la-fecha-de-balance-de-una-empresa\/","url":"https:\/\/auren.com\/uy\/noticias\/184-definicion-y-modificacion-de-la-fecha-de-balance-de-una-empresa\/","name":"184- DEFINICI\u00d3N Y MODIFICACI\u00d3N DE LA FECHA DE BALANCE DE UNA EMPRESA - Auren Uruguay","isPartOf":{"@id":"https:\/\/auren.com\/uy\/#website"},"primaryImageOfPage":{"@id":"https:\/\/auren.com\/uy\/noticias\/184-definicion-y-modificacion-de-la-fecha-de-balance-de-una-empresa\/#primaryimage"},"image":{"@id":"https:\/\/auren.com\/uy\/noticias\/184-definicion-y-modificacion-de-la-fecha-de-balance-de-una-empresa\/#primaryimage"},"thumbnailUrl":"https:\/\/auren.com\/uy\/wp-content\/uploads\/2014\/08\/beurskoers-glazen-bol.jpg","datePublished":"2014-08-08T10:13:37+00:00","breadcrumb":{"@id":"https:\/\/auren.com\/uy\/noticias\/184-definicion-y-modificacion-de-la-fecha-de-balance-de-una-empresa\/#breadcrumb"},"inLanguage":"es","potentialAction":[{"@type":"ReadAction","target":["https:\/\/auren.com\/uy\/noticias\/184-definicion-y-modificacion-de-la-fecha-de-balance-de-una-empresa\/"]}]},{"@type":"ImageObject","inLanguage":"es","@id":"https:\/\/auren.com\/uy\/noticias\/184-definicion-y-modificacion-de-la-fecha-de-balance-de-una-empresa\/#primaryimage","url":"https:\/\/auren.com\/uy\/wp-content\/uploads\/2014\/08\/beurskoers-glazen-bol.jpg","contentUrl":"https:\/\/auren.com\/uy\/wp-content\/uploads\/2014\/08\/beurskoers-glazen-bol.jpg","width":1200,"height":800},{"@type":"BreadcrumbList","@id":"https:\/\/auren.com\/uy\/noticias\/184-definicion-y-modificacion-de-la-fecha-de-balance-de-una-empresa\/#breadcrumb","itemListElement":[{"@type":"ListItem","position":1,"name":"Portada","item":"https:\/\/auren.com\/uy\/"},{"@type":"ListItem","position":2,"name":"184- DEFINICI\u00d3N Y MODIFICACI\u00d3N DE LA FECHA DE BALANCE DE UNA EMPRESA"}]},{"@type":"WebSite","@id":"https:\/\/auren.com\/uy\/#website","url":"https:\/\/auren.com\/uy\/","name":"Auren Uruguay","description":"","publisher":{"@id":"https:\/\/auren.com\/uy\/#organization"},"potentialAction":[{"@type":"SearchAction","target":{"@type":"EntryPoint","urlTemplate":"https:\/\/auren.com\/uy\/?s={search_term_string}"},"query-input":{"@type":"PropertyValueSpecification","valueRequired":true,"valueName":"search_term_string"}}],"inLanguage":"es"},{"@type":"Organization","@id":"https:\/\/auren.com\/uy\/#organization","name":"Auren Uruguay","url":"https:\/\/auren.com\/uy\/","logo":{"@type":"ImageObject","inLanguage":"es","@id":"https:\/\/auren.com\/uy\/#\/schema\/logo\/image\/","url":"https:\/\/auren.com\/uy\/wp-content\/uploads\/2025\/01\/cropped-cropped-favicon-Auren.png","contentUrl":"https:\/\/auren.com\/uy\/wp-content\/uploads\/2025\/01\/cropped-cropped-favicon-Auren.png","width":512,"height":512,"caption":"Auren Uruguay"},"image":{"@id":"https:\/\/auren.com\/uy\/#\/schema\/logo\/image\/"},"sameAs":["https:\/\/www.facebook.com\/aurenuruguay","https:\/\/x.com\/AurenUruguay","https:\/\/www.linkedin.com\/company\/auren-uruguay","https:\/\/www.youtube.com\/channel\/UClkpSYFfsAuqdTaVF5whedQ","https:\/\/www.instagram.com\/aurenuruguay\/"]}]}},"_links":{"self":[{"href":"https:\/\/auren.com\/uy\/wp-json\/wp\/v2\/new\/11401","targetHints":{"allow":["GET"]}}],"collection":[{"href":"https:\/\/auren.com\/uy\/wp-json\/wp\/v2\/new"}],"about":[{"href":"https:\/\/auren.com\/uy\/wp-json\/wp\/v2\/types\/new"}],"version-history":[{"count":0,"href":"https:\/\/auren.com\/uy\/wp-json\/wp\/v2\/new\/11401\/revisions"}],"wp:featuredmedia":[{"embeddable":true,"href":"https:\/\/auren.com\/uy\/wp-json\/wp\/v2\/media\/11402"}],"wp:attachment":[{"href":"https:\/\/auren.com\/uy\/wp-json\/wp\/v2\/media?parent=11401"}],"wp:term":[{"taxonomy":"new-category","embeddable":true,"href":"https:\/\/auren.com\/uy\/wp-json\/wp\/v2\/new-category?post=11401"}],"curies":[{"name":"wp","href":"https:\/\/api.w.org\/{rel}","templated":true}]}}