{"id":11404,"date":"2014-08-01T12:20:59","date_gmt":"2014-08-01T10:20:59","guid":{"rendered":"https:\/\/auren.com\/uy\/new\/183-ley-de-inclusion-financiera-reglamentan-rebaja-del-iva\/"},"modified":"2014-08-01T12:20:59","modified_gmt":"2014-08-01T10:20:59","slug":"183-ley-de-inclusion-financiera-reglamentan-rebaja-del-iva","status":"publish","type":"new","link":"https:\/\/auren.com\/uy\/noticias\/183-ley-de-inclusion-financiera-reglamentan-rebaja-del-iva\/","title":{"rendered":"183- LEY DE INCLUSION FINANCIERA: REGLAMENTAN REBAJA DEL IVA"},"content":{"rendered":"<p class=\"has-text-align-justify\">El pasado 25 de julio se public\u00f3 el <strong>Decreto N\u00b0 203\/014,<\/strong> que reglament\u00f3 la <strong>Ley N\u00b0 19.210<\/strong>, donde se establece la reducci\u00f3n del Impuesto al Valor Agregado (I.V.A) en las operaciones de venta de bienes y prestaciones de servicios efectuadas a <strong>consumidores finales<\/strong>, siempre que la contraprestaci\u00f3n se efectu\u00e9 en un \u00fanico pago y mediante la utilizaci\u00f3n de tarjetas d\u00e9bito, d\u00e9bitos autom\u00e1ticos e instrumentos de dinero electr\u00f3nico.<\/p>\n<p class=\"has-text-align-justify has-vivid-red-color has-text-color\" style=\"font-size:25px\"><strong>Principales aspectos<\/strong><\/p>\n<p class=\"has-text-align-justify\">Las operaciones mencionadas anteriormente gozaran de una reducci\u00f3n del 2% de la tasa b\u00e1sica o m\u00ednima seg\u00fan corresponda.<\/p>\n<p class=\"has-text-align-justify\">Cuando se trate de contribuyentes incluidos en el r\u00e9gimen de peque\u00f1a empresa, Monotributo, y Monotributo social MIDES la reducci\u00f3n se determinara aplicando los siguientes porcentajes:<\/p>\n<p class=\"has-text-align-justify\">&#8211; 1,64% sobre el monto total de las operaciones sujetas a tasa b\u00e1sica.<\/p>\n<p class=\"has-text-align-justify\">&#8211; 1,82% sobre el monto total de las operaciones sujetas a tasa m\u00ednima.<\/p>\n<p class=\"has-text-align-justify has-vivid-red-color has-text-color\" style=\"font-size:25px\"><strong>Tarjetas de d\u00e9bito e instrumentos de dinero electr\u00f3nico<\/strong><\/p>\n<p class=\"has-text-align-justify\">Se establece una reducci\u00f3n adicional para las operaciones con tarjetas de d\u00e9bito o instrumentos de dinero electr\u00f3nico, siempre y cuando el importe total de la transacci\u00f3n sea <strong>inferior a UI 4.000<\/strong> (aprox. $ 11.500, cotizaci\u00f3n de UI al primer d\u00eda del mes en que se realicen las operaciones) incluido el IVA. En este caso la reducci\u00f3n adicional asciende al <strong>2%<\/strong> <strong>hasta el 31\/7\/2015<\/strong> y al <strong>1%<\/strong> del <strong>1\u00ba\/8\/2015 hasta el 31\/7\/2016<\/strong>. Es decir que hasta el 31\/7\/2015 si efectuamos una transacci\u00f3n mediante tarjeta de d\u00e9bito el beneficio total asciende a 4% (2% reducci\u00f3n general y 2% reducci\u00f3n adicional).<\/p>\n<p class=\"has-text-align-justify has-vivid-red-color has-text-color\" style=\"font-size:25px\"><strong>Tarjetas de cr\u00e9dito<\/strong><\/p>\n<p class=\"has-text-align-justify\">Por su parte, las operaciones efectuadas mediante tarjetas de cr\u00e9dito, siempre y cuando el importe total de la transacci\u00f3n sea <strong>inferior a<\/strong> <strong>UI 4.000<\/strong> (aprox. $ 11.500) incluido el IVA, gozaran de una reducci\u00f3n de un <strong>2%<\/strong> <strong>hasta el 31\/7\/2015<\/strong> y al <strong>1% <\/strong>del<strong> 1\u00ba\/8\/2015 hasta el 31\/7\/2016<\/strong>.<\/p>\n<p class=\"has-text-align-justify has-vivid-red-color has-text-color\" style=\"font-size:25px\"><strong>R\u00e9gimen de determinaci\u00f3n ficta<\/strong><\/p>\n<p class=\"has-text-align-justify\">Asimismo se prev\u00e9 un r\u00e9gimen ficto transitorio de reducci\u00f3n, vigente <strong>hasta el<\/strong> <strong>31\/7\/2015<\/strong>, en caso de ventas de bienes y servicios efectuadas por:<\/p>\n<p class=\"has-text-align-justify\">&#8211; Contribuyentes que desarrollen actividades \u00a0de farmacia, quioscos, librer\u00edas, papeler\u00edas, y venta de art\u00edculos comestibles.<\/p>\n<p class=\"has-text-align-justify\">&#8211; Peque\u00f1as empresas, Monotributos y Monotributo social MIDES, <strong>siempre que habitualmente<\/strong> enajenen cualquier combinaci\u00f3n de bienes que se encuentren <strong>exentos o gravados<\/strong>\u00a0 por IVA.<\/p>\n<p class=\"has-text-align-justify\">&#8211; Entidades prestadoras de servicios de salud.<\/p>\n<p class=\"has-text-align-justify\">En estos casos la reducci\u00f3n se determina aplicando los siguientes porcentajes al monto de la operaci\u00f3n incluido el impuesto:<\/p>\n<p class=\"has-text-align-justify\">&#8211; 3,28% para las operaciones con <strong>tarjetas de d\u00e9bito<\/strong> o <strong>instrumentos de dinero electr\u00f3nico<\/strong>.<\/p>\n<p class=\"has-text-align-justify\">&#8211; 1,64% para las restantes operaciones.<\/p>\n<p class=\"has-text-align-justify has-vivid-red-color has-text-color\" style=\"font-size:25px\"><strong>Contribuyentes de IVA<\/strong><\/p>\n<p class=\"has-text-align-justify\">Los contribuyentes comprendidos en el r\u00e9gimen general del IVA acceder\u00e1n a un cr\u00e9dito fiscal equivalente a la reducci\u00f3n regulada por el decreto que comentamos, el cual podr\u00e1 ser compensado de las obligaciones tributarias ante DGI, y en caso de surgir un excedente el mismo podr\u00e1 ser devuelto mediante certificados de cr\u00e9dito (DGI o BPS).<\/p>\n<p class=\"has-text-align-justify\">Para poder acceder al cr\u00e9dito fiscal las entidades administradoras de los instrumentos de pago deber\u00e1n comunicar mensualmente la informaci\u00f3n relativa a las operaciones incluidas en el r\u00e9gimen de reducci\u00f3n de IVA, identificando: RUT del contribuyente, numero de comprobante que documenta la operaci\u00f3n, n\u00famero de documento que respalda la contraprestaci\u00f3n, monto total de la operaci\u00f3n y el importe del cr\u00e9dito fiscal. Las reducciones comienzan a regir a partir del <strong>1\u00ba\/8\/2014<\/strong>.<\/p>\n<p><!-- AddThis Advanced Settings generic via filter on the_content --><!-- AddThis Share Buttons generic via filter on the_content --><\/p>\n","protected":false},"excerpt":{"rendered":"<p>El pasado 25 de julio se public\u00f3 el Decreto N\u00b0 203\/014, que reglament\u00f3 la Ley N\u00b0 19.210, donde se establece la reducci\u00f3n del Impuesto al Valor Agregado (I.V.A) en las [&hellip;]<\/p>\n","protected":false},"featured_media":11405,"template":"","meta":{"_acf_changed":false,"footnotes":""},"new-category":[],"class_list":["post-11404","new","type-new","status-publish","has-post-thumbnail","hentry"],"acf":[],"yoast_head":"<!-- This site is optimized with the Yoast SEO plugin v27.4 - https:\/\/yoast.com\/product\/yoast-seo-wordpress\/ -->\n<title>183- LEY DE INCLUSION FINANCIERA: REGLAMENTAN REBAJA DEL IVA - Auren Uruguay<\/title>\n<meta name=\"robots\" content=\"index, follow, max-snippet:-1, max-image-preview:large, max-video-preview:-1\" \/>\n<link rel=\"canonical\" href=\"https:\/\/auren.com\/uy\/noticias\/183-ley-de-inclusion-financiera-reglamentan-rebaja-del-iva\/\" \/>\n<meta property=\"og:locale\" content=\"es_ES\" \/>\n<meta property=\"og:type\" content=\"article\" \/>\n<meta property=\"og:title\" content=\"183- LEY DE INCLUSION FINANCIERA: REGLAMENTAN REBAJA DEL IVA - Auren Uruguay\" \/>\n<meta property=\"og:description\" content=\"El pasado 25 de julio se public\u00f3 el Decreto N\u00b0 203\/014, que reglament\u00f3 la Ley N\u00b0 19.210, donde se establece la reducci\u00f3n del Impuesto al Valor Agregado (I.V.A) en las [&hellip;]\" \/>\n<meta property=\"og:url\" content=\"https:\/\/auren.com\/uy\/noticias\/183-ley-de-inclusion-financiera-reglamentan-rebaja-del-iva\/\" \/>\n<meta property=\"og:site_name\" content=\"Auren Uruguay\" \/>\n<meta property=\"article:publisher\" content=\"https:\/\/www.facebook.com\/aurenuruguay\" \/>\n<meta property=\"og:image\" content=\"https:\/\/auren.com\/uy\/wp-content\/uploads\/2014\/08\/sass.jpg\" \/>\n\t<meta property=\"og:image:width\" content=\"2048\" \/>\n\t<meta property=\"og:image:height\" content=\"1365\" \/>\n\t<meta property=\"og:image:type\" content=\"image\/jpeg\" \/>\n<meta name=\"twitter:card\" content=\"summary_large_image\" \/>\n<meta name=\"twitter:site\" content=\"@AurenUruguay\" \/>\n<meta name=\"twitter:label1\" content=\"Tiempo de lectura\" \/>\n\t<meta name=\"twitter:data1\" content=\"3 minutos\" \/>\n<script type=\"application\/ld+json\" class=\"yoast-schema-graph\">{\"@context\":\"https:\\\/\\\/schema.org\",\"@graph\":[{\"@type\":\"WebPage\",\"@id\":\"https:\\\/\\\/auren.com\\\/uy\\\/noticias\\\/183-ley-de-inclusion-financiera-reglamentan-rebaja-del-iva\\\/\",\"url\":\"https:\\\/\\\/auren.com\\\/uy\\\/noticias\\\/183-ley-de-inclusion-financiera-reglamentan-rebaja-del-iva\\\/\",\"name\":\"183- LEY DE INCLUSION FINANCIERA: REGLAMENTAN REBAJA DEL IVA - Auren Uruguay\",\"isPartOf\":{\"@id\":\"https:\\\/\\\/auren.com\\\/uy\\\/#website\"},\"primaryImageOfPage\":{\"@id\":\"https:\\\/\\\/auren.com\\\/uy\\\/noticias\\\/183-ley-de-inclusion-financiera-reglamentan-rebaja-del-iva\\\/#primaryimage\"},\"image\":{\"@id\":\"https:\\\/\\\/auren.com\\\/uy\\\/noticias\\\/183-ley-de-inclusion-financiera-reglamentan-rebaja-del-iva\\\/#primaryimage\"},\"thumbnailUrl\":\"https:\\\/\\\/auren.com\\\/uy\\\/wp-content\\\/uploads\\\/2014\\\/08\\\/sass.jpg\",\"datePublished\":\"2014-08-01T10:20:59+00:00\",\"breadcrumb\":{\"@id\":\"https:\\\/\\\/auren.com\\\/uy\\\/noticias\\\/183-ley-de-inclusion-financiera-reglamentan-rebaja-del-iva\\\/#breadcrumb\"},\"inLanguage\":\"es\",\"potentialAction\":[{\"@type\":\"ReadAction\",\"target\":[\"https:\\\/\\\/auren.com\\\/uy\\\/noticias\\\/183-ley-de-inclusion-financiera-reglamentan-rebaja-del-iva\\\/\"]}]},{\"@type\":\"ImageObject\",\"inLanguage\":\"es\",\"@id\":\"https:\\\/\\\/auren.com\\\/uy\\\/noticias\\\/183-ley-de-inclusion-financiera-reglamentan-rebaja-del-iva\\\/#primaryimage\",\"url\":\"https:\\\/\\\/auren.com\\\/uy\\\/wp-content\\\/uploads\\\/2014\\\/08\\\/sass.jpg\",\"contentUrl\":\"https:\\\/\\\/auren.com\\\/uy\\\/wp-content\\\/uploads\\\/2014\\\/08\\\/sass.jpg\",\"width\":2048,\"height\":1365},{\"@type\":\"BreadcrumbList\",\"@id\":\"https:\\\/\\\/auren.com\\\/uy\\\/noticias\\\/183-ley-de-inclusion-financiera-reglamentan-rebaja-del-iva\\\/#breadcrumb\",\"itemListElement\":[{\"@type\":\"ListItem\",\"position\":1,\"name\":\"Portada\",\"item\":\"https:\\\/\\\/auren.com\\\/uy\\\/\"},{\"@type\":\"ListItem\",\"position\":2,\"name\":\"183- LEY DE INCLUSION FINANCIERA: REGLAMENTAN REBAJA DEL IVA\"}]},{\"@type\":\"WebSite\",\"@id\":\"https:\\\/\\\/auren.com\\\/uy\\\/#website\",\"url\":\"https:\\\/\\\/auren.com\\\/uy\\\/\",\"name\":\"Auren Uruguay\",\"description\":\"\",\"publisher\":{\"@id\":\"https:\\\/\\\/auren.com\\\/uy\\\/#organization\"},\"potentialAction\":[{\"@type\":\"SearchAction\",\"target\":{\"@type\":\"EntryPoint\",\"urlTemplate\":\"https:\\\/\\\/auren.com\\\/uy\\\/?s={search_term_string}\"},\"query-input\":{\"@type\":\"PropertyValueSpecification\",\"valueRequired\":true,\"valueName\":\"search_term_string\"}}],\"inLanguage\":\"es\"},{\"@type\":\"Organization\",\"@id\":\"https:\\\/\\\/auren.com\\\/uy\\\/#organization\",\"name\":\"Auren Uruguay\",\"url\":\"https:\\\/\\\/auren.com\\\/uy\\\/\",\"logo\":{\"@type\":\"ImageObject\",\"inLanguage\":\"es\",\"@id\":\"https:\\\/\\\/auren.com\\\/uy\\\/#\\\/schema\\\/logo\\\/image\\\/\",\"url\":\"https:\\\/\\\/auren.com\\\/uy\\\/wp-content\\\/uploads\\\/2025\\\/01\\\/cropped-cropped-favicon-Auren.png\",\"contentUrl\":\"https:\\\/\\\/auren.com\\\/uy\\\/wp-content\\\/uploads\\\/2025\\\/01\\\/cropped-cropped-favicon-Auren.png\",\"width\":512,\"height\":512,\"caption\":\"Auren Uruguay\"},\"image\":{\"@id\":\"https:\\\/\\\/auren.com\\\/uy\\\/#\\\/schema\\\/logo\\\/image\\\/\"},\"sameAs\":[\"https:\\\/\\\/www.facebook.com\\\/aurenuruguay\",\"https:\\\/\\\/x.com\\\/AurenUruguay\",\"https:\\\/\\\/www.linkedin.com\\\/company\\\/auren-uruguay\",\"https:\\\/\\\/www.youtube.com\\\/channel\\\/UClkpSYFfsAuqdTaVF5whedQ\",\"https:\\\/\\\/www.instagram.com\\\/aurenuruguay\\\/\"]}]}<\/script>\n<!-- \/ Yoast SEO plugin. -->","yoast_head_json":{"title":"183- LEY DE INCLUSION FINANCIERA: REGLAMENTAN REBAJA DEL IVA - Auren Uruguay","robots":{"index":"index","follow":"follow","max-snippet":"max-snippet:-1","max-image-preview":"max-image-preview:large","max-video-preview":"max-video-preview:-1"},"canonical":"https:\/\/auren.com\/uy\/noticias\/183-ley-de-inclusion-financiera-reglamentan-rebaja-del-iva\/","og_locale":"es_ES","og_type":"article","og_title":"183- LEY DE INCLUSION FINANCIERA: REGLAMENTAN REBAJA DEL IVA - Auren Uruguay","og_description":"El pasado 25 de julio se public\u00f3 el Decreto N\u00b0 203\/014, que reglament\u00f3 la Ley N\u00b0 19.210, donde se establece la reducci\u00f3n del Impuesto al Valor Agregado (I.V.A) en las [&hellip;]","og_url":"https:\/\/auren.com\/uy\/noticias\/183-ley-de-inclusion-financiera-reglamentan-rebaja-del-iva\/","og_site_name":"Auren Uruguay","article_publisher":"https:\/\/www.facebook.com\/aurenuruguay","og_image":[{"width":2048,"height":1365,"url":"https:\/\/auren.com\/uy\/wp-content\/uploads\/2014\/08\/sass.jpg","type":"image\/jpeg"}],"twitter_card":"summary_large_image","twitter_site":"@AurenUruguay","twitter_misc":{"Tiempo de lectura":"3 minutos"},"schema":{"@context":"https:\/\/schema.org","@graph":[{"@type":"WebPage","@id":"https:\/\/auren.com\/uy\/noticias\/183-ley-de-inclusion-financiera-reglamentan-rebaja-del-iva\/","url":"https:\/\/auren.com\/uy\/noticias\/183-ley-de-inclusion-financiera-reglamentan-rebaja-del-iva\/","name":"183- LEY DE INCLUSION FINANCIERA: REGLAMENTAN REBAJA DEL IVA - Auren Uruguay","isPartOf":{"@id":"https:\/\/auren.com\/uy\/#website"},"primaryImageOfPage":{"@id":"https:\/\/auren.com\/uy\/noticias\/183-ley-de-inclusion-financiera-reglamentan-rebaja-del-iva\/#primaryimage"},"image":{"@id":"https:\/\/auren.com\/uy\/noticias\/183-ley-de-inclusion-financiera-reglamentan-rebaja-del-iva\/#primaryimage"},"thumbnailUrl":"https:\/\/auren.com\/uy\/wp-content\/uploads\/2014\/08\/sass.jpg","datePublished":"2014-08-01T10:20:59+00:00","breadcrumb":{"@id":"https:\/\/auren.com\/uy\/noticias\/183-ley-de-inclusion-financiera-reglamentan-rebaja-del-iva\/#breadcrumb"},"inLanguage":"es","potentialAction":[{"@type":"ReadAction","target":["https:\/\/auren.com\/uy\/noticias\/183-ley-de-inclusion-financiera-reglamentan-rebaja-del-iva\/"]}]},{"@type":"ImageObject","inLanguage":"es","@id":"https:\/\/auren.com\/uy\/noticias\/183-ley-de-inclusion-financiera-reglamentan-rebaja-del-iva\/#primaryimage","url":"https:\/\/auren.com\/uy\/wp-content\/uploads\/2014\/08\/sass.jpg","contentUrl":"https:\/\/auren.com\/uy\/wp-content\/uploads\/2014\/08\/sass.jpg","width":2048,"height":1365},{"@type":"BreadcrumbList","@id":"https:\/\/auren.com\/uy\/noticias\/183-ley-de-inclusion-financiera-reglamentan-rebaja-del-iva\/#breadcrumb","itemListElement":[{"@type":"ListItem","position":1,"name":"Portada","item":"https:\/\/auren.com\/uy\/"},{"@type":"ListItem","position":2,"name":"183- LEY DE INCLUSION FINANCIERA: REGLAMENTAN REBAJA DEL IVA"}]},{"@type":"WebSite","@id":"https:\/\/auren.com\/uy\/#website","url":"https:\/\/auren.com\/uy\/","name":"Auren Uruguay","description":"","publisher":{"@id":"https:\/\/auren.com\/uy\/#organization"},"potentialAction":[{"@type":"SearchAction","target":{"@type":"EntryPoint","urlTemplate":"https:\/\/auren.com\/uy\/?s={search_term_string}"},"query-input":{"@type":"PropertyValueSpecification","valueRequired":true,"valueName":"search_term_string"}}],"inLanguage":"es"},{"@type":"Organization","@id":"https:\/\/auren.com\/uy\/#organization","name":"Auren Uruguay","url":"https:\/\/auren.com\/uy\/","logo":{"@type":"ImageObject","inLanguage":"es","@id":"https:\/\/auren.com\/uy\/#\/schema\/logo\/image\/","url":"https:\/\/auren.com\/uy\/wp-content\/uploads\/2025\/01\/cropped-cropped-favicon-Auren.png","contentUrl":"https:\/\/auren.com\/uy\/wp-content\/uploads\/2025\/01\/cropped-cropped-favicon-Auren.png","width":512,"height":512,"caption":"Auren Uruguay"},"image":{"@id":"https:\/\/auren.com\/uy\/#\/schema\/logo\/image\/"},"sameAs":["https:\/\/www.facebook.com\/aurenuruguay","https:\/\/x.com\/AurenUruguay","https:\/\/www.linkedin.com\/company\/auren-uruguay","https:\/\/www.youtube.com\/channel\/UClkpSYFfsAuqdTaVF5whedQ","https:\/\/www.instagram.com\/aurenuruguay\/"]}]}},"_links":{"self":[{"href":"https:\/\/auren.com\/uy\/wp-json\/wp\/v2\/new\/11404","targetHints":{"allow":["GET"]}}],"collection":[{"href":"https:\/\/auren.com\/uy\/wp-json\/wp\/v2\/new"}],"about":[{"href":"https:\/\/auren.com\/uy\/wp-json\/wp\/v2\/types\/new"}],"version-history":[{"count":0,"href":"https:\/\/auren.com\/uy\/wp-json\/wp\/v2\/new\/11404\/revisions"}],"wp:featuredmedia":[{"embeddable":true,"href":"https:\/\/auren.com\/uy\/wp-json\/wp\/v2\/media\/11405"}],"wp:attachment":[{"href":"https:\/\/auren.com\/uy\/wp-json\/wp\/v2\/media?parent=11404"}],"wp:term":[{"taxonomy":"new-category","embeddable":true,"href":"https:\/\/auren.com\/uy\/wp-json\/wp\/v2\/new-category?post=11404"}],"curies":[{"name":"wp","href":"https:\/\/api.w.org\/{rel}","templated":true}]}}