{"id":11407,"date":"2014-07-25T12:26:07","date_gmt":"2014-07-25T10:26:07","guid":{"rendered":"https:\/\/auren.com\/uy\/new\/182-pasivos-con-accionistas-impacto-de-su-capitalizacion\/"},"modified":"2014-07-25T12:26:07","modified_gmt":"2014-07-25T10:26:07","slug":"182-pasivos-con-accionistas-impacto-de-su-capitalizacion","status":"publish","type":"new","link":"https:\/\/auren.com\/uy\/noticias\/182-pasivos-con-accionistas-impacto-de-su-capitalizacion\/","title":{"rendered":"182- PASIVOS CON ACCIONISTAS: IMPACTO DE SU CAPITALIZACI\u00d3N"},"content":{"rendered":"<p class=\"has-text-align-justify\">Algunas veces, especialmente en el inicio de las actividades de una sociedad, es necesario obtener financiamiento para\u00a0 obtener el capital de trabajo suficiente para comenzar con las actividades. En la mayor\u00eda de los casos este financiamiento se obtiene del aporte de capital inicial, pero es posible que el mismo no sea suficiente y se generen necesidades de fondos adicionales, optando los accionistas por realizar pr\u00e9stamos a la sociedad.<\/p>\n<p class=\"has-text-align-justify\">Muchas veces se opta por esta modalidad de financiamiento porque se cree que la sociedad tendr\u00e1 posibilidades de devoluci\u00f3n r\u00e1pida de los fondos. Pero puede ocurrir que posteriormente se plantee la posibilidad de capitalizarlos (convertir en acciones el pr\u00e9stamo de los accionistas).<\/p>\n<p class=\"has-text-align-justify\">A continuaci\u00f3n comentaremos brevemente el impacto fiscal de la operaci\u00f3n y las formalidades a tener en cuenta.<\/p>\n<p class=\"has-text-align-justify has-vivid-red-color has-text-color\" style=\"font-size:25px\"><strong>Impacto en la sociedad<\/strong><\/p>\n<p class=\"has-text-align-justify\">\u00bfA partir de qu\u00e9 momento se considera vigente la capitalizaci\u00f3n?<\/p>\n<p class=\"has-text-align-justify\">Esto queda establecido en el Decreto reglamentario del IRAE:<\/p>\n<p class=\"has-text-align-justify\"><em>\u201cArt\u00edculo 97\u00ba.- Aumentos de capital.- Las integraciones realizadas en sociedades por acciones a cuenta de futuros aumentos de capital, no se computar\u00e1n como pasivo si tales aumentos hubieran sido aprobados por el \u00f3rgano social competente.\u201d<\/em><\/p>\n<p class=\"has-text-align-justify\">Es importante tener en cuenta que la sociedad debe tener capital autorizado suficiente o en caso contrario, aprobar en el mismo acto que aprueba el aumento de capital integrado el incremento del primero. En caso contrario el pasivo capitalizado no podr\u00e1 considerarse como un aporte, sino que continuar\u00e1 siendo un pasivo desde el punto de vista fiscal.<\/p>\n<p class=\"has-text-align-justify\">En lo que respecta al Impuesto al Patrimonio no hay impacto, ya que este pasivo no es considerado deducible fiscalmente.<\/p>\n<p class=\"has-text-align-justify\">Sin embargo desde el punto de vista del Impuesto a las Rentas de las Actividades Econ\u00f3micas puede tener efecto, ya que al capitalizarse el pasivo (en caso de estar nominado en moneda extranjera), este dejar\u00e1 de generar diferencia de cambio, que impactar\u00e1 en una disminuci\u00f3n o aumento del resultado fiscal (dependiendo de la evoluci\u00f3n del tipo de cambio).<\/p>\n<p class=\"has-text-align-justify\">Por otra parte, al capitalizarse el pasivo\u00a0 dejar\u00e1 de formar parte de la base imponible del Ajuste Integral Por Inflaci\u00f3n (AIPI) y por lo tanto no generar\u00e1 ganancia por este concepto (en caso de aumentar el Indice correspondiente).<\/p>\n<p class=\"has-text-align-justify has-vivid-red-color has-text-color\" style=\"font-size:25px\"><strong>Impacto para el accionista (PF \u00f3 entidad del exterior)<\/strong><\/p>\n<p class=\"has-text-align-justify\">Con la capitalizaci\u00f3n deja de existir el pasivo y el accionista se vincular\u00e1 con la sociedad \u00fanicamente por medio de la titularidad de las acciones. Por lo tanto dejar\u00e1 de recibir pagos y la forma de recibir fondos desde la sociedad ser\u00e1 \u00fanicamente a trav\u00e9s de distribuci\u00f3n de dividendos, los cuales se encontrar\u00e1n \u00a0gravados por IRPF o IRNR (dependiendo de la nacionalidad del accionista), siempre que existan en la sociedad resultados fiscales positivos.<\/p>\n<p class=\"has-text-align-justify\">Con respecto al IP, el accionista dejar\u00e1 de tener un activo con la sociedad y en su lugar aumentar\u00e1 el n\u00famero de acciones (aumenta la inversi\u00f3n), la cual no se encuentra gravada por el impuesto en cabeza de su titular.<\/p>\n<p class=\"has-text-align-justify has-vivid-red-color has-text-color\" style=\"font-size:25px\"><strong>Formalidades<\/strong><\/p>\n<p class=\"has-text-align-justify\">Luego de decidir capitalizar los pasos a seguir son:<\/p>\n<p class=\"has-text-align-justify\">&#8211; Realizar una Asamblea extraordinaria de accionistas donde se aprueba la decisi\u00f3n de capitalizar los pasivos. Deber\u00e1 verificarse si la sociedad dispone de capital autorizado suficiente y si no lo tuviera, en el mismo acto deber\u00e1 aprobarse su ampliaci\u00f3n.<\/p>\n<p class=\"has-text-align-justify\">&#8211; Emisi\u00f3n de las acciones correspondientes al aumento de capital. En caso de capital autorizado insuficiente, el capital aportado queda \u201cen tr\u00e1mite\u201d y es necesario esperar la aprobaci\u00f3n del aumento de capital integrado por parte de la Auditor\u00eda Interna de la Naci\u00f3n (AIN), para posteriormente emitir las mismas.<\/p>\n<p class=\"has-text-align-justify\">&#8211; Notificar a la AIN el aumento del capital integrado.<\/p>\n<p class=\"has-text-align-justify\">En posteriores entregas ampliaremos este punto, ya que la informaci\u00f3n a presentar ante la AIN en estos casos tiene ciertas particularidades diferentes a las capitalizaciones realizadas en efectivo.<\/p>\n<p><!-- AddThis Advanced Settings generic via filter on the_content --><!-- AddThis Share Buttons generic via filter on the_content --><\/p>\n","protected":false},"excerpt":{"rendered":"<p>Algunas veces, especialmente en el inicio de las actividades de una sociedad, es necesario obtener financiamiento para\u00a0 obtener el capital de trabajo suficiente para comenzar con las actividades. En la [&hellip;]<\/p>\n","protected":false},"featured_media":11408,"template":"","meta":{"_acf_changed":false,"footnotes":""},"new-category":[],"class_list":["post-11407","new","type-new","status-publish","has-post-thumbnail","hentry"],"acf":[],"yoast_head":"<!-- This site is optimized with the Yoast SEO plugin v27.4 - https:\/\/yoast.com\/product\/yoast-seo-wordpress\/ -->\n<title>182- PASIVOS CON ACCIONISTAS: IMPACTO DE SU CAPITALIZACI\u00d3N - Auren Uruguay<\/title>\n<meta name=\"robots\" content=\"index, follow, max-snippet:-1, max-image-preview:large, max-video-preview:-1\" \/>\n<link rel=\"canonical\" href=\"https:\/\/auren.com\/uy\/noticias\/182-pasivos-con-accionistas-impacto-de-su-capitalizacion\/\" \/>\n<meta property=\"og:locale\" content=\"es_ES\" \/>\n<meta property=\"og:type\" content=\"article\" \/>\n<meta property=\"og:title\" content=\"182- PASIVOS CON ACCIONISTAS: IMPACTO DE SU CAPITALIZACI\u00d3N - Auren Uruguay\" \/>\n<meta property=\"og:description\" content=\"Algunas veces, especialmente en el inicio de las actividades de una sociedad, es necesario obtener financiamiento para\u00a0 obtener el capital de trabajo suficiente para comenzar con las actividades. En la [&hellip;]\" \/>\n<meta property=\"og:url\" content=\"https:\/\/auren.com\/uy\/noticias\/182-pasivos-con-accionistas-impacto-de-su-capitalizacion\/\" \/>\n<meta property=\"og:site_name\" content=\"Auren Uruguay\" \/>\n<meta property=\"article:publisher\" content=\"https:\/\/www.facebook.com\/aurenuruguay\" \/>\n<meta property=\"og:image\" content=\"https:\/\/auren.com\/uy\/wp-content\/uploads\/2014\/07\/shutterstock_161759321-1024x683-1.jpg\" \/>\n\t<meta property=\"og:image:width\" content=\"1024\" \/>\n\t<meta property=\"og:image:height\" content=\"683\" \/>\n\t<meta property=\"og:image:type\" content=\"image\/jpeg\" \/>\n<meta name=\"twitter:card\" content=\"summary_large_image\" \/>\n<meta name=\"twitter:site\" content=\"@AurenUruguay\" \/>\n<meta name=\"twitter:label1\" content=\"Tiempo de lectura\" \/>\n\t<meta name=\"twitter:data1\" content=\"3 minutos\" \/>\n<script type=\"application\/ld+json\" class=\"yoast-schema-graph\">{\"@context\":\"https:\\\/\\\/schema.org\",\"@graph\":[{\"@type\":\"WebPage\",\"@id\":\"https:\\\/\\\/auren.com\\\/uy\\\/noticias\\\/182-pasivos-con-accionistas-impacto-de-su-capitalizacion\\\/\",\"url\":\"https:\\\/\\\/auren.com\\\/uy\\\/noticias\\\/182-pasivos-con-accionistas-impacto-de-su-capitalizacion\\\/\",\"name\":\"182- PASIVOS CON ACCIONISTAS: IMPACTO DE SU CAPITALIZACI\u00d3N - Auren Uruguay\",\"isPartOf\":{\"@id\":\"https:\\\/\\\/auren.com\\\/uy\\\/#website\"},\"primaryImageOfPage\":{\"@id\":\"https:\\\/\\\/auren.com\\\/uy\\\/noticias\\\/182-pasivos-con-accionistas-impacto-de-su-capitalizacion\\\/#primaryimage\"},\"image\":{\"@id\":\"https:\\\/\\\/auren.com\\\/uy\\\/noticias\\\/182-pasivos-con-accionistas-impacto-de-su-capitalizacion\\\/#primaryimage\"},\"thumbnailUrl\":\"https:\\\/\\\/auren.com\\\/uy\\\/wp-content\\\/uploads\\\/2014\\\/07\\\/shutterstock_161759321-1024x683-1.jpg\",\"datePublished\":\"2014-07-25T10:26:07+00:00\",\"breadcrumb\":{\"@id\":\"https:\\\/\\\/auren.com\\\/uy\\\/noticias\\\/182-pasivos-con-accionistas-impacto-de-su-capitalizacion\\\/#breadcrumb\"},\"inLanguage\":\"es\",\"potentialAction\":[{\"@type\":\"ReadAction\",\"target\":[\"https:\\\/\\\/auren.com\\\/uy\\\/noticias\\\/182-pasivos-con-accionistas-impacto-de-su-capitalizacion\\\/\"]}]},{\"@type\":\"ImageObject\",\"inLanguage\":\"es\",\"@id\":\"https:\\\/\\\/auren.com\\\/uy\\\/noticias\\\/182-pasivos-con-accionistas-impacto-de-su-capitalizacion\\\/#primaryimage\",\"url\":\"https:\\\/\\\/auren.com\\\/uy\\\/wp-content\\\/uploads\\\/2014\\\/07\\\/shutterstock_161759321-1024x683-1.jpg\",\"contentUrl\":\"https:\\\/\\\/auren.com\\\/uy\\\/wp-content\\\/uploads\\\/2014\\\/07\\\/shutterstock_161759321-1024x683-1.jpg\",\"width\":1024,\"height\":683},{\"@type\":\"BreadcrumbList\",\"@id\":\"https:\\\/\\\/auren.com\\\/uy\\\/noticias\\\/182-pasivos-con-accionistas-impacto-de-su-capitalizacion\\\/#breadcrumb\",\"itemListElement\":[{\"@type\":\"ListItem\",\"position\":1,\"name\":\"Portada\",\"item\":\"https:\\\/\\\/auren.com\\\/uy\\\/\"},{\"@type\":\"ListItem\",\"position\":2,\"name\":\"182- PASIVOS CON ACCIONISTAS: IMPACTO DE SU CAPITALIZACI\u00d3N\"}]},{\"@type\":\"WebSite\",\"@id\":\"https:\\\/\\\/auren.com\\\/uy\\\/#website\",\"url\":\"https:\\\/\\\/auren.com\\\/uy\\\/\",\"name\":\"Auren Uruguay\",\"description\":\"\",\"publisher\":{\"@id\":\"https:\\\/\\\/auren.com\\\/uy\\\/#organization\"},\"potentialAction\":[{\"@type\":\"SearchAction\",\"target\":{\"@type\":\"EntryPoint\",\"urlTemplate\":\"https:\\\/\\\/auren.com\\\/uy\\\/?s={search_term_string}\"},\"query-input\":{\"@type\":\"PropertyValueSpecification\",\"valueRequired\":true,\"valueName\":\"search_term_string\"}}],\"inLanguage\":\"es\"},{\"@type\":\"Organization\",\"@id\":\"https:\\\/\\\/auren.com\\\/uy\\\/#organization\",\"name\":\"Auren Uruguay\",\"url\":\"https:\\\/\\\/auren.com\\\/uy\\\/\",\"logo\":{\"@type\":\"ImageObject\",\"inLanguage\":\"es\",\"@id\":\"https:\\\/\\\/auren.com\\\/uy\\\/#\\\/schema\\\/logo\\\/image\\\/\",\"url\":\"https:\\\/\\\/auren.com\\\/uy\\\/wp-content\\\/uploads\\\/2025\\\/01\\\/cropped-cropped-favicon-Auren.png\",\"contentUrl\":\"https:\\\/\\\/auren.com\\\/uy\\\/wp-content\\\/uploads\\\/2025\\\/01\\\/cropped-cropped-favicon-Auren.png\",\"width\":512,\"height\":512,\"caption\":\"Auren Uruguay\"},\"image\":{\"@id\":\"https:\\\/\\\/auren.com\\\/uy\\\/#\\\/schema\\\/logo\\\/image\\\/\"},\"sameAs\":[\"https:\\\/\\\/www.facebook.com\\\/aurenuruguay\",\"https:\\\/\\\/x.com\\\/AurenUruguay\",\"https:\\\/\\\/www.linkedin.com\\\/company\\\/auren-uruguay\",\"https:\\\/\\\/www.youtube.com\\\/channel\\\/UClkpSYFfsAuqdTaVF5whedQ\",\"https:\\\/\\\/www.instagram.com\\\/aurenuruguay\\\/\"]}]}<\/script>\n<!-- \/ Yoast SEO plugin. -->","yoast_head_json":{"title":"182- PASIVOS CON ACCIONISTAS: IMPACTO DE SU CAPITALIZACI\u00d3N - Auren Uruguay","robots":{"index":"index","follow":"follow","max-snippet":"max-snippet:-1","max-image-preview":"max-image-preview:large","max-video-preview":"max-video-preview:-1"},"canonical":"https:\/\/auren.com\/uy\/noticias\/182-pasivos-con-accionistas-impacto-de-su-capitalizacion\/","og_locale":"es_ES","og_type":"article","og_title":"182- PASIVOS CON ACCIONISTAS: IMPACTO DE SU CAPITALIZACI\u00d3N - Auren Uruguay","og_description":"Algunas veces, especialmente en el inicio de las actividades de una sociedad, es necesario obtener financiamiento para\u00a0 obtener el capital de trabajo suficiente para comenzar con las actividades. En la [&hellip;]","og_url":"https:\/\/auren.com\/uy\/noticias\/182-pasivos-con-accionistas-impacto-de-su-capitalizacion\/","og_site_name":"Auren Uruguay","article_publisher":"https:\/\/www.facebook.com\/aurenuruguay","og_image":[{"width":1024,"height":683,"url":"https:\/\/auren.com\/uy\/wp-content\/uploads\/2014\/07\/shutterstock_161759321-1024x683-1.jpg","type":"image\/jpeg"}],"twitter_card":"summary_large_image","twitter_site":"@AurenUruguay","twitter_misc":{"Tiempo de lectura":"3 minutos"},"schema":{"@context":"https:\/\/schema.org","@graph":[{"@type":"WebPage","@id":"https:\/\/auren.com\/uy\/noticias\/182-pasivos-con-accionistas-impacto-de-su-capitalizacion\/","url":"https:\/\/auren.com\/uy\/noticias\/182-pasivos-con-accionistas-impacto-de-su-capitalizacion\/","name":"182- PASIVOS CON ACCIONISTAS: IMPACTO DE SU CAPITALIZACI\u00d3N - Auren Uruguay","isPartOf":{"@id":"https:\/\/auren.com\/uy\/#website"},"primaryImageOfPage":{"@id":"https:\/\/auren.com\/uy\/noticias\/182-pasivos-con-accionistas-impacto-de-su-capitalizacion\/#primaryimage"},"image":{"@id":"https:\/\/auren.com\/uy\/noticias\/182-pasivos-con-accionistas-impacto-de-su-capitalizacion\/#primaryimage"},"thumbnailUrl":"https:\/\/auren.com\/uy\/wp-content\/uploads\/2014\/07\/shutterstock_161759321-1024x683-1.jpg","datePublished":"2014-07-25T10:26:07+00:00","breadcrumb":{"@id":"https:\/\/auren.com\/uy\/noticias\/182-pasivos-con-accionistas-impacto-de-su-capitalizacion\/#breadcrumb"},"inLanguage":"es","potentialAction":[{"@type":"ReadAction","target":["https:\/\/auren.com\/uy\/noticias\/182-pasivos-con-accionistas-impacto-de-su-capitalizacion\/"]}]},{"@type":"ImageObject","inLanguage":"es","@id":"https:\/\/auren.com\/uy\/noticias\/182-pasivos-con-accionistas-impacto-de-su-capitalizacion\/#primaryimage","url":"https:\/\/auren.com\/uy\/wp-content\/uploads\/2014\/07\/shutterstock_161759321-1024x683-1.jpg","contentUrl":"https:\/\/auren.com\/uy\/wp-content\/uploads\/2014\/07\/shutterstock_161759321-1024x683-1.jpg","width":1024,"height":683},{"@type":"BreadcrumbList","@id":"https:\/\/auren.com\/uy\/noticias\/182-pasivos-con-accionistas-impacto-de-su-capitalizacion\/#breadcrumb","itemListElement":[{"@type":"ListItem","position":1,"name":"Portada","item":"https:\/\/auren.com\/uy\/"},{"@type":"ListItem","position":2,"name":"182- PASIVOS CON ACCIONISTAS: IMPACTO DE SU CAPITALIZACI\u00d3N"}]},{"@type":"WebSite","@id":"https:\/\/auren.com\/uy\/#website","url":"https:\/\/auren.com\/uy\/","name":"Auren Uruguay","description":"","publisher":{"@id":"https:\/\/auren.com\/uy\/#organization"},"potentialAction":[{"@type":"SearchAction","target":{"@type":"EntryPoint","urlTemplate":"https:\/\/auren.com\/uy\/?s={search_term_string}"},"query-input":{"@type":"PropertyValueSpecification","valueRequired":true,"valueName":"search_term_string"}}],"inLanguage":"es"},{"@type":"Organization","@id":"https:\/\/auren.com\/uy\/#organization","name":"Auren Uruguay","url":"https:\/\/auren.com\/uy\/","logo":{"@type":"ImageObject","inLanguage":"es","@id":"https:\/\/auren.com\/uy\/#\/schema\/logo\/image\/","url":"https:\/\/auren.com\/uy\/wp-content\/uploads\/2025\/01\/cropped-cropped-favicon-Auren.png","contentUrl":"https:\/\/auren.com\/uy\/wp-content\/uploads\/2025\/01\/cropped-cropped-favicon-Auren.png","width":512,"height":512,"caption":"Auren Uruguay"},"image":{"@id":"https:\/\/auren.com\/uy\/#\/schema\/logo\/image\/"},"sameAs":["https:\/\/www.facebook.com\/aurenuruguay","https:\/\/x.com\/AurenUruguay","https:\/\/www.linkedin.com\/company\/auren-uruguay","https:\/\/www.youtube.com\/channel\/UClkpSYFfsAuqdTaVF5whedQ","https:\/\/www.instagram.com\/aurenuruguay\/"]}]}},"_links":{"self":[{"href":"https:\/\/auren.com\/uy\/wp-json\/wp\/v2\/new\/11407","targetHints":{"allow":["GET"]}}],"collection":[{"href":"https:\/\/auren.com\/uy\/wp-json\/wp\/v2\/new"}],"about":[{"href":"https:\/\/auren.com\/uy\/wp-json\/wp\/v2\/types\/new"}],"version-history":[{"count":0,"href":"https:\/\/auren.com\/uy\/wp-json\/wp\/v2\/new\/11407\/revisions"}],"wp:featuredmedia":[{"embeddable":true,"href":"https:\/\/auren.com\/uy\/wp-json\/wp\/v2\/media\/11408"}],"wp:attachment":[{"href":"https:\/\/auren.com\/uy\/wp-json\/wp\/v2\/media?parent=11407"}],"wp:term":[{"taxonomy":"new-category","embeddable":true,"href":"https:\/\/auren.com\/uy\/wp-json\/wp\/v2\/new-category?post=11407"}],"curies":[{"name":"wp","href":"https:\/\/api.w.org\/{rel}","templated":true}]}}