{"id":11416,"date":"2014-07-04T12:43:40","date_gmt":"2014-07-04T10:43:40","guid":{"rendered":"https:\/\/auren.com\/uy\/new\/179-gobierno-corporativo-de-fifa-a-las-cooperativas-mas-pequenas\/"},"modified":"2014-07-04T12:43:40","modified_gmt":"2014-07-04T10:43:40","slug":"179-gobierno-corporativo-de-fifa-a-las-cooperativas-mas-pequenas","status":"publish","type":"new","link":"https:\/\/auren.com\/uy\/noticias\/179-gobierno-corporativo-de-fifa-a-las-cooperativas-mas-pequenas\/","title":{"rendered":"179- GOBIERNO CORPORATIVO  DE FIFA A LAS COOPERATIVAS M\u00c1S PEQUE\u00d1AS"},"content":{"rendered":"<p class=\"has-text-align-justify\">La realidad que nos ha tocado vivir a los uruguayos desde el pasado Jueves 26 con Suarez y la FIFA, &nbsp;nos lleva a proponerles analizar juntos el concepto de \u201cGobierno Corporativo\u201d, que varios visualizan como algo t\u00e9cnico sin vinculaci\u00f3n &nbsp;con su realidad, y que procuraremos trasmitirles, &nbsp;es algo que nos afecta hasta en aspectos que en oportunidades no reparamos.<\/p>\n<p class=\"has-text-align-justify\">El Banco Central del Uruguay en la Recopilaci\u00f3n de Normas del Mercado de Valores (RNMV), plantea que diversos actores por \u00e9l regulados deber\u00e1n implementar pr\u00e1cticas de Gobierno <em>Corporativo \u201c\u2026de forma de asegurar procesos adecuados de supervisi\u00f3n y control de la gesti\u00f3n de su direcci\u00f3n y el trato justo e igualitario de los socios o accionistas, acreedores y dem\u00e1s inversores\u201d. <\/em>El Art\u00edculo 184.1 de la RNMV desarrolla lo que esas pr\u00e1cticas deber\u00edan asegurar.<\/p>\n<p class=\"has-text-align-justify\">Entre otras, podemos identificar como \u201cbuenas pr\u00e1cticas de gobierno corporativo\u201d,&nbsp; asegurar siempre y&nbsp; sobretodo en aquellos casos en donde la propiedad o n\u00famero de participantes involucrados est\u00e1 m\u00e1s atomizada y por ende m\u00e1s alejada de la funci\u00f3n de direcci\u00f3n,&nbsp; que: a)&nbsp; las acciones de la Direcci\u00f3n y Alta Gerencia se orienten a los objetivos de la entidad y&nbsp; respeten por igual los derechos de TODOS los involucrados, b) se tenga en cuenta la competencia \u00e9tica y profesional al momento de designar directores, administradores y personal superior, c) se preste especial cuidado a las transacciones con partes relacionadas, d) se divulgue en forma completa, puntual y exacta, los estados contables&nbsp; y dem\u00e1s informaci\u00f3n relevante para involucrados, e) exista transparencia, f) se instrumenten sistemas de controles confiables,&nbsp; etc.<\/p>\n<p class=\"has-text-align-justify has-vivid-red-color has-text-color\" style=\"font-size:25px\"><strong>FIFA<\/strong><\/p>\n<p class=\"has-text-align-justify\">La resoluci\u00f3n adoptada por FIFA nos llev\u00f3 a consultar en su p\u00e1gina Web lo relativo con su Proceso de Gobernabilidad. Ah\u00ed puede verse que&nbsp; 7 de los 19 miembros de la Comisi\u00f3n Disciplinaria son de Singapur, RD del Congo, Tonga, Islas Caim\u00e1n, Islas Cook, Pakist\u00e1n y Hong Kong; y 8 de los 14 miembros de la Comisi\u00f3n de Apelaci\u00f3n son de Bermudas, Madagascar, Guan, Islas Feroe, Pap\u00faa Nueva Guinea, Comoras, Fiyi y Turcas y Caicos.&nbsp;<\/p>\n<p class=\"has-text-align-justify\">Por otra parte de acuerdo a lo que informa la prensa,&nbsp; existir\u00eda un tratamiento dispar (un solo caso analizado ante varias situaciones de igual o mayor gravedad);&nbsp; y&nbsp; habr\u00eda acusaciones, &nbsp;as\u00ed como demandas judiciales&nbsp; realizadas a nivel de FIFA y CONMEBOL vinculadas al&nbsp; uso indebido de fondos y problemas con sus estados financieros.<\/p>\n<p class=\"has-text-align-justify\">Si relacionamos lo anterior con los conceptos referidos de Gobierno Corporativo, respecto de la realidad en FIFA pueden surgir las siguientes interrogantes:<\/p>\n<p class=\"has-text-align-justify\"><em>\u00bfExiste competencia \u00e9tica y profesional en los miembros de las comisiones?; \u00bfHay tratamiento equitativo a los integrantes de la entidad?; &nbsp;\u00bfExiste transparencia?; &nbsp;\u00bfExisten controles independientes que den seguridad a los miembros de menor importancia relativa?;&nbsp; Si tuvi\u00e9ramos que informar sobre el sistema de Gobierno Corporativo de la entidad \u00bfQu\u00e9 opinar\u00edamos?<\/em><\/p>\n<p class=\"has-text-align-justify\">Yo tengo mi opini\u00f3n, pero no las evidencias como para brindarla, solamente puedo mencionar mi duda.<\/p>\n<p class=\"has-text-align-justify\">Creemos que esta es una clara demostraci\u00f3n de la importancia que tienen las adecuadas pr\u00e1cticas de Gobierno Corporativo en una gran organizaci\u00f3n.<\/p>\n<p class=\"has-text-align-justify has-vivid-red-color has-text-color\" style=\"font-size:25px\"><strong>Cooperativas<\/strong><\/p>\n<p class=\"has-text-align-justify\">Para concluir en relaci\u00f3n a nuestro t\u00edtulo, deseamos trasmitir que este concepto y estas pr\u00e1cticas no son aplicables exclusivamente en grandes entidades.<\/p>\n<p class=\"has-text-align-justify\">Para ejemplificarlo mencionamos a las entidades cooperativas, en donde la titularidad est\u00e1 atomizada y &nbsp;quienes llevan adelante la gesti\u00f3n son unos pocos en relaci\u00f3n al n\u00famero total de involucrados directos. En estas entidades sin duda, tambi\u00e9n es muy importante la aplicaci\u00f3n de buenas pr\u00e1cticas de Gobierno Corporativo.<\/p>\n<p class=\"has-text-align-justify\">Concluyamos entonces que el Concepto de Gobierno Corporativo aplica a distintas realidades.<\/p>\n<p><!-- AddThis Advanced Settings generic via filter on the_content --><!-- AddThis Share Buttons generic via filter on the_content --><\/p>\n","protected":false},"excerpt":{"rendered":"<p>La realidad que nos ha tocado vivir a los uruguayos desde el pasado Jueves 26 con Suarez y la FIFA, &nbsp;nos lleva a proponerles analizar juntos el concepto de \u201cGobierno [&hellip;]<\/p>\n","protected":false},"featured_media":11417,"template":"","meta":{"_acf_changed":false,"footnotes":""},"new-category":[],"class_list":["post-11416","new","type-new","status-publish","has-post-thumbnail","hentry"],"acf":[],"yoast_head":"<!-- This site is optimized with the Yoast SEO plugin v27.4 - https:\/\/yoast.com\/product\/yoast-seo-wordpress\/ -->\n<title>179- GOBIERNO CORPORATIVO DE FIFA A LAS COOPERATIVAS M\u00c1S PEQUE\u00d1AS - Auren Uruguay<\/title>\n<meta name=\"robots\" content=\"index, follow, max-snippet:-1, max-image-preview:large, max-video-preview:-1\" \/>\n<link rel=\"canonical\" href=\"https:\/\/auren.com\/uy\/noticias\/179-gobierno-corporativo-de-fifa-a-las-cooperativas-mas-pequenas\/\" \/>\n<meta property=\"og:locale\" content=\"es_ES\" \/>\n<meta property=\"og:type\" content=\"article\" \/>\n<meta property=\"og:title\" content=\"179- GOBIERNO CORPORATIVO DE FIFA A LAS COOPERATIVAS M\u00c1S PEQUE\u00d1AS - Auren Uruguay\" \/>\n<meta property=\"og:description\" content=\"La realidad que nos ha tocado vivir a los uruguayos desde el pasado Jueves 26 con Suarez y la FIFA, &nbsp;nos lleva a proponerles analizar juntos el concepto de \u201cGobierno [&hellip;]\" \/>\n<meta property=\"og:url\" content=\"https:\/\/auren.com\/uy\/noticias\/179-gobierno-corporativo-de-fifa-a-las-cooperativas-mas-pequenas\/\" \/>\n<meta property=\"og:site_name\" content=\"Auren Uruguay\" \/>\n<meta property=\"article:publisher\" content=\"https:\/\/www.facebook.com\/aurenuruguay\" \/>\n<meta property=\"og:image\" content=\"https:\/\/auren.com\/uy\/wp-content\/uploads\/2014\/07\/shutterstock-358652984.jpg\" \/>\n\t<meta property=\"og:image:width\" content=\"1000\" \/>\n\t<meta property=\"og:image:height\" content=\"667\" \/>\n\t<meta property=\"og:image:type\" content=\"image\/jpeg\" \/>\n<meta name=\"twitter:card\" content=\"summary_large_image\" \/>\n<meta name=\"twitter:site\" content=\"@AurenUruguay\" \/>\n<meta name=\"twitter:label1\" content=\"Tiempo de lectura\" \/>\n\t<meta name=\"twitter:data1\" content=\"3 minutos\" \/>\n<script type=\"application\/ld+json\" class=\"yoast-schema-graph\">{\"@context\":\"https:\\\/\\\/schema.org\",\"@graph\":[{\"@type\":\"WebPage\",\"@id\":\"https:\\\/\\\/auren.com\\\/uy\\\/noticias\\\/179-gobierno-corporativo-de-fifa-a-las-cooperativas-mas-pequenas\\\/\",\"url\":\"https:\\\/\\\/auren.com\\\/uy\\\/noticias\\\/179-gobierno-corporativo-de-fifa-a-las-cooperativas-mas-pequenas\\\/\",\"name\":\"179- GOBIERNO CORPORATIVO DE FIFA A LAS COOPERATIVAS M\u00c1S PEQUE\u00d1AS - Auren Uruguay\",\"isPartOf\":{\"@id\":\"https:\\\/\\\/auren.com\\\/uy\\\/#website\"},\"primaryImageOfPage\":{\"@id\":\"https:\\\/\\\/auren.com\\\/uy\\\/noticias\\\/179-gobierno-corporativo-de-fifa-a-las-cooperativas-mas-pequenas\\\/#primaryimage\"},\"image\":{\"@id\":\"https:\\\/\\\/auren.com\\\/uy\\\/noticias\\\/179-gobierno-corporativo-de-fifa-a-las-cooperativas-mas-pequenas\\\/#primaryimage\"},\"thumbnailUrl\":\"https:\\\/\\\/auren.com\\\/uy\\\/wp-content\\\/uploads\\\/2014\\\/07\\\/shutterstock-358652984.jpg\",\"datePublished\":\"2014-07-04T10:43:40+00:00\",\"breadcrumb\":{\"@id\":\"https:\\\/\\\/auren.com\\\/uy\\\/noticias\\\/179-gobierno-corporativo-de-fifa-a-las-cooperativas-mas-pequenas\\\/#breadcrumb\"},\"inLanguage\":\"es\",\"potentialAction\":[{\"@type\":\"ReadAction\",\"target\":[\"https:\\\/\\\/auren.com\\\/uy\\\/noticias\\\/179-gobierno-corporativo-de-fifa-a-las-cooperativas-mas-pequenas\\\/\"]}]},{\"@type\":\"ImageObject\",\"inLanguage\":\"es\",\"@id\":\"https:\\\/\\\/auren.com\\\/uy\\\/noticias\\\/179-gobierno-corporativo-de-fifa-a-las-cooperativas-mas-pequenas\\\/#primaryimage\",\"url\":\"https:\\\/\\\/auren.com\\\/uy\\\/wp-content\\\/uploads\\\/2014\\\/07\\\/shutterstock-358652984.jpg\",\"contentUrl\":\"https:\\\/\\\/auren.com\\\/uy\\\/wp-content\\\/uploads\\\/2014\\\/07\\\/shutterstock-358652984.jpg\",\"width\":1000,\"height\":667},{\"@type\":\"BreadcrumbList\",\"@id\":\"https:\\\/\\\/auren.com\\\/uy\\\/noticias\\\/179-gobierno-corporativo-de-fifa-a-las-cooperativas-mas-pequenas\\\/#breadcrumb\",\"itemListElement\":[{\"@type\":\"ListItem\",\"position\":1,\"name\":\"Portada\",\"item\":\"https:\\\/\\\/auren.com\\\/uy\\\/\"},{\"@type\":\"ListItem\",\"position\":2,\"name\":\"179- GOBIERNO CORPORATIVO DE FIFA A LAS COOPERATIVAS M\u00c1S PEQUE\u00d1AS\"}]},{\"@type\":\"WebSite\",\"@id\":\"https:\\\/\\\/auren.com\\\/uy\\\/#website\",\"url\":\"https:\\\/\\\/auren.com\\\/uy\\\/\",\"name\":\"Auren Uruguay\",\"description\":\"\",\"publisher\":{\"@id\":\"https:\\\/\\\/auren.com\\\/uy\\\/#organization\"},\"potentialAction\":[{\"@type\":\"SearchAction\",\"target\":{\"@type\":\"EntryPoint\",\"urlTemplate\":\"https:\\\/\\\/auren.com\\\/uy\\\/?s={search_term_string}\"},\"query-input\":{\"@type\":\"PropertyValueSpecification\",\"valueRequired\":true,\"valueName\":\"search_term_string\"}}],\"inLanguage\":\"es\"},{\"@type\":\"Organization\",\"@id\":\"https:\\\/\\\/auren.com\\\/uy\\\/#organization\",\"name\":\"Auren Uruguay\",\"url\":\"https:\\\/\\\/auren.com\\\/uy\\\/\",\"logo\":{\"@type\":\"ImageObject\",\"inLanguage\":\"es\",\"@id\":\"https:\\\/\\\/auren.com\\\/uy\\\/#\\\/schema\\\/logo\\\/image\\\/\",\"url\":\"https:\\\/\\\/auren.com\\\/uy\\\/wp-content\\\/uploads\\\/2025\\\/01\\\/cropped-cropped-favicon-Auren.png\",\"contentUrl\":\"https:\\\/\\\/auren.com\\\/uy\\\/wp-content\\\/uploads\\\/2025\\\/01\\\/cropped-cropped-favicon-Auren.png\",\"width\":512,\"height\":512,\"caption\":\"Auren Uruguay\"},\"image\":{\"@id\":\"https:\\\/\\\/auren.com\\\/uy\\\/#\\\/schema\\\/logo\\\/image\\\/\"},\"sameAs\":[\"https:\\\/\\\/www.facebook.com\\\/aurenuruguay\",\"https:\\\/\\\/x.com\\\/AurenUruguay\",\"https:\\\/\\\/www.linkedin.com\\\/company\\\/auren-uruguay\",\"https:\\\/\\\/www.youtube.com\\\/channel\\\/UClkpSYFfsAuqdTaVF5whedQ\",\"https:\\\/\\\/www.instagram.com\\\/aurenuruguay\\\/\"]}]}<\/script>\n<!-- \/ Yoast SEO plugin. -->","yoast_head_json":{"title":"179- GOBIERNO CORPORATIVO DE FIFA A LAS COOPERATIVAS M\u00c1S PEQUE\u00d1AS - Auren Uruguay","robots":{"index":"index","follow":"follow","max-snippet":"max-snippet:-1","max-image-preview":"max-image-preview:large","max-video-preview":"max-video-preview:-1"},"canonical":"https:\/\/auren.com\/uy\/noticias\/179-gobierno-corporativo-de-fifa-a-las-cooperativas-mas-pequenas\/","og_locale":"es_ES","og_type":"article","og_title":"179- GOBIERNO CORPORATIVO DE FIFA A LAS COOPERATIVAS M\u00c1S PEQUE\u00d1AS - Auren Uruguay","og_description":"La realidad que nos ha tocado vivir a los uruguayos desde el pasado Jueves 26 con Suarez y la FIFA, &nbsp;nos lleva a proponerles analizar juntos el concepto de \u201cGobierno [&hellip;]","og_url":"https:\/\/auren.com\/uy\/noticias\/179-gobierno-corporativo-de-fifa-a-las-cooperativas-mas-pequenas\/","og_site_name":"Auren Uruguay","article_publisher":"https:\/\/www.facebook.com\/aurenuruguay","og_image":[{"width":1000,"height":667,"url":"https:\/\/auren.com\/uy\/wp-content\/uploads\/2014\/07\/shutterstock-358652984.jpg","type":"image\/jpeg"}],"twitter_card":"summary_large_image","twitter_site":"@AurenUruguay","twitter_misc":{"Tiempo de lectura":"3 minutos"},"schema":{"@context":"https:\/\/schema.org","@graph":[{"@type":"WebPage","@id":"https:\/\/auren.com\/uy\/noticias\/179-gobierno-corporativo-de-fifa-a-las-cooperativas-mas-pequenas\/","url":"https:\/\/auren.com\/uy\/noticias\/179-gobierno-corporativo-de-fifa-a-las-cooperativas-mas-pequenas\/","name":"179- GOBIERNO CORPORATIVO DE FIFA A LAS COOPERATIVAS M\u00c1S PEQUE\u00d1AS - Auren Uruguay","isPartOf":{"@id":"https:\/\/auren.com\/uy\/#website"},"primaryImageOfPage":{"@id":"https:\/\/auren.com\/uy\/noticias\/179-gobierno-corporativo-de-fifa-a-las-cooperativas-mas-pequenas\/#primaryimage"},"image":{"@id":"https:\/\/auren.com\/uy\/noticias\/179-gobierno-corporativo-de-fifa-a-las-cooperativas-mas-pequenas\/#primaryimage"},"thumbnailUrl":"https:\/\/auren.com\/uy\/wp-content\/uploads\/2014\/07\/shutterstock-358652984.jpg","datePublished":"2014-07-04T10:43:40+00:00","breadcrumb":{"@id":"https:\/\/auren.com\/uy\/noticias\/179-gobierno-corporativo-de-fifa-a-las-cooperativas-mas-pequenas\/#breadcrumb"},"inLanguage":"es","potentialAction":[{"@type":"ReadAction","target":["https:\/\/auren.com\/uy\/noticias\/179-gobierno-corporativo-de-fifa-a-las-cooperativas-mas-pequenas\/"]}]},{"@type":"ImageObject","inLanguage":"es","@id":"https:\/\/auren.com\/uy\/noticias\/179-gobierno-corporativo-de-fifa-a-las-cooperativas-mas-pequenas\/#primaryimage","url":"https:\/\/auren.com\/uy\/wp-content\/uploads\/2014\/07\/shutterstock-358652984.jpg","contentUrl":"https:\/\/auren.com\/uy\/wp-content\/uploads\/2014\/07\/shutterstock-358652984.jpg","width":1000,"height":667},{"@type":"BreadcrumbList","@id":"https:\/\/auren.com\/uy\/noticias\/179-gobierno-corporativo-de-fifa-a-las-cooperativas-mas-pequenas\/#breadcrumb","itemListElement":[{"@type":"ListItem","position":1,"name":"Portada","item":"https:\/\/auren.com\/uy\/"},{"@type":"ListItem","position":2,"name":"179- GOBIERNO CORPORATIVO DE FIFA A LAS COOPERATIVAS M\u00c1S PEQUE\u00d1AS"}]},{"@type":"WebSite","@id":"https:\/\/auren.com\/uy\/#website","url":"https:\/\/auren.com\/uy\/","name":"Auren Uruguay","description":"","publisher":{"@id":"https:\/\/auren.com\/uy\/#organization"},"potentialAction":[{"@type":"SearchAction","target":{"@type":"EntryPoint","urlTemplate":"https:\/\/auren.com\/uy\/?s={search_term_string}"},"query-input":{"@type":"PropertyValueSpecification","valueRequired":true,"valueName":"search_term_string"}}],"inLanguage":"es"},{"@type":"Organization","@id":"https:\/\/auren.com\/uy\/#organization","name":"Auren Uruguay","url":"https:\/\/auren.com\/uy\/","logo":{"@type":"ImageObject","inLanguage":"es","@id":"https:\/\/auren.com\/uy\/#\/schema\/logo\/image\/","url":"https:\/\/auren.com\/uy\/wp-content\/uploads\/2025\/01\/cropped-cropped-favicon-Auren.png","contentUrl":"https:\/\/auren.com\/uy\/wp-content\/uploads\/2025\/01\/cropped-cropped-favicon-Auren.png","width":512,"height":512,"caption":"Auren Uruguay"},"image":{"@id":"https:\/\/auren.com\/uy\/#\/schema\/logo\/image\/"},"sameAs":["https:\/\/www.facebook.com\/aurenuruguay","https:\/\/x.com\/AurenUruguay","https:\/\/www.linkedin.com\/company\/auren-uruguay","https:\/\/www.youtube.com\/channel\/UClkpSYFfsAuqdTaVF5whedQ","https:\/\/www.instagram.com\/aurenuruguay\/"]}]}},"_links":{"self":[{"href":"https:\/\/auren.com\/uy\/wp-json\/wp\/v2\/new\/11416","targetHints":{"allow":["GET"]}}],"collection":[{"href":"https:\/\/auren.com\/uy\/wp-json\/wp\/v2\/new"}],"about":[{"href":"https:\/\/auren.com\/uy\/wp-json\/wp\/v2\/types\/new"}],"version-history":[{"count":0,"href":"https:\/\/auren.com\/uy\/wp-json\/wp\/v2\/new\/11416\/revisions"}],"wp:featuredmedia":[{"embeddable":true,"href":"https:\/\/auren.com\/uy\/wp-json\/wp\/v2\/media\/11417"}],"wp:attachment":[{"href":"https:\/\/auren.com\/uy\/wp-json\/wp\/v2\/media?parent=11416"}],"wp:term":[{"taxonomy":"new-category","embeddable":true,"href":"https:\/\/auren.com\/uy\/wp-json\/wp\/v2\/new-category?post=11416"}],"curies":[{"name":"wp","href":"https:\/\/api.w.org\/{rel}","templated":true}]}}