{"id":11452,"date":"2014-05-02T13:31:12","date_gmt":"2014-05-02T11:31:12","guid":{"rendered":"https:\/\/auren.com\/uy\/new\/170-revocacion-y-desafilacion-a-la-afap\/"},"modified":"2014-05-02T13:31:12","modified_gmt":"2014-05-02T11:31:12","slug":"170-revocacion-y-desafilacion-a-la-afap","status":"publish","type":"new","link":"https:\/\/auren.com\/uy\/noticias\/170-revocacion-y-desafilacion-a-la-afap\/","title":{"rendered":"170- REVOCACI\u00d3N Y DESAFILACI\u00d3N A LA AFAP"},"content":{"rendered":"<p class=\"has-text-align-justify\">El sistema previsional creado por la <strong>Ley N\u00b0 16.713<\/strong> establece un r\u00e9gimen de aportaci\u00f3n mixto, una parte por jubilaci\u00f3n por solidaridad intergeneracional (BPS) y otra parte por ahorro individual (AFAP). Las personas mayores de 40 a\u00f1os al 01\/04\/1996 pudieron optar por quedar incluidas o no dentro del r\u00e9gimen.<\/p>\n<p class=\"has-text-align-justify\">El <strong>art\u00edculo 8\u00b0<\/strong> de la mencionada Ley prev\u00e9 una distribuci\u00f3n especial del aporte del afiliado entre BPS y la AFAP, dependiendo de la franja salarial de la persona.<\/p>\n<p class=\"has-text-align-justify\">No obstante, a principios de este a\u00f1o se reglament\u00f3 la <strong>Ley N\u00b0 19.162<\/strong> que habilita a desafiliarse de las AFAP y a revocar la opci\u00f3n prevista en el <strong>art\u00edculo 8\u00b0 de la Ley N\u00b0 16.713<\/strong>, cuyos principales aspectos comentaremos brevemente a \u00a0continuaci\u00f3n.<\/p>\n<p class=\"has-text-align-justify has-vivid-red-color has-text-color\" style=\"font-size:25px\"><strong>DESAFILIACI\u00d3N<\/strong><\/p>\n<p class=\"has-text-align-justify\">Aquellas personas que optaron en forma voluntaria por quedar incluidas en el r\u00e9gimen jubilatorio mixto pueden dejar sin efecto dicha opci\u00f3n con car\u00e1cter retroactivo a la fecha que ingresaron al sistema.<\/p>\n<p class=\"has-text-align-justify has-vivid-red-color has-text-color\" style=\"font-size:25px\"><strong>REVOCACI\u00d3N<\/strong><\/p>\n<p class=\"has-text-align-justify\">La nueva Ley habilita a revocar su opci\u00f3n a partir de los 40 y hasta los 50 a\u00f1os de edad, siempre y cuando la persona no se hallare en goce de alguna jubilaci\u00f3n amparada por el r\u00e9gimen previsional mixto.<\/p>\n<p class=\"has-text-align-justify\">Por lo tanto esto significa que los fondos ir\u00e1n 100% al BPS y no a la AFAP.<\/p>\n<p class=\"has-text-align-justify\">Tanto la desafiliaci\u00f3n como la revocaci\u00f3n podr\u00e1n realizarse por \u00fanica vez y tendr\u00e1n car\u00e1cter irrevocable, y ser\u00e1 el BPS el organismo ante el cual se deber\u00e1 formalizar la situaci\u00f3n.<\/p>\n<p class=\"has-text-align-justify has-vivid-red-color has-text-color\" style=\"font-size:25px\"><strong>\u00bfQui\u00e9nes NO est\u00e1n comprendidos?<\/strong><\/p>\n<p class=\"has-text-align-justify\">&#8211; Lo que han permanecido en el R\u00e9gimen de Transici\u00f3n (BPS).<\/p>\n<p class=\"has-text-align-justify\">&#8211; Quienes no est\u00e1n en el R\u00e9gimen Mixto (BPS+AFAP).<\/p>\n<p class=\"has-text-align-justify\">&#8211; Quienes ya tengan una jubilaci\u00f3n por dicho R\u00e9gimen.<\/p>\n<p class=\"has-text-align-justify has-vivid-red-color has-text-color\" style=\"font-size:25px\"><strong>\u00bfC\u00f3mo se solicita la desafiliaci\u00f3n o revocaci\u00f3n?<\/strong><\/p>\n<p class=\"has-text-align-justify\">Previo a la solicitud es obligatorio recibir asesoramiento de BPS, quien dispondr\u00e1 de un plazo m\u00e1ximo de un a\u00f1o para brindarlo. El asesoramiento consiste en la estimaci\u00f3n de la jubilaci\u00f3n futura considerando la desafiliaci\u00f3n, revocaci\u00f3n o manteniendo las opciones realizadas oportunamente.<\/p>\n<p class=\"has-text-align-justify\">Una vez que la persona tuvo el asesoramiento de BPS tiene un plazo de <strong>90 d\u00edas<\/strong> para realizar la revocaci\u00f3n o desafiliaci\u00f3n.<\/p>\n<p class=\"has-text-align-justify\">Si el interesado no concurre a recibir asesoramiento o no concreta la revocaci\u00f3n o desafiliaci\u00f3n, el tr\u00e1mite quedar\u00e1 sin efecto. Mediante habilitaci\u00f3n especial podr\u00e1 por \u00fanica vez presentar una nueva solicitud.<\/p>\n<p class=\"has-text-align-justify has-vivid-red-color has-text-color\" style=\"font-size:25px\"><strong>\u00bfQu\u00e9 implica la desafiliaci\u00f3n de la AFAP?<\/strong><\/p>\n<p class=\"has-text-align-justify\">La <strong>Ley N\u00b0 16.713<\/strong> estableci\u00f3 un tope de aportaci\u00f3n, usualmente llamado \u201ctope de AFAP\u201d (actualmente $ 106.549). Esto consiste en que la persona solo realiza aportes jubilatorios hasta ese monto. Quienes opten por la desafiliaci\u00f3n de la AFAP deber\u00e1n abonar al BPS, sin multas ni recargos, los aportes personales no realizados, es decir el 15% sobre la diferencia entre el salario percibido y el tope mencionado. Lo adeudado se convertir\u00e1 en Unidades Reajustables de acuerdo a la cotizaci\u00f3n de cada mes en que debi\u00f3 efectuarse el aporte del mes de cargo correspondiente. El monto resultante ser\u00e1 pagadero hasta en 72 cuotas mensuales.<\/p>\n<p class=\"has-text-align-justify has-vivid-red-color has-text-color\" style=\"font-size:25px\"><strong>Otras consideraciones<\/strong><\/p>\n<p class=\"has-text-align-justify\">La nueva Ley establece otras modificaciones al r\u00e9gimen actual:<\/p>\n<p class=\"has-text-align-justify\">&#8211; <strong><em>Servicios Bonificados<\/em><\/strong>: en el momento de la determinaci\u00f3n de la jubilaci\u00f3n por ahorro individual, para aquellas personas que tengan servicios bonificados se considerar\u00e1 la edad real m\u00e1s la correspondiente bonificaci\u00f3n (anteriormente no consideraba dicha bonificaci\u00f3n).<\/p>\n<p class=\"has-text-align-justify\">&#8211; <strong><em>Asignaci\u00f3n AFAP de oficio<\/em><\/strong>: ser\u00e1 efectuada en funci\u00f3n del menor valor de las comisiones que existan entre las AFAP; actualmente se asignaba de acuerdo a la cantidad de afiliados que cada AFAP ten\u00eda.<\/p>\n<p class=\"has-text-align-justify\">El plazo para solicitar el asesoramiento de BPS finaliza el 31 de enero de 2016.<\/p>\n<p><!-- AddThis Advanced Settings generic via filter on the_content --><!-- AddThis Share Buttons generic via filter on the_content --><\/p>\n","protected":false},"excerpt":{"rendered":"<p>El sistema previsional creado por la Ley N\u00b0 16.713 establece un r\u00e9gimen de aportaci\u00f3n mixto, una parte por jubilaci\u00f3n por solidaridad intergeneracional (BPS) y otra parte por ahorro individual (AFAP). [&hellip;]<\/p>\n","protected":false},"featured_media":11453,"template":"","meta":{"_acf_changed":false,"footnotes":""},"new-category":[],"class_list":["post-11452","new","type-new","status-publish","has-post-thumbnail","hentry"],"acf":[],"yoast_head":"<!-- This site is optimized with the Yoast SEO plugin v27.4 - https:\/\/yoast.com\/product\/yoast-seo-wordpress\/ -->\n<title>170- REVOCACI\u00d3N Y DESAFILACI\u00d3N A LA AFAP - Auren Uruguay<\/title>\n<meta name=\"robots\" content=\"index, follow, max-snippet:-1, max-image-preview:large, max-video-preview:-1\" \/>\n<link rel=\"canonical\" href=\"https:\/\/auren.com\/uy\/noticias\/170-revocacion-y-desafilacion-a-la-afap\/\" \/>\n<meta property=\"og:locale\" content=\"es_ES\" \/>\n<meta property=\"og:type\" content=\"article\" \/>\n<meta property=\"og:title\" content=\"170- REVOCACI\u00d3N Y DESAFILACI\u00d3N A LA AFAP - Auren Uruguay\" \/>\n<meta property=\"og:description\" content=\"El sistema previsional creado por la Ley N\u00b0 16.713 establece un r\u00e9gimen de aportaci\u00f3n mixto, una parte por jubilaci\u00f3n por solidaridad intergeneracional (BPS) y otra parte por ahorro individual (AFAP). [&hellip;]\" \/>\n<meta property=\"og:url\" content=\"https:\/\/auren.com\/uy\/noticias\/170-revocacion-y-desafilacion-a-la-afap\/\" \/>\n<meta property=\"og:site_name\" content=\"Auren Uruguay\" \/>\n<meta property=\"article:publisher\" content=\"https:\/\/www.facebook.com\/aurenuruguay\" \/>\n<meta property=\"og:image\" content=\"https:\/\/auren.com\/uy\/wp-content\/uploads\/2014\/05\/photo-1450101499163-c8848c66ca85.jpeg\" \/>\n\t<meta property=\"og:image:width\" content=\"1950\" \/>\n\t<meta property=\"og:image:height\" content=\"1301\" \/>\n\t<meta property=\"og:image:type\" content=\"image\/jpeg\" \/>\n<meta name=\"twitter:card\" content=\"summary_large_image\" \/>\n<meta name=\"twitter:site\" content=\"@AurenUruguay\" \/>\n<meta name=\"twitter:label1\" content=\"Tiempo de lectura\" \/>\n\t<meta name=\"twitter:data1\" content=\"3 minutos\" \/>\n<script type=\"application\/ld+json\" class=\"yoast-schema-graph\">{\"@context\":\"https:\\\/\\\/schema.org\",\"@graph\":[{\"@type\":\"WebPage\",\"@id\":\"https:\\\/\\\/auren.com\\\/uy\\\/noticias\\\/170-revocacion-y-desafilacion-a-la-afap\\\/\",\"url\":\"https:\\\/\\\/auren.com\\\/uy\\\/noticias\\\/170-revocacion-y-desafilacion-a-la-afap\\\/\",\"name\":\"170- REVOCACI\u00d3N Y DESAFILACI\u00d3N A LA AFAP - Auren Uruguay\",\"isPartOf\":{\"@id\":\"https:\\\/\\\/auren.com\\\/uy\\\/#website\"},\"primaryImageOfPage\":{\"@id\":\"https:\\\/\\\/auren.com\\\/uy\\\/noticias\\\/170-revocacion-y-desafilacion-a-la-afap\\\/#primaryimage\"},\"image\":{\"@id\":\"https:\\\/\\\/auren.com\\\/uy\\\/noticias\\\/170-revocacion-y-desafilacion-a-la-afap\\\/#primaryimage\"},\"thumbnailUrl\":\"https:\\\/\\\/auren.com\\\/uy\\\/wp-content\\\/uploads\\\/2014\\\/05\\\/photo-1450101499163-c8848c66ca85.jpeg\",\"datePublished\":\"2014-05-02T11:31:12+00:00\",\"breadcrumb\":{\"@id\":\"https:\\\/\\\/auren.com\\\/uy\\\/noticias\\\/170-revocacion-y-desafilacion-a-la-afap\\\/#breadcrumb\"},\"inLanguage\":\"es\",\"potentialAction\":[{\"@type\":\"ReadAction\",\"target\":[\"https:\\\/\\\/auren.com\\\/uy\\\/noticias\\\/170-revocacion-y-desafilacion-a-la-afap\\\/\"]}]},{\"@type\":\"ImageObject\",\"inLanguage\":\"es\",\"@id\":\"https:\\\/\\\/auren.com\\\/uy\\\/noticias\\\/170-revocacion-y-desafilacion-a-la-afap\\\/#primaryimage\",\"url\":\"https:\\\/\\\/auren.com\\\/uy\\\/wp-content\\\/uploads\\\/2014\\\/05\\\/photo-1450101499163-c8848c66ca85.jpeg\",\"contentUrl\":\"https:\\\/\\\/auren.com\\\/uy\\\/wp-content\\\/uploads\\\/2014\\\/05\\\/photo-1450101499163-c8848c66ca85.jpeg\",\"width\":1950,\"height\":1301},{\"@type\":\"BreadcrumbList\",\"@id\":\"https:\\\/\\\/auren.com\\\/uy\\\/noticias\\\/170-revocacion-y-desafilacion-a-la-afap\\\/#breadcrumb\",\"itemListElement\":[{\"@type\":\"ListItem\",\"position\":1,\"name\":\"Portada\",\"item\":\"https:\\\/\\\/auren.com\\\/uy\\\/\"},{\"@type\":\"ListItem\",\"position\":2,\"name\":\"170- REVOCACI\u00d3N Y DESAFILACI\u00d3N A LA AFAP\"}]},{\"@type\":\"WebSite\",\"@id\":\"https:\\\/\\\/auren.com\\\/uy\\\/#website\",\"url\":\"https:\\\/\\\/auren.com\\\/uy\\\/\",\"name\":\"Auren Uruguay\",\"description\":\"\",\"publisher\":{\"@id\":\"https:\\\/\\\/auren.com\\\/uy\\\/#organization\"},\"potentialAction\":[{\"@type\":\"SearchAction\",\"target\":{\"@type\":\"EntryPoint\",\"urlTemplate\":\"https:\\\/\\\/auren.com\\\/uy\\\/?s={search_term_string}\"},\"query-input\":{\"@type\":\"PropertyValueSpecification\",\"valueRequired\":true,\"valueName\":\"search_term_string\"}}],\"inLanguage\":\"es\"},{\"@type\":\"Organization\",\"@id\":\"https:\\\/\\\/auren.com\\\/uy\\\/#organization\",\"name\":\"Auren Uruguay\",\"url\":\"https:\\\/\\\/auren.com\\\/uy\\\/\",\"logo\":{\"@type\":\"ImageObject\",\"inLanguage\":\"es\",\"@id\":\"https:\\\/\\\/auren.com\\\/uy\\\/#\\\/schema\\\/logo\\\/image\\\/\",\"url\":\"https:\\\/\\\/auren.com\\\/uy\\\/wp-content\\\/uploads\\\/2025\\\/01\\\/cropped-cropped-favicon-Auren.png\",\"contentUrl\":\"https:\\\/\\\/auren.com\\\/uy\\\/wp-content\\\/uploads\\\/2025\\\/01\\\/cropped-cropped-favicon-Auren.png\",\"width\":512,\"height\":512,\"caption\":\"Auren Uruguay\"},\"image\":{\"@id\":\"https:\\\/\\\/auren.com\\\/uy\\\/#\\\/schema\\\/logo\\\/image\\\/\"},\"sameAs\":[\"https:\\\/\\\/www.facebook.com\\\/aurenuruguay\",\"https:\\\/\\\/x.com\\\/AurenUruguay\",\"https:\\\/\\\/www.linkedin.com\\\/company\\\/auren-uruguay\",\"https:\\\/\\\/www.youtube.com\\\/channel\\\/UClkpSYFfsAuqdTaVF5whedQ\",\"https:\\\/\\\/www.instagram.com\\\/aurenuruguay\\\/\"]}]}<\/script>\n<!-- \/ Yoast SEO plugin. -->","yoast_head_json":{"title":"170- REVOCACI\u00d3N Y DESAFILACI\u00d3N A LA AFAP - Auren Uruguay","robots":{"index":"index","follow":"follow","max-snippet":"max-snippet:-1","max-image-preview":"max-image-preview:large","max-video-preview":"max-video-preview:-1"},"canonical":"https:\/\/auren.com\/uy\/noticias\/170-revocacion-y-desafilacion-a-la-afap\/","og_locale":"es_ES","og_type":"article","og_title":"170- REVOCACI\u00d3N Y DESAFILACI\u00d3N A LA AFAP - Auren Uruguay","og_description":"El sistema previsional creado por la Ley N\u00b0 16.713 establece un r\u00e9gimen de aportaci\u00f3n mixto, una parte por jubilaci\u00f3n por solidaridad intergeneracional (BPS) y otra parte por ahorro individual (AFAP). [&hellip;]","og_url":"https:\/\/auren.com\/uy\/noticias\/170-revocacion-y-desafilacion-a-la-afap\/","og_site_name":"Auren Uruguay","article_publisher":"https:\/\/www.facebook.com\/aurenuruguay","og_image":[{"width":1950,"height":1301,"url":"https:\/\/auren.com\/uy\/wp-content\/uploads\/2014\/05\/photo-1450101499163-c8848c66ca85.jpeg","type":"image\/jpeg"}],"twitter_card":"summary_large_image","twitter_site":"@AurenUruguay","twitter_misc":{"Tiempo de lectura":"3 minutos"},"schema":{"@context":"https:\/\/schema.org","@graph":[{"@type":"WebPage","@id":"https:\/\/auren.com\/uy\/noticias\/170-revocacion-y-desafilacion-a-la-afap\/","url":"https:\/\/auren.com\/uy\/noticias\/170-revocacion-y-desafilacion-a-la-afap\/","name":"170- REVOCACI\u00d3N Y DESAFILACI\u00d3N A LA AFAP - Auren Uruguay","isPartOf":{"@id":"https:\/\/auren.com\/uy\/#website"},"primaryImageOfPage":{"@id":"https:\/\/auren.com\/uy\/noticias\/170-revocacion-y-desafilacion-a-la-afap\/#primaryimage"},"image":{"@id":"https:\/\/auren.com\/uy\/noticias\/170-revocacion-y-desafilacion-a-la-afap\/#primaryimage"},"thumbnailUrl":"https:\/\/auren.com\/uy\/wp-content\/uploads\/2014\/05\/photo-1450101499163-c8848c66ca85.jpeg","datePublished":"2014-05-02T11:31:12+00:00","breadcrumb":{"@id":"https:\/\/auren.com\/uy\/noticias\/170-revocacion-y-desafilacion-a-la-afap\/#breadcrumb"},"inLanguage":"es","potentialAction":[{"@type":"ReadAction","target":["https:\/\/auren.com\/uy\/noticias\/170-revocacion-y-desafilacion-a-la-afap\/"]}]},{"@type":"ImageObject","inLanguage":"es","@id":"https:\/\/auren.com\/uy\/noticias\/170-revocacion-y-desafilacion-a-la-afap\/#primaryimage","url":"https:\/\/auren.com\/uy\/wp-content\/uploads\/2014\/05\/photo-1450101499163-c8848c66ca85.jpeg","contentUrl":"https:\/\/auren.com\/uy\/wp-content\/uploads\/2014\/05\/photo-1450101499163-c8848c66ca85.jpeg","width":1950,"height":1301},{"@type":"BreadcrumbList","@id":"https:\/\/auren.com\/uy\/noticias\/170-revocacion-y-desafilacion-a-la-afap\/#breadcrumb","itemListElement":[{"@type":"ListItem","position":1,"name":"Portada","item":"https:\/\/auren.com\/uy\/"},{"@type":"ListItem","position":2,"name":"170- REVOCACI\u00d3N Y DESAFILACI\u00d3N A LA AFAP"}]},{"@type":"WebSite","@id":"https:\/\/auren.com\/uy\/#website","url":"https:\/\/auren.com\/uy\/","name":"Auren Uruguay","description":"","publisher":{"@id":"https:\/\/auren.com\/uy\/#organization"},"potentialAction":[{"@type":"SearchAction","target":{"@type":"EntryPoint","urlTemplate":"https:\/\/auren.com\/uy\/?s={search_term_string}"},"query-input":{"@type":"PropertyValueSpecification","valueRequired":true,"valueName":"search_term_string"}}],"inLanguage":"es"},{"@type":"Organization","@id":"https:\/\/auren.com\/uy\/#organization","name":"Auren Uruguay","url":"https:\/\/auren.com\/uy\/","logo":{"@type":"ImageObject","inLanguage":"es","@id":"https:\/\/auren.com\/uy\/#\/schema\/logo\/image\/","url":"https:\/\/auren.com\/uy\/wp-content\/uploads\/2025\/01\/cropped-cropped-favicon-Auren.png","contentUrl":"https:\/\/auren.com\/uy\/wp-content\/uploads\/2025\/01\/cropped-cropped-favicon-Auren.png","width":512,"height":512,"caption":"Auren Uruguay"},"image":{"@id":"https:\/\/auren.com\/uy\/#\/schema\/logo\/image\/"},"sameAs":["https:\/\/www.facebook.com\/aurenuruguay","https:\/\/x.com\/AurenUruguay","https:\/\/www.linkedin.com\/company\/auren-uruguay","https:\/\/www.youtube.com\/channel\/UClkpSYFfsAuqdTaVF5whedQ","https:\/\/www.instagram.com\/aurenuruguay\/"]}]}},"_links":{"self":[{"href":"https:\/\/auren.com\/uy\/wp-json\/wp\/v2\/new\/11452","targetHints":{"allow":["GET"]}}],"collection":[{"href":"https:\/\/auren.com\/uy\/wp-json\/wp\/v2\/new"}],"about":[{"href":"https:\/\/auren.com\/uy\/wp-json\/wp\/v2\/types\/new"}],"version-history":[{"count":0,"href":"https:\/\/auren.com\/uy\/wp-json\/wp\/v2\/new\/11452\/revisions"}],"wp:featuredmedia":[{"embeddable":true,"href":"https:\/\/auren.com\/uy\/wp-json\/wp\/v2\/media\/11453"}],"wp:attachment":[{"href":"https:\/\/auren.com\/uy\/wp-json\/wp\/v2\/media?parent=11452"}],"wp:term":[{"taxonomy":"new-category","embeddable":true,"href":"https:\/\/auren.com\/uy\/wp-json\/wp\/v2\/new-category?post=11452"}],"curies":[{"name":"wp","href":"https:\/\/api.w.org\/{rel}","templated":true}]}}