{"id":11464,"date":"2014-04-04T14:28:36","date_gmt":"2014-04-04T12:28:36","guid":{"rendered":"https:\/\/auren.com\/uy\/new\/167-responsabilidad-penal-de-los-empresarios\/"},"modified":"2014-04-04T14:28:36","modified_gmt":"2014-04-04T12:28:36","slug":"167-responsabilidad-penal-de-los-empresarios","status":"publish","type":"new","link":"https:\/\/auren.com\/uy\/noticias\/167-responsabilidad-penal-de-los-empresarios\/","title":{"rendered":"167- RESPONSABILIDAD PENAL DE LOS EMPRESARIOS"},"content":{"rendered":"<p class=\"has-text-align-justify\">Esta nueva ley \u00bfintenta evitar realmente los accidentes laborales? o \u00bfse trata de aplicar dr\u00e1sticamente una sanci\u00f3n PENAL a situaciones que ya se encontraban en leyes anteriores? \u00a0o \u00bfes el fruto de una presi\u00f3n sindical y pol\u00edtica?<\/p>\n<p class=\"has-text-align-justify\">La <strong>Ley N\u00ba 19.196<\/strong>, promulgada recientemente es el resultado de un proyecto presentado hace unos a\u00f1os y que entra en vigencia en pocos d\u00edas y a la cual debemos prestarle atenci\u00f3n ya que cualquiera podr\u00eda estar incluido en una situaci\u00f3n de responsabilidad penal.<\/p>\n<p class=\"has-text-align-justify\">En principio lo que se intenta es \u00a0solucionar problemas de seguridad que existen sobre todo en el \u00e1mbito de la construcci\u00f3n y que son de notorio conocimiento, pero no queda liberado cualquier empleador que bajo su responsabilidad tenga un dependiente y \u00e9ste sufra un accidente laboral.<\/p>\n<p class=\"has-text-align-justify\">En el primer art\u00edculo de la ley se hace un profundo \u00e9nfasis en la RESPONSABILIDAD PENAL al establecer que <em>\u201cEl empleador, o en su caso, quien ejerciendo efectivamente en su nombre el poder de direcci\u00f3n en la empresa, no adoptaren los medios de resguardo y seguridad laboral previstos en la ley y su reglamentaci\u00f3n, de forma que pongan en peligro grave y concreto, la vida, la salud o la integridad f\u00edsica del trabajador, ser\u00e1n castigados con tres meses a veinticuatro meses de prisi\u00f3n\u201d.<\/em><\/p>\n<p class=\"has-text-align-justify\">Al momento de responsabilizar a los empresarios se deber\u00e1 demostrar: <\/p>\n<p class=\"has-text-align-justify\">1) la calidad de empleador o representante de \u00e9ste. <\/p>\n<p class=\"has-text-align-justify\">2) que se ha incumplido con las medidas de seguridad laboral. <\/p>\n<p class=\"has-text-align-justify\">3) el peligro de vida o integridad f\u00edsica del trabajador fuera producto del incumplimiento de las medidas de seguridad.<\/p>\n<p class=\"has-text-align-justify\">Se intenta sancionar penalmente al empleador que no cumpla con la normativa vigente que regula la integridad f\u00edsica y la vida de los empleados, seguridad, higiene, salud ocupacional y prevenci\u00f3n de accidentes de trabajo.<\/p>\n<p class=\"has-text-align-justify\">El juez en materia penal ser\u00e1 quien tendr\u00e1 la facultad de determinar si existen m\u00e9ritos suficientes para responsabilizar al empleador por el accidente ocurrid, pero \u00bfqu\u00e9 sucede en aquellas situaciones en que el omiso ha sido el empleado al no utilizar los elementos de seguridad proporcionados por empleador? En este caso ser\u00e1 el juez quien deber\u00e1 decidir sobre la responsabilidad, ya que no ser\u00eda l\u00f3gico que recayera sanci\u00f3n sobre el empleador.<\/p>\n<p class=\"has-text-align-justify\">Se cuestiona si realmente los jueces penales est\u00e1n capacitados para resolver sobre situaciones que muchas veces ni las propias partes involucradas se han podido poner de acuerdo.<\/p>\n<p class=\"has-text-align-justify\">No cabe duda que la ley al primero que intenta responsabilizar es al empleador, pero tambi\u00e9n responsabiliza a quienes ejerzan el poder de direcci\u00f3n: directores de sociedades an\u00f3nimas por ejemplo. Tambi\u00e9n podr\u00edan ser responsabilizados aquellos sujetos que ejerzan poderes jer\u00e1rquicos dentro de la empresa (gerentes) por tener a su cargo el control del cumplimiento de las medidas de seguridad e higiene laboral.<\/p>\n<p class=\"has-text-align-justify\">A pocos d\u00edas de la aprobaci\u00f3n de la ley ya se est\u00e1 hablando de su <strong>inconstitucionalidad, <\/strong>fundada en el apartamiento del principio de legalidad o en la indeterminaci\u00f3n de la figura del empleador o la de quien <em>ejerce el poder de direcci\u00f3n<\/em>.<\/p>\n<p class=\"has-text-align-justify\">En conclusi\u00f3n, habr\u00e1 que esperar que tanto \u00a0empleadores como trabajadores tomen las precauciones debidas en materia de seguridad, y en caso contrario, la responsabilidad ser\u00e1 evaluada caso a caso por el juez penal.<\/p>\n<p><!-- AddThis Advanced Settings generic via filter on the_content --><!-- AddThis Share Buttons generic via filter on the_content --><\/p>\n","protected":false},"excerpt":{"rendered":"<p>Esta nueva ley \u00bfintenta evitar realmente los accidentes laborales? o \u00bfse trata de aplicar dr\u00e1sticamente una sanci\u00f3n PENAL a situaciones que ya se encontraban en leyes anteriores? \u00a0o \u00bfes el [&hellip;]<\/p>\n","protected":false},"featured_media":11465,"template":"","meta":{"_acf_changed":false,"footnotes":""},"new-category":[],"class_list":["post-11464","new","type-new","status-publish","has-post-thumbnail","hentry"],"acf":[],"yoast_head":"<!-- This site is optimized with the Yoast SEO plugin v27.4 - https:\/\/yoast.com\/product\/yoast-seo-wordpress\/ -->\n<title>167- RESPONSABILIDAD PENAL DE LOS EMPRESARIOS - Auren Uruguay<\/title>\n<meta name=\"robots\" content=\"index, follow, max-snippet:-1, max-image-preview:large, max-video-preview:-1\" \/>\n<link rel=\"canonical\" href=\"https:\/\/auren.com\/uy\/noticias\/167-responsabilidad-penal-de-los-empresarios\/\" \/>\n<meta property=\"og:locale\" content=\"es_ES\" \/>\n<meta property=\"og:type\" content=\"article\" \/>\n<meta property=\"og:title\" content=\"167- RESPONSABILIDAD PENAL DE LOS EMPRESARIOS - Auren Uruguay\" \/>\n<meta property=\"og:description\" content=\"Esta nueva ley \u00bfintenta evitar realmente los accidentes laborales? o \u00bfse trata de aplicar dr\u00e1sticamente una sanci\u00f3n PENAL a situaciones que ya se encontraban en leyes anteriores? \u00a0o \u00bfes el [&hellip;]\" \/>\n<meta property=\"og:url\" content=\"https:\/\/auren.com\/uy\/noticias\/167-responsabilidad-penal-de-los-empresarios\/\" \/>\n<meta property=\"og:site_name\" content=\"Auren Uruguay\" \/>\n<meta property=\"article:publisher\" content=\"https:\/\/www.facebook.com\/aurenuruguay\" \/>\n<meta property=\"og:image\" content=\"https:\/\/auren.com\/uy\/wp-content\/uploads\/2014\/04\/shutterstock-358652984.jpg\" \/>\n\t<meta property=\"og:image:width\" content=\"1000\" \/>\n\t<meta property=\"og:image:height\" content=\"667\" \/>\n\t<meta property=\"og:image:type\" content=\"image\/jpeg\" \/>\n<meta name=\"twitter:card\" content=\"summary_large_image\" \/>\n<meta name=\"twitter:site\" content=\"@AurenUruguay\" \/>\n<meta name=\"twitter:label1\" content=\"Tiempo de lectura\" \/>\n\t<meta name=\"twitter:data1\" content=\"3 minutos\" \/>\n<script type=\"application\/ld+json\" class=\"yoast-schema-graph\">{\"@context\":\"https:\\\/\\\/schema.org\",\"@graph\":[{\"@type\":\"WebPage\",\"@id\":\"https:\\\/\\\/auren.com\\\/uy\\\/noticias\\\/167-responsabilidad-penal-de-los-empresarios\\\/\",\"url\":\"https:\\\/\\\/auren.com\\\/uy\\\/noticias\\\/167-responsabilidad-penal-de-los-empresarios\\\/\",\"name\":\"167- RESPONSABILIDAD PENAL DE LOS EMPRESARIOS - Auren Uruguay\",\"isPartOf\":{\"@id\":\"https:\\\/\\\/auren.com\\\/uy\\\/#website\"},\"primaryImageOfPage\":{\"@id\":\"https:\\\/\\\/auren.com\\\/uy\\\/noticias\\\/167-responsabilidad-penal-de-los-empresarios\\\/#primaryimage\"},\"image\":{\"@id\":\"https:\\\/\\\/auren.com\\\/uy\\\/noticias\\\/167-responsabilidad-penal-de-los-empresarios\\\/#primaryimage\"},\"thumbnailUrl\":\"https:\\\/\\\/auren.com\\\/uy\\\/wp-content\\\/uploads\\\/2014\\\/04\\\/shutterstock-358652984.jpg\",\"datePublished\":\"2014-04-04T12:28:36+00:00\",\"breadcrumb\":{\"@id\":\"https:\\\/\\\/auren.com\\\/uy\\\/noticias\\\/167-responsabilidad-penal-de-los-empresarios\\\/#breadcrumb\"},\"inLanguage\":\"es\",\"potentialAction\":[{\"@type\":\"ReadAction\",\"target\":[\"https:\\\/\\\/auren.com\\\/uy\\\/noticias\\\/167-responsabilidad-penal-de-los-empresarios\\\/\"]}]},{\"@type\":\"ImageObject\",\"inLanguage\":\"es\",\"@id\":\"https:\\\/\\\/auren.com\\\/uy\\\/noticias\\\/167-responsabilidad-penal-de-los-empresarios\\\/#primaryimage\",\"url\":\"https:\\\/\\\/auren.com\\\/uy\\\/wp-content\\\/uploads\\\/2014\\\/04\\\/shutterstock-358652984.jpg\",\"contentUrl\":\"https:\\\/\\\/auren.com\\\/uy\\\/wp-content\\\/uploads\\\/2014\\\/04\\\/shutterstock-358652984.jpg\",\"width\":1000,\"height\":667},{\"@type\":\"BreadcrumbList\",\"@id\":\"https:\\\/\\\/auren.com\\\/uy\\\/noticias\\\/167-responsabilidad-penal-de-los-empresarios\\\/#breadcrumb\",\"itemListElement\":[{\"@type\":\"ListItem\",\"position\":1,\"name\":\"Portada\",\"item\":\"https:\\\/\\\/auren.com\\\/uy\\\/\"},{\"@type\":\"ListItem\",\"position\":2,\"name\":\"167- RESPONSABILIDAD PENAL DE LOS EMPRESARIOS\"}]},{\"@type\":\"WebSite\",\"@id\":\"https:\\\/\\\/auren.com\\\/uy\\\/#website\",\"url\":\"https:\\\/\\\/auren.com\\\/uy\\\/\",\"name\":\"Auren Uruguay\",\"description\":\"\",\"publisher\":{\"@id\":\"https:\\\/\\\/auren.com\\\/uy\\\/#organization\"},\"potentialAction\":[{\"@type\":\"SearchAction\",\"target\":{\"@type\":\"EntryPoint\",\"urlTemplate\":\"https:\\\/\\\/auren.com\\\/uy\\\/?s={search_term_string}\"},\"query-input\":{\"@type\":\"PropertyValueSpecification\",\"valueRequired\":true,\"valueName\":\"search_term_string\"}}],\"inLanguage\":\"es\"},{\"@type\":\"Organization\",\"@id\":\"https:\\\/\\\/auren.com\\\/uy\\\/#organization\",\"name\":\"Auren Uruguay\",\"url\":\"https:\\\/\\\/auren.com\\\/uy\\\/\",\"logo\":{\"@type\":\"ImageObject\",\"inLanguage\":\"es\",\"@id\":\"https:\\\/\\\/auren.com\\\/uy\\\/#\\\/schema\\\/logo\\\/image\\\/\",\"url\":\"https:\\\/\\\/auren.com\\\/uy\\\/wp-content\\\/uploads\\\/2025\\\/01\\\/cropped-cropped-favicon-Auren.png\",\"contentUrl\":\"https:\\\/\\\/auren.com\\\/uy\\\/wp-content\\\/uploads\\\/2025\\\/01\\\/cropped-cropped-favicon-Auren.png\",\"width\":512,\"height\":512,\"caption\":\"Auren Uruguay\"},\"image\":{\"@id\":\"https:\\\/\\\/auren.com\\\/uy\\\/#\\\/schema\\\/logo\\\/image\\\/\"},\"sameAs\":[\"https:\\\/\\\/www.facebook.com\\\/aurenuruguay\",\"https:\\\/\\\/x.com\\\/AurenUruguay\",\"https:\\\/\\\/www.linkedin.com\\\/company\\\/auren-uruguay\",\"https:\\\/\\\/www.youtube.com\\\/channel\\\/UClkpSYFfsAuqdTaVF5whedQ\",\"https:\\\/\\\/www.instagram.com\\\/aurenuruguay\\\/\"]}]}<\/script>\n<!-- \/ Yoast SEO plugin. -->","yoast_head_json":{"title":"167- RESPONSABILIDAD PENAL DE LOS EMPRESARIOS - Auren Uruguay","robots":{"index":"index","follow":"follow","max-snippet":"max-snippet:-1","max-image-preview":"max-image-preview:large","max-video-preview":"max-video-preview:-1"},"canonical":"https:\/\/auren.com\/uy\/noticias\/167-responsabilidad-penal-de-los-empresarios\/","og_locale":"es_ES","og_type":"article","og_title":"167- RESPONSABILIDAD PENAL DE LOS EMPRESARIOS - Auren Uruguay","og_description":"Esta nueva ley \u00bfintenta evitar realmente los accidentes laborales? o \u00bfse trata de aplicar dr\u00e1sticamente una sanci\u00f3n PENAL a situaciones que ya se encontraban en leyes anteriores? \u00a0o \u00bfes el [&hellip;]","og_url":"https:\/\/auren.com\/uy\/noticias\/167-responsabilidad-penal-de-los-empresarios\/","og_site_name":"Auren Uruguay","article_publisher":"https:\/\/www.facebook.com\/aurenuruguay","og_image":[{"width":1000,"height":667,"url":"https:\/\/auren.com\/uy\/wp-content\/uploads\/2014\/04\/shutterstock-358652984.jpg","type":"image\/jpeg"}],"twitter_card":"summary_large_image","twitter_site":"@AurenUruguay","twitter_misc":{"Tiempo de lectura":"3 minutos"},"schema":{"@context":"https:\/\/schema.org","@graph":[{"@type":"WebPage","@id":"https:\/\/auren.com\/uy\/noticias\/167-responsabilidad-penal-de-los-empresarios\/","url":"https:\/\/auren.com\/uy\/noticias\/167-responsabilidad-penal-de-los-empresarios\/","name":"167- RESPONSABILIDAD PENAL DE LOS EMPRESARIOS - Auren Uruguay","isPartOf":{"@id":"https:\/\/auren.com\/uy\/#website"},"primaryImageOfPage":{"@id":"https:\/\/auren.com\/uy\/noticias\/167-responsabilidad-penal-de-los-empresarios\/#primaryimage"},"image":{"@id":"https:\/\/auren.com\/uy\/noticias\/167-responsabilidad-penal-de-los-empresarios\/#primaryimage"},"thumbnailUrl":"https:\/\/auren.com\/uy\/wp-content\/uploads\/2014\/04\/shutterstock-358652984.jpg","datePublished":"2014-04-04T12:28:36+00:00","breadcrumb":{"@id":"https:\/\/auren.com\/uy\/noticias\/167-responsabilidad-penal-de-los-empresarios\/#breadcrumb"},"inLanguage":"es","potentialAction":[{"@type":"ReadAction","target":["https:\/\/auren.com\/uy\/noticias\/167-responsabilidad-penal-de-los-empresarios\/"]}]},{"@type":"ImageObject","inLanguage":"es","@id":"https:\/\/auren.com\/uy\/noticias\/167-responsabilidad-penal-de-los-empresarios\/#primaryimage","url":"https:\/\/auren.com\/uy\/wp-content\/uploads\/2014\/04\/shutterstock-358652984.jpg","contentUrl":"https:\/\/auren.com\/uy\/wp-content\/uploads\/2014\/04\/shutterstock-358652984.jpg","width":1000,"height":667},{"@type":"BreadcrumbList","@id":"https:\/\/auren.com\/uy\/noticias\/167-responsabilidad-penal-de-los-empresarios\/#breadcrumb","itemListElement":[{"@type":"ListItem","position":1,"name":"Portada","item":"https:\/\/auren.com\/uy\/"},{"@type":"ListItem","position":2,"name":"167- RESPONSABILIDAD PENAL DE LOS EMPRESARIOS"}]},{"@type":"WebSite","@id":"https:\/\/auren.com\/uy\/#website","url":"https:\/\/auren.com\/uy\/","name":"Auren Uruguay","description":"","publisher":{"@id":"https:\/\/auren.com\/uy\/#organization"},"potentialAction":[{"@type":"SearchAction","target":{"@type":"EntryPoint","urlTemplate":"https:\/\/auren.com\/uy\/?s={search_term_string}"},"query-input":{"@type":"PropertyValueSpecification","valueRequired":true,"valueName":"search_term_string"}}],"inLanguage":"es"},{"@type":"Organization","@id":"https:\/\/auren.com\/uy\/#organization","name":"Auren Uruguay","url":"https:\/\/auren.com\/uy\/","logo":{"@type":"ImageObject","inLanguage":"es","@id":"https:\/\/auren.com\/uy\/#\/schema\/logo\/image\/","url":"https:\/\/auren.com\/uy\/wp-content\/uploads\/2025\/01\/cropped-cropped-favicon-Auren.png","contentUrl":"https:\/\/auren.com\/uy\/wp-content\/uploads\/2025\/01\/cropped-cropped-favicon-Auren.png","width":512,"height":512,"caption":"Auren Uruguay"},"image":{"@id":"https:\/\/auren.com\/uy\/#\/schema\/logo\/image\/"},"sameAs":["https:\/\/www.facebook.com\/aurenuruguay","https:\/\/x.com\/AurenUruguay","https:\/\/www.linkedin.com\/company\/auren-uruguay","https:\/\/www.youtube.com\/channel\/UClkpSYFfsAuqdTaVF5whedQ","https:\/\/www.instagram.com\/aurenuruguay\/"]}]}},"_links":{"self":[{"href":"https:\/\/auren.com\/uy\/wp-json\/wp\/v2\/new\/11464","targetHints":{"allow":["GET"]}}],"collection":[{"href":"https:\/\/auren.com\/uy\/wp-json\/wp\/v2\/new"}],"about":[{"href":"https:\/\/auren.com\/uy\/wp-json\/wp\/v2\/types\/new"}],"version-history":[{"count":0,"href":"https:\/\/auren.com\/uy\/wp-json\/wp\/v2\/new\/11464\/revisions"}],"wp:featuredmedia":[{"embeddable":true,"href":"https:\/\/auren.com\/uy\/wp-json\/wp\/v2\/media\/11465"}],"wp:attachment":[{"href":"https:\/\/auren.com\/uy\/wp-json\/wp\/v2\/media?parent=11464"}],"wp:term":[{"taxonomy":"new-category","embeddable":true,"href":"https:\/\/auren.com\/uy\/wp-json\/wp\/v2\/new-category?post=11464"}],"curies":[{"name":"wp","href":"https:\/\/api.w.org\/{rel}","templated":true}]}}