{"id":11467,"date":"2014-03-28T14:31:39","date_gmt":"2014-03-28T13:31:39","guid":{"rendered":"https:\/\/auren.com\/uy\/new\/166-proyecto-de-ley-medidas-tendientes-a-disminuir-la-inflacion\/"},"modified":"2014-03-28T14:31:39","modified_gmt":"2014-03-28T13:31:39","slug":"166-proyecto-de-ley-medidas-tendientes-a-disminuir-la-inflacion","status":"publish","type":"new","link":"https:\/\/auren.com\/uy\/noticias\/166-proyecto-de-ley-medidas-tendientes-a-disminuir-la-inflacion\/","title":{"rendered":"166- PROYECTO DE LEY \u2013 MEDIDAS TENDIENTES A DISMINUIR  LA INFLACI\u00d3N"},"content":{"rendered":"<p class=\"has-text-align-justify\">Ante la suba generalizada de los precios observada en los \u00faltimos tiempos, el Poder Ejecutivo elev\u00f3 el pasado 19\/3\/2014 un Proyecto de Ley en el que se establecen medidas tendientes a combatir la inflaci\u00f3n. Recordemos que actualmente la misma alcanz\u00f3 un 9.8%, excediendo el tope m\u00e1ximo fijado por el Gobierno.<\/p>\n<p class=\"has-text-align-justify\">Seg\u00fan se expone en la propia exposici\u00f3n de motivos del Proyecto, \u201c<em>este esfuerzo es particularmente necesario en relaci\u00f3n al mantenimiento del poder adquisitivo de salarios y jubilaciones, cuya evoluci\u00f3n francamente positiva en los \u00faltimos a\u00f1os debe ser preservada<\/em>\u201d.<\/p>\n<p class=\"has-text-align-justify has-vivid-red-color has-text-color\" style=\"font-size:25px\"><strong><em>\u00bfCu\u00e1les son las medidas?<\/em><\/strong><\/p>\n<p class=\"has-text-align-justify\">1 &#8211; Exoneraci\u00f3n del Impuesto al Valor Agregado (IVA) al cargo fijo de la tarifa residencial simple y al cargo mensual de la tarifa de consumo de consumo b\u00e1sico residencial del servicio de energ\u00eda el\u00e9ctrica. \u00a0<\/p>\n<p class=\"has-text-align-justify\">2 \u2013 Exoneraci\u00f3n del IVA al servicio b\u00e1sico de telefon\u00eda fija destinado al consumo final.<\/p>\n<p class=\"has-text-align-justify\">A su vez, se establece un r\u00e9gimen de devoluci\u00f3n del IVA incluido en las compras en plaza y en la importaci\u00f3n de bienes destinados al suministro de estos servicios, es decir, tanto para UTE como para ANTEL.<\/p>\n<p class=\"has-text-align-justify\">3 \u2013 Otorgamiento a las Instituciones de Asistencia M\u00e9dica Colectiva de un cr\u00e9dito fiscal de hasta el 22% de sus ingresos correspondientes a cuotas de afiliaciones individuales no vitalicias, cuotas de afiliaciones colectivas, a la sobrecuota de gesti\u00f3n y a la sobrecuota de inversi\u00f3n.<\/p>\n<p class=\"has-text-align-justify\">Esto implica que estas instituciones podr\u00e1n compensar este monto de los tributos a pagar a la Direcci\u00f3n general Impositiva (DGI) o solicitar certificados de cr\u00e9dito para el pago de tributos tanto a DGI como al BPS.<\/p>\n<p class=\"has-text-align-justify\">4 \u2013 Determinaci\u00f3n de una tasa del IVA del 0% a la venta de frutas y hortalizas y se exonera de IVA a la importaci\u00f3n\u00a0 de estos bienes.<\/p>\n<p class=\"has-text-align-justify\">Recordamos que las ventas a consumidores finales de frutas y hortalizas se encuentran gravadas por IVA a una tasa del 10%.<\/p>\n<p class=\"has-text-align-justify\">Agregamos que el r\u00e9gimen de gravar a tasa 0% la venta de un bien resulta m\u00e1s beneficioso para el contribuyente que la exoneraci\u00f3n, en la medida que podr\u00e1 descontar el IVA incluido en las compras de estos bienes, cr\u00e9dito al cual no tendr\u00eda derecho si dicha venta estuviera exonerada.<\/p>\n<p class=\"has-text-align-justify\">Cabe destacar que el Proyecto faculta al Poder Ejecutivo a otorgar los beneficios reci\u00e9n comentados, por lo que para que estos adquieran validez jur\u00eddica deber\u00e1 publicarse un Decreto que reglamente estas disposiciones, a efectos que las mismas se vuelvan operativas.<\/p>\n<p class=\"has-text-align-justify has-vivid-red-color has-text-color\" style=\"font-size:25px\"><strong>\u00bfCu\u00e1l es el costo de las medidas?<\/strong><\/p>\n<p class=\"has-text-align-justify\">Desde el gobierno se estima que las medidas tendr\u00e1n un costo de 100 millones de d\u00f3lares en recaudaci\u00f3n de impuestos para el Estado y tendr\u00e1n un impacto en el \u00cdndice de Precios al Consumo (IPC) en torno al 1%.<\/p>\n<p class=\"has-text-align-justify\">Para que estas medidas tengan el impacto deseado en el \u00edndice, las exoneraciones y dem\u00e1s beneficios establecidos deben comenzar a aplicarse en el corto plazo.<\/p>\n<p><!-- AddThis Advanced Settings generic via filter on the_content --><!-- AddThis Share Buttons generic via filter on the_content --><\/p>\n","protected":false},"excerpt":{"rendered":"<p>Ante la suba generalizada de los precios observada en los \u00faltimos tiempos, el Poder Ejecutivo elev\u00f3 el pasado 19\/3\/2014 un Proyecto de Ley en el que se establecen medidas tendientes [&hellip;]<\/p>\n","protected":false},"featured_media":11468,"template":"","meta":{"_acf_changed":false,"footnotes":""},"new-category":[],"class_list":["post-11467","new","type-new","status-publish","has-post-thumbnail","hentry"],"acf":[],"yoast_head":"<!-- This site is optimized with the Yoast SEO plugin v27.4 - https:\/\/yoast.com\/product\/yoast-seo-wordpress\/ -->\n<title>166- PROYECTO DE LEY \u2013 MEDIDAS TENDIENTES A DISMINUIR LA INFLACI\u00d3N - Auren Uruguay<\/title>\n<meta name=\"robots\" content=\"index, follow, max-snippet:-1, max-image-preview:large, max-video-preview:-1\" \/>\n<link rel=\"canonical\" href=\"https:\/\/auren.com\/uy\/noticias\/166-proyecto-de-ley-medidas-tendientes-a-disminuir-la-inflacion\/\" \/>\n<meta property=\"og:locale\" content=\"es_ES\" \/>\n<meta property=\"og:type\" content=\"article\" \/>\n<meta property=\"og:title\" content=\"166- PROYECTO DE LEY \u2013 MEDIDAS TENDIENTES A DISMINUIR LA INFLACI\u00d3N - Auren Uruguay\" \/>\n<meta property=\"og:description\" content=\"Ante la suba generalizada de los precios observada en los \u00faltimos tiempos, el Poder Ejecutivo elev\u00f3 el pasado 19\/3\/2014 un Proyecto de Ley en el que se establecen medidas tendientes [&hellip;]\" \/>\n<meta property=\"og:url\" content=\"https:\/\/auren.com\/uy\/noticias\/166-proyecto-de-ley-medidas-tendientes-a-disminuir-la-inflacion\/\" \/>\n<meta property=\"og:site_name\" content=\"Auren Uruguay\" \/>\n<meta property=\"article:publisher\" content=\"https:\/\/www.facebook.com\/aurenuruguay\" \/>\n<meta property=\"og:image\" content=\"https:\/\/auren.com\/uy\/wp-content\/uploads\/2014\/03\/shutterstock-457209040.jpg\" \/>\n\t<meta property=\"og:image:width\" content=\"1000\" \/>\n\t<meta property=\"og:image:height\" content=\"632\" \/>\n\t<meta property=\"og:image:type\" content=\"image\/jpeg\" \/>\n<meta name=\"twitter:card\" content=\"summary_large_image\" \/>\n<meta name=\"twitter:site\" content=\"@AurenUruguay\" \/>\n<meta name=\"twitter:label1\" content=\"Tiempo de lectura\" \/>\n\t<meta name=\"twitter:data1\" content=\"2 minutos\" \/>\n<script type=\"application\/ld+json\" class=\"yoast-schema-graph\">{\"@context\":\"https:\\\/\\\/schema.org\",\"@graph\":[{\"@type\":\"WebPage\",\"@id\":\"https:\\\/\\\/auren.com\\\/uy\\\/noticias\\\/166-proyecto-de-ley-medidas-tendientes-a-disminuir-la-inflacion\\\/\",\"url\":\"https:\\\/\\\/auren.com\\\/uy\\\/noticias\\\/166-proyecto-de-ley-medidas-tendientes-a-disminuir-la-inflacion\\\/\",\"name\":\"166- PROYECTO DE LEY \u2013 MEDIDAS TENDIENTES A DISMINUIR LA INFLACI\u00d3N - Auren Uruguay\",\"isPartOf\":{\"@id\":\"https:\\\/\\\/auren.com\\\/uy\\\/#website\"},\"primaryImageOfPage\":{\"@id\":\"https:\\\/\\\/auren.com\\\/uy\\\/noticias\\\/166-proyecto-de-ley-medidas-tendientes-a-disminuir-la-inflacion\\\/#primaryimage\"},\"image\":{\"@id\":\"https:\\\/\\\/auren.com\\\/uy\\\/noticias\\\/166-proyecto-de-ley-medidas-tendientes-a-disminuir-la-inflacion\\\/#primaryimage\"},\"thumbnailUrl\":\"https:\\\/\\\/auren.com\\\/uy\\\/wp-content\\\/uploads\\\/2014\\\/03\\\/shutterstock-457209040.jpg\",\"datePublished\":\"2014-03-28T13:31:39+00:00\",\"breadcrumb\":{\"@id\":\"https:\\\/\\\/auren.com\\\/uy\\\/noticias\\\/166-proyecto-de-ley-medidas-tendientes-a-disminuir-la-inflacion\\\/#breadcrumb\"},\"inLanguage\":\"es\",\"potentialAction\":[{\"@type\":\"ReadAction\",\"target\":[\"https:\\\/\\\/auren.com\\\/uy\\\/noticias\\\/166-proyecto-de-ley-medidas-tendientes-a-disminuir-la-inflacion\\\/\"]}]},{\"@type\":\"ImageObject\",\"inLanguage\":\"es\",\"@id\":\"https:\\\/\\\/auren.com\\\/uy\\\/noticias\\\/166-proyecto-de-ley-medidas-tendientes-a-disminuir-la-inflacion\\\/#primaryimage\",\"url\":\"https:\\\/\\\/auren.com\\\/uy\\\/wp-content\\\/uploads\\\/2014\\\/03\\\/shutterstock-457209040.jpg\",\"contentUrl\":\"https:\\\/\\\/auren.com\\\/uy\\\/wp-content\\\/uploads\\\/2014\\\/03\\\/shutterstock-457209040.jpg\",\"width\":1000,\"height\":632},{\"@type\":\"BreadcrumbList\",\"@id\":\"https:\\\/\\\/auren.com\\\/uy\\\/noticias\\\/166-proyecto-de-ley-medidas-tendientes-a-disminuir-la-inflacion\\\/#breadcrumb\",\"itemListElement\":[{\"@type\":\"ListItem\",\"position\":1,\"name\":\"Portada\",\"item\":\"https:\\\/\\\/auren.com\\\/uy\\\/\"},{\"@type\":\"ListItem\",\"position\":2,\"name\":\"166- PROYECTO DE LEY \u2013 MEDIDAS TENDIENTES A DISMINUIR LA INFLACI\u00d3N\"}]},{\"@type\":\"WebSite\",\"@id\":\"https:\\\/\\\/auren.com\\\/uy\\\/#website\",\"url\":\"https:\\\/\\\/auren.com\\\/uy\\\/\",\"name\":\"Auren Uruguay\",\"description\":\"\",\"publisher\":{\"@id\":\"https:\\\/\\\/auren.com\\\/uy\\\/#organization\"},\"potentialAction\":[{\"@type\":\"SearchAction\",\"target\":{\"@type\":\"EntryPoint\",\"urlTemplate\":\"https:\\\/\\\/auren.com\\\/uy\\\/?s={search_term_string}\"},\"query-input\":{\"@type\":\"PropertyValueSpecification\",\"valueRequired\":true,\"valueName\":\"search_term_string\"}}],\"inLanguage\":\"es\"},{\"@type\":\"Organization\",\"@id\":\"https:\\\/\\\/auren.com\\\/uy\\\/#organization\",\"name\":\"Auren Uruguay\",\"url\":\"https:\\\/\\\/auren.com\\\/uy\\\/\",\"logo\":{\"@type\":\"ImageObject\",\"inLanguage\":\"es\",\"@id\":\"https:\\\/\\\/auren.com\\\/uy\\\/#\\\/schema\\\/logo\\\/image\\\/\",\"url\":\"https:\\\/\\\/auren.com\\\/uy\\\/wp-content\\\/uploads\\\/2025\\\/01\\\/cropped-cropped-favicon-Auren.png\",\"contentUrl\":\"https:\\\/\\\/auren.com\\\/uy\\\/wp-content\\\/uploads\\\/2025\\\/01\\\/cropped-cropped-favicon-Auren.png\",\"width\":512,\"height\":512,\"caption\":\"Auren Uruguay\"},\"image\":{\"@id\":\"https:\\\/\\\/auren.com\\\/uy\\\/#\\\/schema\\\/logo\\\/image\\\/\"},\"sameAs\":[\"https:\\\/\\\/www.facebook.com\\\/aurenuruguay\",\"https:\\\/\\\/x.com\\\/AurenUruguay\",\"https:\\\/\\\/www.linkedin.com\\\/company\\\/auren-uruguay\",\"https:\\\/\\\/www.youtube.com\\\/channel\\\/UClkpSYFfsAuqdTaVF5whedQ\",\"https:\\\/\\\/www.instagram.com\\\/aurenuruguay\\\/\"]}]}<\/script>\n<!-- \/ Yoast SEO plugin. -->","yoast_head_json":{"title":"166- PROYECTO DE LEY \u2013 MEDIDAS TENDIENTES A DISMINUIR LA INFLACI\u00d3N - Auren Uruguay","robots":{"index":"index","follow":"follow","max-snippet":"max-snippet:-1","max-image-preview":"max-image-preview:large","max-video-preview":"max-video-preview:-1"},"canonical":"https:\/\/auren.com\/uy\/noticias\/166-proyecto-de-ley-medidas-tendientes-a-disminuir-la-inflacion\/","og_locale":"es_ES","og_type":"article","og_title":"166- PROYECTO DE LEY \u2013 MEDIDAS TENDIENTES A DISMINUIR LA INFLACI\u00d3N - Auren Uruguay","og_description":"Ante la suba generalizada de los precios observada en los \u00faltimos tiempos, el Poder Ejecutivo elev\u00f3 el pasado 19\/3\/2014 un Proyecto de Ley en el que se establecen medidas tendientes [&hellip;]","og_url":"https:\/\/auren.com\/uy\/noticias\/166-proyecto-de-ley-medidas-tendientes-a-disminuir-la-inflacion\/","og_site_name":"Auren Uruguay","article_publisher":"https:\/\/www.facebook.com\/aurenuruguay","og_image":[{"width":1000,"height":632,"url":"https:\/\/auren.com\/uy\/wp-content\/uploads\/2014\/03\/shutterstock-457209040.jpg","type":"image\/jpeg"}],"twitter_card":"summary_large_image","twitter_site":"@AurenUruguay","twitter_misc":{"Tiempo de lectura":"2 minutos"},"schema":{"@context":"https:\/\/schema.org","@graph":[{"@type":"WebPage","@id":"https:\/\/auren.com\/uy\/noticias\/166-proyecto-de-ley-medidas-tendientes-a-disminuir-la-inflacion\/","url":"https:\/\/auren.com\/uy\/noticias\/166-proyecto-de-ley-medidas-tendientes-a-disminuir-la-inflacion\/","name":"166- PROYECTO DE LEY \u2013 MEDIDAS TENDIENTES A DISMINUIR LA INFLACI\u00d3N - Auren Uruguay","isPartOf":{"@id":"https:\/\/auren.com\/uy\/#website"},"primaryImageOfPage":{"@id":"https:\/\/auren.com\/uy\/noticias\/166-proyecto-de-ley-medidas-tendientes-a-disminuir-la-inflacion\/#primaryimage"},"image":{"@id":"https:\/\/auren.com\/uy\/noticias\/166-proyecto-de-ley-medidas-tendientes-a-disminuir-la-inflacion\/#primaryimage"},"thumbnailUrl":"https:\/\/auren.com\/uy\/wp-content\/uploads\/2014\/03\/shutterstock-457209040.jpg","datePublished":"2014-03-28T13:31:39+00:00","breadcrumb":{"@id":"https:\/\/auren.com\/uy\/noticias\/166-proyecto-de-ley-medidas-tendientes-a-disminuir-la-inflacion\/#breadcrumb"},"inLanguage":"es","potentialAction":[{"@type":"ReadAction","target":["https:\/\/auren.com\/uy\/noticias\/166-proyecto-de-ley-medidas-tendientes-a-disminuir-la-inflacion\/"]}]},{"@type":"ImageObject","inLanguage":"es","@id":"https:\/\/auren.com\/uy\/noticias\/166-proyecto-de-ley-medidas-tendientes-a-disminuir-la-inflacion\/#primaryimage","url":"https:\/\/auren.com\/uy\/wp-content\/uploads\/2014\/03\/shutterstock-457209040.jpg","contentUrl":"https:\/\/auren.com\/uy\/wp-content\/uploads\/2014\/03\/shutterstock-457209040.jpg","width":1000,"height":632},{"@type":"BreadcrumbList","@id":"https:\/\/auren.com\/uy\/noticias\/166-proyecto-de-ley-medidas-tendientes-a-disminuir-la-inflacion\/#breadcrumb","itemListElement":[{"@type":"ListItem","position":1,"name":"Portada","item":"https:\/\/auren.com\/uy\/"},{"@type":"ListItem","position":2,"name":"166- PROYECTO DE LEY \u2013 MEDIDAS TENDIENTES A DISMINUIR LA INFLACI\u00d3N"}]},{"@type":"WebSite","@id":"https:\/\/auren.com\/uy\/#website","url":"https:\/\/auren.com\/uy\/","name":"Auren Uruguay","description":"","publisher":{"@id":"https:\/\/auren.com\/uy\/#organization"},"potentialAction":[{"@type":"SearchAction","target":{"@type":"EntryPoint","urlTemplate":"https:\/\/auren.com\/uy\/?s={search_term_string}"},"query-input":{"@type":"PropertyValueSpecification","valueRequired":true,"valueName":"search_term_string"}}],"inLanguage":"es"},{"@type":"Organization","@id":"https:\/\/auren.com\/uy\/#organization","name":"Auren Uruguay","url":"https:\/\/auren.com\/uy\/","logo":{"@type":"ImageObject","inLanguage":"es","@id":"https:\/\/auren.com\/uy\/#\/schema\/logo\/image\/","url":"https:\/\/auren.com\/uy\/wp-content\/uploads\/2025\/01\/cropped-cropped-favicon-Auren.png","contentUrl":"https:\/\/auren.com\/uy\/wp-content\/uploads\/2025\/01\/cropped-cropped-favicon-Auren.png","width":512,"height":512,"caption":"Auren Uruguay"},"image":{"@id":"https:\/\/auren.com\/uy\/#\/schema\/logo\/image\/"},"sameAs":["https:\/\/www.facebook.com\/aurenuruguay","https:\/\/x.com\/AurenUruguay","https:\/\/www.linkedin.com\/company\/auren-uruguay","https:\/\/www.youtube.com\/channel\/UClkpSYFfsAuqdTaVF5whedQ","https:\/\/www.instagram.com\/aurenuruguay\/"]}]}},"_links":{"self":[{"href":"https:\/\/auren.com\/uy\/wp-json\/wp\/v2\/new\/11467","targetHints":{"allow":["GET"]}}],"collection":[{"href":"https:\/\/auren.com\/uy\/wp-json\/wp\/v2\/new"}],"about":[{"href":"https:\/\/auren.com\/uy\/wp-json\/wp\/v2\/types\/new"}],"version-history":[{"count":0,"href":"https:\/\/auren.com\/uy\/wp-json\/wp\/v2\/new\/11467\/revisions"}],"wp:featuredmedia":[{"embeddable":true,"href":"https:\/\/auren.com\/uy\/wp-json\/wp\/v2\/media\/11468"}],"wp:attachment":[{"href":"https:\/\/auren.com\/uy\/wp-json\/wp\/v2\/media?parent=11467"}],"wp:term":[{"taxonomy":"new-category","embeddable":true,"href":"https:\/\/auren.com\/uy\/wp-json\/wp\/v2\/new-category?post=11467"}],"curies":[{"name":"wp","href":"https:\/\/api.w.org\/{rel}","templated":true}]}}