{"id":11734,"date":"2012-07-20T12:02:09","date_gmt":"2012-07-20T10:02:09","guid":{"rendered":"https:\/\/auren.com\/uy\/new\/79-proyecto-de-ley-de-rendicion-de-cuentas-aspectos-fiscales\/"},"modified":"2012-07-20T12:02:09","modified_gmt":"2012-07-20T10:02:09","slug":"79-proyecto-de-ley-de-rendicion-de-cuentas-aspectos-fiscales","status":"publish","type":"new","link":"https:\/\/auren.com\/uy\/noticias\/79-proyecto-de-ley-de-rendicion-de-cuentas-aspectos-fiscales\/","title":{"rendered":"79- PROYECTO  DE LEY DE RENDICI\u00d3N DE CUENTAS: ASPECTOS FISCALES"},"content":{"rendered":"<p class=\"has-text-align-justify\">Recientemente se envi\u00f3 al Poder Legislativo el Proyecto de Ley referente a la Rendici\u00f3n de Cuentas correspondiente al Ejercicio 2011. A continuaci\u00f3n se detallan algunos aspectos fiscales incluidos en el mismo:<\/p>\n<p class=\"has-text-align-justify has-vivid-red-color has-text-color\" style=\"font-size:25px\"><strong>Facultades otorgadas a la DGI en investigaciones y fiscalizaciones<\/strong><\/p>\n<p class=\"has-text-align-justify\">La DGI podr\u00e1 solicitar informaci\u00f3n, tanto en el marco de una actuaci\u00f3n inspectiva particular como de car\u00e1cter general, mediante resoluci\u00f3n fundada del organismo recaudador, sin regir las limitaciones de la <strong>Ley 18.331<\/strong> (protecci\u00f3n de datos personales).<\/p>\n<p class=\"has-text-align-justify\">Quien incumpliera la obligaci\u00f3n de proporcionar la informaci\u00f3n solicitada, ser\u00e1 sancionado con una multa de hasta mil veces el valor m\u00e1ximo de la multa por contravenci\u00f3n<sup><a href=\"#_ftn1\">[1]<\/a> <\/sup>de acuerdo a la gravedad del incumplimiento.<\/p>\n<p class=\"has-text-align-justify\">Por otra parte, se faculta a la DGI a solicitar el auxilio de la polic\u00eda para el desarrollo de sus cometidos.<\/p>\n<p class=\"has-text-align-justify has-vivid-red-color has-text-color\" style=\"font-size:25px\"><strong>Suspensi\u00f3n del Certificado Anual de DGI<\/strong><\/p>\n<p class=\"has-text-align-justify\">Se faculta a la DGI a suspender la vigencia de los certificados anuales que hubiera expedido cuando el contribuyente omitiera registrar sus estados contables ante la AIN. Cabe recordar que se encuentran obligadas a presentar los estados contables aquellas sociedades con activos superiores a UR\u00a030.000 o ingresos operativos netos mayores a UR\u00a0100.000.<\/p>\n<p class=\"has-text-align-justify has-vivid-red-color has-text-color\" style=\"font-size:25px\"><strong>Multa por contravenci\u00f3n de deberes formales<\/strong><\/p>\n<p class=\"has-text-align-justify\">Se establece que para los casos en que documentos o comprobantes infrinjan el r\u00e9gimen general de documentaci\u00f3n, <strong>se considerar\u00e1 que cada uno, individualmente<\/strong>, tipificar\u00e1 la infracci\u00f3n, en tanto la transgresi\u00f3n referida configure reincidencia o impida la fiscalizaci\u00f3n de tributos.<\/p>\n<p class=\"has-text-align-justify\">Cabe recordar que el TCA, en la <strong>Sentencia N\u00b0\u00a0864\/010<\/strong>, entendi\u00f3 que en estos casos hay una sola infracci\u00f3n continuada y no tantas infracciones como actos en los cuales la omisi\u00f3n formal se traduzca.<\/p>\n<p class=\"has-text-align-justify\">La multa referente a dichas infracciones no podr\u00e1 exceder de mil veces el valor m\u00e1ximo de la multa por contravenci\u00f3n<sup>1<\/sup>.<\/p>\n<p class=\"has-text-align-justify has-vivid-red-color has-text-color\" style=\"font-size:25px\"><strong>Espect\u00e1culos realizados por no residentes<\/strong><\/p>\n<p class=\"has-text-align-justify\">Se considera que las rentas obtenidas por artistas no residentes como consecuencia de su actuaci\u00f3n en territorio nacional, son rentas de trabajo fuera de la relaci\u00f3n de dependencia, y se faculta al Poder Ejecutivo (PE) a exonerar el IVA de dichas retribuciones personales siempre que la trascendencia cultural lo justifique. Para ello, el evento debe ser declarado de inter\u00e9s nacional.<\/p>\n<p class=\"has-text-align-justify has-vivid-red-color has-text-color\" style=\"font-size:25px\"><strong>Precios de Transferencia<\/strong><\/p>\n<p class=\"has-text-align-justify\">Aquellas entidades que se encuentren comprendidas en el r\u00e9gimen de Precios de Transferencia e incumplan cualquiera de los deberes formales establecidos en la misma, ser\u00e1n sancionadas con una multa de hasta mil veces el valor m\u00e1ximo de la multa por contravenci\u00f3n<sup>1<\/sup>.<\/p>\n<p class=\"has-text-align-justify has-vivid-red-color has-text-color\" style=\"font-size:25px\"><strong>Beneficios a la actividad agropecuaria<\/strong><\/p>\n<p class=\"has-text-align-justify\">Se faculta al PE a otorgar un cr\u00e9dito a los titulares de explotaciones agropecuarias, no contribuyentes de IRAE, equivalente al IVA incluido en las adquisiciones de servicios de siembra, fertilizaci\u00f3n y aplicaci\u00f3n de productos qu\u00edmicos. El mismo podr\u00e1 ser utilizado para el pago de obligaciones de BPS.<\/p>\n<p class=\"has-text-align-justify\">Recordamos que los contribuyentes de IMEBA, en tanto no sean contribuyentes de IRAE, dispondr\u00e1n de un cr\u00e9dito fiscal correspondiente a la suma del IVA compras y al 10% del monto invertido en tajamares, pozos y perforaciones, molinos de viento, tanques australianos, motores y bombas para extraer agua, represas con destino a irrigaci\u00f3n o abrevadero, instalaciones para la distribuci\u00f3n de energ\u00eda el\u00e9ctrica para el funcionamiento del sistema de riego o abrevadero, ca\u00f1er\u00edas de distribuci\u00f3n de agua y bebederos.<\/p>\n<hr class=\"wp-block-separator\"\/>\n<p class=\"has-text-align-justify\"><a href=\"#_ftnref1\">[1]<\/a> Multa M\u00e1xima por Contravenci\u00f3n: $&nbsp;4.400<\/p>\n<p><!-- AddThis Advanced Settings generic via filter on the_content --><!-- AddThis Share Buttons generic via filter on the_content --><\/p>\n","protected":false},"excerpt":{"rendered":"<p>Recientemente se envi\u00f3 al Poder Legislativo el Proyecto de Ley referente a la Rendici\u00f3n de Cuentas correspondiente al Ejercicio 2011. A continuaci\u00f3n se detallan algunos aspectos fiscales incluidos en el [&hellip;]<\/p>\n","protected":false},"featured_media":11735,"template":"","meta":{"_acf_changed":false,"footnotes":""},"new-category":[],"class_list":["post-11734","new","type-new","status-publish","has-post-thumbnail","hentry"],"acf":[],"yoast_head":"<!-- This site is optimized with the Yoast SEO plugin v27.5 - https:\/\/yoast.com\/product\/yoast-seo-wordpress\/ -->\n<title>79- PROYECTO DE LEY DE RENDICI\u00d3N DE CUENTAS: ASPECTOS FISCALES - Auren Uruguay<\/title>\n<meta name=\"robots\" content=\"index, follow, max-snippet:-1, max-image-preview:large, max-video-preview:-1\" \/>\n<link rel=\"canonical\" href=\"https:\/\/auren.com\/uy\/noticias\/79-proyecto-de-ley-de-rendicion-de-cuentas-aspectos-fiscales\/\" \/>\n<meta property=\"og:locale\" content=\"es_ES\" \/>\n<meta property=\"og:type\" content=\"article\" \/>\n<meta property=\"og:title\" content=\"79- PROYECTO DE LEY DE RENDICI\u00d3N DE CUENTAS: ASPECTOS FISCALES - Auren Uruguay\" \/>\n<meta property=\"og:description\" content=\"Recientemente se envi\u00f3 al Poder Legislativo el Proyecto de Ley referente a la Rendici\u00f3n de Cuentas correspondiente al Ejercicio 2011. A continuaci\u00f3n se detallan algunos aspectos fiscales incluidos en el [&hellip;]\" \/>\n<meta property=\"og:url\" content=\"https:\/\/auren.com\/uy\/noticias\/79-proyecto-de-ley-de-rendicion-de-cuentas-aspectos-fiscales\/\" \/>\n<meta property=\"og:site_name\" content=\"Auren Uruguay\" \/>\n<meta property=\"article:publisher\" content=\"https:\/\/www.facebook.com\/aurenuruguay\" \/>\n<meta property=\"og:image\" content=\"https:\/\/auren.com\/uy\/wp-content\/uploads\/2012\/07\/sass.jpg\" \/>\n\t<meta property=\"og:image:width\" content=\"2048\" \/>\n\t<meta property=\"og:image:height\" content=\"1365\" \/>\n\t<meta property=\"og:image:type\" content=\"image\/jpeg\" \/>\n<meta name=\"twitter:card\" content=\"summary_large_image\" \/>\n<meta name=\"twitter:site\" content=\"@AurenUruguay\" \/>\n<meta name=\"twitter:label1\" content=\"Tiempo de lectura\" \/>\n\t<meta name=\"twitter:data1\" content=\"3 minutos\" \/>\n<script type=\"application\/ld+json\" class=\"yoast-schema-graph\">{\"@context\":\"https:\\\/\\\/schema.org\",\"@graph\":[{\"@type\":\"WebPage\",\"@id\":\"https:\\\/\\\/auren.com\\\/uy\\\/noticias\\\/79-proyecto-de-ley-de-rendicion-de-cuentas-aspectos-fiscales\\\/\",\"url\":\"https:\\\/\\\/auren.com\\\/uy\\\/noticias\\\/79-proyecto-de-ley-de-rendicion-de-cuentas-aspectos-fiscales\\\/\",\"name\":\"79- PROYECTO DE LEY DE RENDICI\u00d3N DE CUENTAS: ASPECTOS FISCALES - Auren Uruguay\",\"isPartOf\":{\"@id\":\"https:\\\/\\\/auren.com\\\/uy\\\/#website\"},\"primaryImageOfPage\":{\"@id\":\"https:\\\/\\\/auren.com\\\/uy\\\/noticias\\\/79-proyecto-de-ley-de-rendicion-de-cuentas-aspectos-fiscales\\\/#primaryimage\"},\"image\":{\"@id\":\"https:\\\/\\\/auren.com\\\/uy\\\/noticias\\\/79-proyecto-de-ley-de-rendicion-de-cuentas-aspectos-fiscales\\\/#primaryimage\"},\"thumbnailUrl\":\"https:\\\/\\\/auren.com\\\/uy\\\/wp-content\\\/uploads\\\/2012\\\/07\\\/sass.jpg\",\"datePublished\":\"2012-07-20T10:02:09+00:00\",\"breadcrumb\":{\"@id\":\"https:\\\/\\\/auren.com\\\/uy\\\/noticias\\\/79-proyecto-de-ley-de-rendicion-de-cuentas-aspectos-fiscales\\\/#breadcrumb\"},\"inLanguage\":\"es\",\"potentialAction\":[{\"@type\":\"ReadAction\",\"target\":[\"https:\\\/\\\/auren.com\\\/uy\\\/noticias\\\/79-proyecto-de-ley-de-rendicion-de-cuentas-aspectos-fiscales\\\/\"]}]},{\"@type\":\"ImageObject\",\"inLanguage\":\"es\",\"@id\":\"https:\\\/\\\/auren.com\\\/uy\\\/noticias\\\/79-proyecto-de-ley-de-rendicion-de-cuentas-aspectos-fiscales\\\/#primaryimage\",\"url\":\"https:\\\/\\\/auren.com\\\/uy\\\/wp-content\\\/uploads\\\/2012\\\/07\\\/sass.jpg\",\"contentUrl\":\"https:\\\/\\\/auren.com\\\/uy\\\/wp-content\\\/uploads\\\/2012\\\/07\\\/sass.jpg\",\"width\":2048,\"height\":1365},{\"@type\":\"BreadcrumbList\",\"@id\":\"https:\\\/\\\/auren.com\\\/uy\\\/noticias\\\/79-proyecto-de-ley-de-rendicion-de-cuentas-aspectos-fiscales\\\/#breadcrumb\",\"itemListElement\":[{\"@type\":\"ListItem\",\"position\":1,\"name\":\"Portada\",\"item\":\"https:\\\/\\\/auren.com\\\/uy\\\/\"},{\"@type\":\"ListItem\",\"position\":2,\"name\":\"79- PROYECTO DE LEY DE RENDICI\u00d3N DE CUENTAS: ASPECTOS FISCALES\"}]},{\"@type\":\"WebSite\",\"@id\":\"https:\\\/\\\/auren.com\\\/uy\\\/#website\",\"url\":\"https:\\\/\\\/auren.com\\\/uy\\\/\",\"name\":\"Auren Uruguay\",\"description\":\"\",\"publisher\":{\"@id\":\"https:\\\/\\\/auren.com\\\/uy\\\/#organization\"},\"potentialAction\":[{\"@type\":\"SearchAction\",\"target\":{\"@type\":\"EntryPoint\",\"urlTemplate\":\"https:\\\/\\\/auren.com\\\/uy\\\/?s={search_term_string}\"},\"query-input\":{\"@type\":\"PropertyValueSpecification\",\"valueRequired\":true,\"valueName\":\"search_term_string\"}}],\"inLanguage\":\"es\"},{\"@type\":\"Organization\",\"@id\":\"https:\\\/\\\/auren.com\\\/uy\\\/#organization\",\"name\":\"Auren Uruguay\",\"url\":\"https:\\\/\\\/auren.com\\\/uy\\\/\",\"logo\":{\"@type\":\"ImageObject\",\"inLanguage\":\"es\",\"@id\":\"https:\\\/\\\/auren.com\\\/uy\\\/#\\\/schema\\\/logo\\\/image\\\/\",\"url\":\"https:\\\/\\\/auren.com\\\/uy\\\/wp-content\\\/uploads\\\/2025\\\/01\\\/cropped-cropped-favicon-Auren.png\",\"contentUrl\":\"https:\\\/\\\/auren.com\\\/uy\\\/wp-content\\\/uploads\\\/2025\\\/01\\\/cropped-cropped-favicon-Auren.png\",\"width\":512,\"height\":512,\"caption\":\"Auren Uruguay\"},\"image\":{\"@id\":\"https:\\\/\\\/auren.com\\\/uy\\\/#\\\/schema\\\/logo\\\/image\\\/\"},\"sameAs\":[\"https:\\\/\\\/www.facebook.com\\\/aurenuruguay\",\"https:\\\/\\\/x.com\\\/AurenUruguay\",\"https:\\\/\\\/www.linkedin.com\\\/company\\\/auren-uruguay\",\"https:\\\/\\\/www.youtube.com\\\/channel\\\/UClkpSYFfsAuqdTaVF5whedQ\",\"https:\\\/\\\/www.instagram.com\\\/aurenuruguay\\\/\"]}]}<\/script>\n<!-- \/ Yoast SEO plugin. -->","yoast_head_json":{"title":"79- PROYECTO DE LEY DE RENDICI\u00d3N DE CUENTAS: ASPECTOS FISCALES - Auren Uruguay","robots":{"index":"index","follow":"follow","max-snippet":"max-snippet:-1","max-image-preview":"max-image-preview:large","max-video-preview":"max-video-preview:-1"},"canonical":"https:\/\/auren.com\/uy\/noticias\/79-proyecto-de-ley-de-rendicion-de-cuentas-aspectos-fiscales\/","og_locale":"es_ES","og_type":"article","og_title":"79- PROYECTO DE LEY DE RENDICI\u00d3N DE CUENTAS: ASPECTOS FISCALES - Auren Uruguay","og_description":"Recientemente se envi\u00f3 al Poder Legislativo el Proyecto de Ley referente a la Rendici\u00f3n de Cuentas correspondiente al Ejercicio 2011. A continuaci\u00f3n se detallan algunos aspectos fiscales incluidos en el [&hellip;]","og_url":"https:\/\/auren.com\/uy\/noticias\/79-proyecto-de-ley-de-rendicion-de-cuentas-aspectos-fiscales\/","og_site_name":"Auren Uruguay","article_publisher":"https:\/\/www.facebook.com\/aurenuruguay","og_image":[{"width":2048,"height":1365,"url":"https:\/\/auren.com\/uy\/wp-content\/uploads\/2012\/07\/sass.jpg","type":"image\/jpeg"}],"twitter_card":"summary_large_image","twitter_site":"@AurenUruguay","twitter_misc":{"Tiempo de lectura":"3 minutos"},"schema":{"@context":"https:\/\/schema.org","@graph":[{"@type":"WebPage","@id":"https:\/\/auren.com\/uy\/noticias\/79-proyecto-de-ley-de-rendicion-de-cuentas-aspectos-fiscales\/","url":"https:\/\/auren.com\/uy\/noticias\/79-proyecto-de-ley-de-rendicion-de-cuentas-aspectos-fiscales\/","name":"79- PROYECTO DE LEY DE RENDICI\u00d3N DE CUENTAS: ASPECTOS FISCALES - Auren Uruguay","isPartOf":{"@id":"https:\/\/auren.com\/uy\/#website"},"primaryImageOfPage":{"@id":"https:\/\/auren.com\/uy\/noticias\/79-proyecto-de-ley-de-rendicion-de-cuentas-aspectos-fiscales\/#primaryimage"},"image":{"@id":"https:\/\/auren.com\/uy\/noticias\/79-proyecto-de-ley-de-rendicion-de-cuentas-aspectos-fiscales\/#primaryimage"},"thumbnailUrl":"https:\/\/auren.com\/uy\/wp-content\/uploads\/2012\/07\/sass.jpg","datePublished":"2012-07-20T10:02:09+00:00","breadcrumb":{"@id":"https:\/\/auren.com\/uy\/noticias\/79-proyecto-de-ley-de-rendicion-de-cuentas-aspectos-fiscales\/#breadcrumb"},"inLanguage":"es","potentialAction":[{"@type":"ReadAction","target":["https:\/\/auren.com\/uy\/noticias\/79-proyecto-de-ley-de-rendicion-de-cuentas-aspectos-fiscales\/"]}]},{"@type":"ImageObject","inLanguage":"es","@id":"https:\/\/auren.com\/uy\/noticias\/79-proyecto-de-ley-de-rendicion-de-cuentas-aspectos-fiscales\/#primaryimage","url":"https:\/\/auren.com\/uy\/wp-content\/uploads\/2012\/07\/sass.jpg","contentUrl":"https:\/\/auren.com\/uy\/wp-content\/uploads\/2012\/07\/sass.jpg","width":2048,"height":1365},{"@type":"BreadcrumbList","@id":"https:\/\/auren.com\/uy\/noticias\/79-proyecto-de-ley-de-rendicion-de-cuentas-aspectos-fiscales\/#breadcrumb","itemListElement":[{"@type":"ListItem","position":1,"name":"Portada","item":"https:\/\/auren.com\/uy\/"},{"@type":"ListItem","position":2,"name":"79- PROYECTO DE LEY DE RENDICI\u00d3N DE CUENTAS: ASPECTOS FISCALES"}]},{"@type":"WebSite","@id":"https:\/\/auren.com\/uy\/#website","url":"https:\/\/auren.com\/uy\/","name":"Auren Uruguay","description":"","publisher":{"@id":"https:\/\/auren.com\/uy\/#organization"},"potentialAction":[{"@type":"SearchAction","target":{"@type":"EntryPoint","urlTemplate":"https:\/\/auren.com\/uy\/?s={search_term_string}"},"query-input":{"@type":"PropertyValueSpecification","valueRequired":true,"valueName":"search_term_string"}}],"inLanguage":"es"},{"@type":"Organization","@id":"https:\/\/auren.com\/uy\/#organization","name":"Auren Uruguay","url":"https:\/\/auren.com\/uy\/","logo":{"@type":"ImageObject","inLanguage":"es","@id":"https:\/\/auren.com\/uy\/#\/schema\/logo\/image\/","url":"https:\/\/auren.com\/uy\/wp-content\/uploads\/2025\/01\/cropped-cropped-favicon-Auren.png","contentUrl":"https:\/\/auren.com\/uy\/wp-content\/uploads\/2025\/01\/cropped-cropped-favicon-Auren.png","width":512,"height":512,"caption":"Auren Uruguay"},"image":{"@id":"https:\/\/auren.com\/uy\/#\/schema\/logo\/image\/"},"sameAs":["https:\/\/www.facebook.com\/aurenuruguay","https:\/\/x.com\/AurenUruguay","https:\/\/www.linkedin.com\/company\/auren-uruguay","https:\/\/www.youtube.com\/channel\/UClkpSYFfsAuqdTaVF5whedQ","https:\/\/www.instagram.com\/aurenuruguay\/"]}]}},"_links":{"self":[{"href":"https:\/\/auren.com\/uy\/wp-json\/wp\/v2\/new\/11734","targetHints":{"allow":["GET"]}}],"collection":[{"href":"https:\/\/auren.com\/uy\/wp-json\/wp\/v2\/new"}],"about":[{"href":"https:\/\/auren.com\/uy\/wp-json\/wp\/v2\/types\/new"}],"version-history":[{"count":0,"href":"https:\/\/auren.com\/uy\/wp-json\/wp\/v2\/new\/11734\/revisions"}],"wp:featuredmedia":[{"embeddable":true,"href":"https:\/\/auren.com\/uy\/wp-json\/wp\/v2\/media\/11735"}],"wp:attachment":[{"href":"https:\/\/auren.com\/uy\/wp-json\/wp\/v2\/media?parent=11734"}],"wp:term":[{"taxonomy":"new-category","embeddable":true,"href":"https:\/\/auren.com\/uy\/wp-json\/wp\/v2\/new-category?post=11734"}],"curies":[{"name":"wp","href":"https:\/\/api.w.org\/{rel}","templated":true}]}}