{"id":11816,"date":"2012-01-20T15:04:53","date_gmt":"2012-01-20T14:04:53","guid":{"rendered":"https:\/\/auren.com\/uy\/new\/53-motivacion-clave-para-la-retencion-de-personal\/"},"modified":"2012-01-20T15:04:53","modified_gmt":"2012-01-20T14:04:53","slug":"53-motivacion-clave-para-la-retencion-de-personal","status":"publish","type":"new","link":"https:\/\/auren.com\/uy\/noticias\/53-motivacion-clave-para-la-retencion-de-personal\/","title":{"rendered":"53- MOTIVACI\u00d3N: CLAVE PARA LA RETENCI\u00d3N DE PERSONAL"},"content":{"rendered":"<p class=\"has-text-align-justify\">En un marco de importante crecimiento econ\u00f3mico y una tasa de desempleo que ronda el 6% (en noviembre de 2011 fue del 5,5%), resulta un gran desaf\u00edo para las organizaciones incorporar y retener los recursos humanos adecuados a sus necesidades.<\/p>\n<p class=\"has-text-align-justify\">Frente a este panorama, consideramos importante reflexionar sobre qu\u00e9 acciones tomar para que nuestros colaboradores se sientan motivados y por ende comprometidos con sus puestos de trabajo y con la organizaci\u00f3n a la que pertenecen.<\/p>\n<p class=\"has-text-align-justify\">Un planteo frecuente y que est\u00e1 presente en el imaginario colectivo de nuestra sociedad es que la retribuci\u00f3n econ\u00f3mica es el incentivo medular para que las personas se sientan motivadas en sus trabajos.<\/p>\n<p class=\"has-text-align-justify\">Ahora bien, \u00bfes el dinero el \u00fanico o principal motivador de los trabajadores? \u00a0<\/p>\n<p class=\"has-text-align-justify\">Si nos atenemos a la famosa pir\u00e1mide de necesidades de Maslow (de l\u00f3gica intuitiva pero de escasa fundamentaci\u00f3n emp\u00edrica), podr\u00edamos sostener que el dinero es indispensable para satisfacer nuestras necesidades b\u00e1sicas: fisiol\u00f3gicas y de seguridad, pero sin embargo resulta insuficiente para satisfacer nuestras necesidades sociales, de estima y autorrealizaci\u00f3n.<\/p>\n<p class=\"has-text-align-justify\">Por lo tanto, el dinero se ubicar\u00eda dentro de los \u201cfactores de higiene\u201d que plantea el psic\u00f3logo Frederick Herzberg. Si bien cuando no hay \u00a0conformidad con la remuneraci\u00f3n percibida se genera un estado de insatisfacci\u00f3n, cuando hay conformidad podr\u00edamos hablar de \u201cno insatisfacci\u00f3n\u201d, pero no necesariamente de motivaci\u00f3n.<\/p>\n<p class=\"has-text-align-justify\">Teor\u00edas contempor\u00e1neas sobre la motivaci\u00f3n se\u00f1alan otro tipo de \u201cincentivos\u201d para lograr un mejor desempe\u00f1o y compromiso laboral, tales como las caracter\u00edsticas del puesto de trabajo: variedad de tareas, identidad y significado de la actividad, grado de autonom\u00eda y retroalimentaci\u00f3n sobre el desempe\u00f1o. Tambi\u00e9n destacan la importancia de metas concretas y desafiantes en el trabajo.<\/p>\n<p class=\"has-text-align-justify\">Si partimos de la base de que no existe un principio universal para motivar a todo el mundo, premisa que parece l\u00f3gica, nos acercamos en gran medida al modelo de \u201cesfuerzo \u2013 rendimiento \u2013 recompensas organizacionales \u2013 metas individuales\u201d, que plantea la Teor\u00eda de las Expectativas de V\u00edctor Vroom.<\/p>\n<p class=\"has-text-align-justify\">La misma plantea que el trabajador se esforzar\u00e1 si percibe que existe una relaci\u00f3n s\u00f3lida entre el esfuerzo y el rendimiento, el rendimiento y las recompensas, y las recompensas y la satisfacci\u00f3n de las metas personales.<\/p>\n<p class=\"has-text-align-justify\">Por lo tanto el dinero motiva el desempe\u00f1o laboral de la persona, pero solo si el mismo es percibido por el individuo como una recompensa directa de su rendimiento, y significativa en lo que a cantidad se refiere.<\/p>\n<p class=\"has-text-align-justify\">Las teor\u00edas mencionadas no siempre se contraponen sino todo lo contrario, muchas veces\u00a0 se complementan. Nuestro desaf\u00edo como profesionales que gestionamos personas es integrarlas con el fin de entender a nuestra gente, su accionar, sus intereses y metas personales y profesionales. Debemos saber escuchar y mantener una actitud\u00a0 \u201copen mind\u201d, para de esta forma aportar ideas creativas e innovadoras que nos motiven y gu\u00eden nuestro accionar. <img decoding=\"async\" loading=\"lazy\" width=\"589\" height=\"198\" src=\"\">Por \u00faltimo, es bueno recordar que todas las acciones que implementemos para mejorar el nivel de motivaci\u00f3n de los colaboradores de nuestra empresa deben estar alineadas con la cultura de la organizaci\u00f3n y por consiguiente con la estrategia de la misma.<\/p>\n<p><!-- AddThis Advanced Settings generic via filter on the_content --><!-- AddThis Share Buttons generic via filter on the_content --><\/p>\n","protected":false},"excerpt":{"rendered":"<p>En un marco de importante crecimiento econ\u00f3mico y una tasa de desempleo que ronda el 6% (en noviembre de 2011 fue del 5,5%), resulta un gran desaf\u00edo para las organizaciones [&hellip;]<\/p>\n","protected":false},"featured_media":11817,"template":"","meta":{"_acf_changed":false,"footnotes":""},"new-category":[],"class_list":["post-11816","new","type-new","status-publish","has-post-thumbnail","hentry"],"acf":[],"yoast_head":"<!-- This site is optimized with the Yoast SEO plugin v27.5 - https:\/\/yoast.com\/product\/yoast-seo-wordpress\/ -->\n<title>53- MOTIVACI\u00d3N: CLAVE PARA LA RETENCI\u00d3N DE PERSONAL - Auren Uruguay<\/title>\n<meta name=\"robots\" content=\"index, follow, max-snippet:-1, max-image-preview:large, max-video-preview:-1\" \/>\n<link rel=\"canonical\" href=\"https:\/\/auren.com\/uy\/noticias\/53-motivacion-clave-para-la-retencion-de-personal\/\" \/>\n<meta property=\"og:locale\" content=\"es_ES\" \/>\n<meta property=\"og:type\" content=\"article\" \/>\n<meta property=\"og:title\" content=\"53- MOTIVACI\u00d3N: CLAVE PARA LA RETENCI\u00d3N DE PERSONAL - Auren Uruguay\" \/>\n<meta property=\"og:description\" content=\"En un marco de importante crecimiento econ\u00f3mico y una tasa de desempleo que ronda el 6% (en noviembre de 2011 fue del 5,5%), resulta un gran desaf\u00edo para las organizaciones [&hellip;]\" \/>\n<meta property=\"og:url\" content=\"https:\/\/auren.com\/uy\/noticias\/53-motivacion-clave-para-la-retencion-de-personal\/\" \/>\n<meta property=\"og:site_name\" content=\"Auren Uruguay\" \/>\n<meta property=\"article:publisher\" content=\"https:\/\/www.facebook.com\/aurenuruguay\" \/>\n<meta property=\"og:image\" content=\"https:\/\/auren.com\/uy\/wp-content\/uploads\/2012\/01\/zonaa.jpg\" \/>\n\t<meta property=\"og:image:width\" content=\"2048\" \/>\n\t<meta property=\"og:image:height\" content=\"1365\" \/>\n\t<meta property=\"og:image:type\" content=\"image\/jpeg\" \/>\n<meta name=\"twitter:card\" content=\"summary_large_image\" \/>\n<meta name=\"twitter:site\" content=\"@AurenUruguay\" \/>\n<meta name=\"twitter:label1\" content=\"Tiempo de lectura\" \/>\n\t<meta name=\"twitter:data1\" content=\"3 minutos\" \/>\n<script type=\"application\/ld+json\" class=\"yoast-schema-graph\">{\"@context\":\"https:\\\/\\\/schema.org\",\"@graph\":[{\"@type\":\"WebPage\",\"@id\":\"https:\\\/\\\/auren.com\\\/uy\\\/noticias\\\/53-motivacion-clave-para-la-retencion-de-personal\\\/\",\"url\":\"https:\\\/\\\/auren.com\\\/uy\\\/noticias\\\/53-motivacion-clave-para-la-retencion-de-personal\\\/\",\"name\":\"53- MOTIVACI\u00d3N: CLAVE PARA LA RETENCI\u00d3N DE PERSONAL - Auren Uruguay\",\"isPartOf\":{\"@id\":\"https:\\\/\\\/auren.com\\\/uy\\\/#website\"},\"primaryImageOfPage\":{\"@id\":\"https:\\\/\\\/auren.com\\\/uy\\\/noticias\\\/53-motivacion-clave-para-la-retencion-de-personal\\\/#primaryimage\"},\"image\":{\"@id\":\"https:\\\/\\\/auren.com\\\/uy\\\/noticias\\\/53-motivacion-clave-para-la-retencion-de-personal\\\/#primaryimage\"},\"thumbnailUrl\":\"https:\\\/\\\/auren.com\\\/uy\\\/wp-content\\\/uploads\\\/2012\\\/01\\\/zonaa.jpg\",\"datePublished\":\"2012-01-20T14:04:53+00:00\",\"breadcrumb\":{\"@id\":\"https:\\\/\\\/auren.com\\\/uy\\\/noticias\\\/53-motivacion-clave-para-la-retencion-de-personal\\\/#breadcrumb\"},\"inLanguage\":\"es\",\"potentialAction\":[{\"@type\":\"ReadAction\",\"target\":[\"https:\\\/\\\/auren.com\\\/uy\\\/noticias\\\/53-motivacion-clave-para-la-retencion-de-personal\\\/\"]}]},{\"@type\":\"ImageObject\",\"inLanguage\":\"es\",\"@id\":\"https:\\\/\\\/auren.com\\\/uy\\\/noticias\\\/53-motivacion-clave-para-la-retencion-de-personal\\\/#primaryimage\",\"url\":\"https:\\\/\\\/auren.com\\\/uy\\\/wp-content\\\/uploads\\\/2012\\\/01\\\/zonaa.jpg\",\"contentUrl\":\"https:\\\/\\\/auren.com\\\/uy\\\/wp-content\\\/uploads\\\/2012\\\/01\\\/zonaa.jpg\",\"width\":2048,\"height\":1365},{\"@type\":\"BreadcrumbList\",\"@id\":\"https:\\\/\\\/auren.com\\\/uy\\\/noticias\\\/53-motivacion-clave-para-la-retencion-de-personal\\\/#breadcrumb\",\"itemListElement\":[{\"@type\":\"ListItem\",\"position\":1,\"name\":\"Portada\",\"item\":\"https:\\\/\\\/auren.com\\\/uy\\\/\"},{\"@type\":\"ListItem\",\"position\":2,\"name\":\"53- MOTIVACI\u00d3N: CLAVE PARA LA RETENCI\u00d3N DE PERSONAL\"}]},{\"@type\":\"WebSite\",\"@id\":\"https:\\\/\\\/auren.com\\\/uy\\\/#website\",\"url\":\"https:\\\/\\\/auren.com\\\/uy\\\/\",\"name\":\"Auren Uruguay\",\"description\":\"\",\"publisher\":{\"@id\":\"https:\\\/\\\/auren.com\\\/uy\\\/#organization\"},\"potentialAction\":[{\"@type\":\"SearchAction\",\"target\":{\"@type\":\"EntryPoint\",\"urlTemplate\":\"https:\\\/\\\/auren.com\\\/uy\\\/?s={search_term_string}\"},\"query-input\":{\"@type\":\"PropertyValueSpecification\",\"valueRequired\":true,\"valueName\":\"search_term_string\"}}],\"inLanguage\":\"es\"},{\"@type\":\"Organization\",\"@id\":\"https:\\\/\\\/auren.com\\\/uy\\\/#organization\",\"name\":\"Auren Uruguay\",\"url\":\"https:\\\/\\\/auren.com\\\/uy\\\/\",\"logo\":{\"@type\":\"ImageObject\",\"inLanguage\":\"es\",\"@id\":\"https:\\\/\\\/auren.com\\\/uy\\\/#\\\/schema\\\/logo\\\/image\\\/\",\"url\":\"https:\\\/\\\/auren.com\\\/uy\\\/wp-content\\\/uploads\\\/2025\\\/01\\\/cropped-cropped-favicon-Auren.png\",\"contentUrl\":\"https:\\\/\\\/auren.com\\\/uy\\\/wp-content\\\/uploads\\\/2025\\\/01\\\/cropped-cropped-favicon-Auren.png\",\"width\":512,\"height\":512,\"caption\":\"Auren Uruguay\"},\"image\":{\"@id\":\"https:\\\/\\\/auren.com\\\/uy\\\/#\\\/schema\\\/logo\\\/image\\\/\"},\"sameAs\":[\"https:\\\/\\\/www.facebook.com\\\/aurenuruguay\",\"https:\\\/\\\/x.com\\\/AurenUruguay\",\"https:\\\/\\\/www.linkedin.com\\\/company\\\/auren-uruguay\",\"https:\\\/\\\/www.youtube.com\\\/channel\\\/UClkpSYFfsAuqdTaVF5whedQ\",\"https:\\\/\\\/www.instagram.com\\\/aurenuruguay\\\/\"]}]}<\/script>\n<!-- \/ Yoast SEO plugin. -->","yoast_head_json":{"title":"53- MOTIVACI\u00d3N: CLAVE PARA LA RETENCI\u00d3N DE PERSONAL - Auren Uruguay","robots":{"index":"index","follow":"follow","max-snippet":"max-snippet:-1","max-image-preview":"max-image-preview:large","max-video-preview":"max-video-preview:-1"},"canonical":"https:\/\/auren.com\/uy\/noticias\/53-motivacion-clave-para-la-retencion-de-personal\/","og_locale":"es_ES","og_type":"article","og_title":"53- MOTIVACI\u00d3N: CLAVE PARA LA RETENCI\u00d3N DE PERSONAL - Auren Uruguay","og_description":"En un marco de importante crecimiento econ\u00f3mico y una tasa de desempleo que ronda el 6% (en noviembre de 2011 fue del 5,5%), resulta un gran desaf\u00edo para las organizaciones [&hellip;]","og_url":"https:\/\/auren.com\/uy\/noticias\/53-motivacion-clave-para-la-retencion-de-personal\/","og_site_name":"Auren Uruguay","article_publisher":"https:\/\/www.facebook.com\/aurenuruguay","og_image":[{"width":2048,"height":1365,"url":"https:\/\/auren.com\/uy\/wp-content\/uploads\/2012\/01\/zonaa.jpg","type":"image\/jpeg"}],"twitter_card":"summary_large_image","twitter_site":"@AurenUruguay","twitter_misc":{"Tiempo de lectura":"3 minutos"},"schema":{"@context":"https:\/\/schema.org","@graph":[{"@type":"WebPage","@id":"https:\/\/auren.com\/uy\/noticias\/53-motivacion-clave-para-la-retencion-de-personal\/","url":"https:\/\/auren.com\/uy\/noticias\/53-motivacion-clave-para-la-retencion-de-personal\/","name":"53- MOTIVACI\u00d3N: CLAVE PARA LA RETENCI\u00d3N DE PERSONAL - Auren Uruguay","isPartOf":{"@id":"https:\/\/auren.com\/uy\/#website"},"primaryImageOfPage":{"@id":"https:\/\/auren.com\/uy\/noticias\/53-motivacion-clave-para-la-retencion-de-personal\/#primaryimage"},"image":{"@id":"https:\/\/auren.com\/uy\/noticias\/53-motivacion-clave-para-la-retencion-de-personal\/#primaryimage"},"thumbnailUrl":"https:\/\/auren.com\/uy\/wp-content\/uploads\/2012\/01\/zonaa.jpg","datePublished":"2012-01-20T14:04:53+00:00","breadcrumb":{"@id":"https:\/\/auren.com\/uy\/noticias\/53-motivacion-clave-para-la-retencion-de-personal\/#breadcrumb"},"inLanguage":"es","potentialAction":[{"@type":"ReadAction","target":["https:\/\/auren.com\/uy\/noticias\/53-motivacion-clave-para-la-retencion-de-personal\/"]}]},{"@type":"ImageObject","inLanguage":"es","@id":"https:\/\/auren.com\/uy\/noticias\/53-motivacion-clave-para-la-retencion-de-personal\/#primaryimage","url":"https:\/\/auren.com\/uy\/wp-content\/uploads\/2012\/01\/zonaa.jpg","contentUrl":"https:\/\/auren.com\/uy\/wp-content\/uploads\/2012\/01\/zonaa.jpg","width":2048,"height":1365},{"@type":"BreadcrumbList","@id":"https:\/\/auren.com\/uy\/noticias\/53-motivacion-clave-para-la-retencion-de-personal\/#breadcrumb","itemListElement":[{"@type":"ListItem","position":1,"name":"Portada","item":"https:\/\/auren.com\/uy\/"},{"@type":"ListItem","position":2,"name":"53- MOTIVACI\u00d3N: CLAVE PARA LA RETENCI\u00d3N DE PERSONAL"}]},{"@type":"WebSite","@id":"https:\/\/auren.com\/uy\/#website","url":"https:\/\/auren.com\/uy\/","name":"Auren Uruguay","description":"","publisher":{"@id":"https:\/\/auren.com\/uy\/#organization"},"potentialAction":[{"@type":"SearchAction","target":{"@type":"EntryPoint","urlTemplate":"https:\/\/auren.com\/uy\/?s={search_term_string}"},"query-input":{"@type":"PropertyValueSpecification","valueRequired":true,"valueName":"search_term_string"}}],"inLanguage":"es"},{"@type":"Organization","@id":"https:\/\/auren.com\/uy\/#organization","name":"Auren Uruguay","url":"https:\/\/auren.com\/uy\/","logo":{"@type":"ImageObject","inLanguage":"es","@id":"https:\/\/auren.com\/uy\/#\/schema\/logo\/image\/","url":"https:\/\/auren.com\/uy\/wp-content\/uploads\/2025\/01\/cropped-cropped-favicon-Auren.png","contentUrl":"https:\/\/auren.com\/uy\/wp-content\/uploads\/2025\/01\/cropped-cropped-favicon-Auren.png","width":512,"height":512,"caption":"Auren Uruguay"},"image":{"@id":"https:\/\/auren.com\/uy\/#\/schema\/logo\/image\/"},"sameAs":["https:\/\/www.facebook.com\/aurenuruguay","https:\/\/x.com\/AurenUruguay","https:\/\/www.linkedin.com\/company\/auren-uruguay","https:\/\/www.youtube.com\/channel\/UClkpSYFfsAuqdTaVF5whedQ","https:\/\/www.instagram.com\/aurenuruguay\/"]}]}},"_links":{"self":[{"href":"https:\/\/auren.com\/uy\/wp-json\/wp\/v2\/new\/11816","targetHints":{"allow":["GET"]}}],"collection":[{"href":"https:\/\/auren.com\/uy\/wp-json\/wp\/v2\/new"}],"about":[{"href":"https:\/\/auren.com\/uy\/wp-json\/wp\/v2\/types\/new"}],"version-history":[{"count":0,"href":"https:\/\/auren.com\/uy\/wp-json\/wp\/v2\/new\/11816\/revisions"}],"wp:featuredmedia":[{"embeddable":true,"href":"https:\/\/auren.com\/uy\/wp-json\/wp\/v2\/media\/11817"}],"wp:attachment":[{"href":"https:\/\/auren.com\/uy\/wp-json\/wp\/v2\/media?parent=11816"}],"wp:term":[{"taxonomy":"new-category","embeddable":true,"href":"https:\/\/auren.com\/uy\/wp-json\/wp\/v2\/new-category?post=11816"}],"curies":[{"name":"wp","href":"https:\/\/api.w.org\/{rel}","templated":true}]}}