{"id":11819,"date":"2012-01-13T15:08:55","date_gmt":"2012-01-13T14:08:55","guid":{"rendered":"https:\/\/auren.com\/uy\/new\/52-icir-y-cambios-en-el-ficto-en-la-venta-de-campos-el-proyecto-se-hizo-ley\/"},"modified":"2012-01-13T15:08:55","modified_gmt":"2012-01-13T14:08:55","slug":"52-icir-y-cambios-en-el-ficto-en-la-venta-de-campos-el-proyecto-se-hizo-ley","status":"publish","type":"new","link":"https:\/\/auren.com\/uy\/noticias\/52-icir-y-cambios-en-el-ficto-en-la-venta-de-campos-el-proyecto-se-hizo-ley\/","title":{"rendered":"52- ICIR Y CAMBIOS EN EL FICTO EN LA VENTA DE CAMPOS: EL PROYECTO SE HIZO LEY"},"content":{"rendered":"<p class=\"has-text-align-justify\">Finalmente y como lo anticipara el Poder Ejecutivo, el pasado 29\/12\/2011 el controvertido proyecto de ley conocido como \u201cImpuesto a la Concentraci\u00f3n de Inmuebles Rurales\u201d se convirti\u00f3 en la <strong>Ley N\u00ba 18.876<\/strong>, dando paso as\u00ed a la aplicaci\u00f3n de este nuevo gravamen que recae sobre el sector agropecuario. A continuaci\u00f3n haremos una breve rese\u00f1a de las principales disposiciones contenidas en la ley.<\/p>\n<p class=\"has-text-align-justify has-vivid-red-color has-text-color\" style=\"font-size:25px\"><strong><u>ICIR<\/u><\/strong><\/p>\n<p class=\"has-text-align-justify\">Se crea el ICIR, un impuesto anual sobre los campos que en su conjunto excedan por titular las 2.000 hect\u00e1reas CONEAT 100 o equivalentes, seg\u00fan el siguiente detalle:<\/p>\n<figure class=\"wp-block-table aligncenter\">\n<table>\n<tbody>\n<tr>\n<td><strong>H\u00e1s. Coneat 100<\/strong><\/td>\n<td><strong>UI\/ H\u00e1.<\/strong><\/td>\n<td><strong>USD\/H\u00e1.<\/strong><\/td>\n<\/tr>\n<tr>\n<td>De 2.000 a 5.000<\/td>\n<td>67<\/td>\n<td>8<\/td>\n<\/tr>\n<tr>\n<td>M\u00e1s 5.000 a 10.000<\/td>\n<td>100<\/td>\n<td>12<\/td>\n<\/tr>\n<tr>\n<td>M\u00e1s de 10.000<\/td>\n<td>135<\/td>\n<td>16<\/td>\n<\/tr>\n<\/tbody>\n<\/table>\n<\/figure>\n<p class=\"has-text-align-justify\">El impuesto se liquida sobre la base de los inmuebles rurales al 31\/12 de cada a\u00f1o. T\u00e9ngase presente que con la actual redacci\u00f3n de la ley, y salvo que la reglamentaci\u00f3n disponga algo en contrario, al 31\/12\/2011 el ICIR ya se encontraba vigente.<\/p>\n<p class=\"has-text-align-justify has-vivid-red-color has-text-color\" style=\"font-size:25px\"><strong><u>Ficto en la venta de campos<\/u><\/strong><\/p>\n<p class=\"has-text-align-justify\">La ley tambi\u00e9n modifica la forma de c\u00e1lculo del Impuesto a la Renta ficto (IRAE e IRPF) aplicable en la enajenaci\u00f3n de campos adquiridos con anterioridad al 1\u00ba\/07\/2007.<\/p>\n<p class=\"has-text-align-justify\">Como ya hemos hecho menci\u00f3n en anteriores entregas, hasta el 31\/12\/2011, si el enajenante era contribuyente de IRPF determinaba la renta neta aplicando la al\u00edcuota del 15% sobre el precio de venta (y sobre ese monto la tasa del 12%, lo que daba un impuesto del 1.8% sobre el precio de venta), y en caso de ser contribuyente de IRAE se aplicaba la al\u00edcuota del 6% (y sobre ese monto la tasa del 25%, lo que daba un impuesto del 1.5% sobre el precio de venta).<\/p>\n<p class=\"has-text-align-justify\">Pues bien, la ley modifica la forma de c\u00e1lculo del ficto, el cual es aplicable a las enajenaciones efectuadas a partir del <strong>1\u00ba\/01\/2012<\/strong>.<\/p>\n<p class=\"has-text-align-justify\">A partir de ahora la renta neta se calcular\u00e1 como la sumatoria del importe resultante de aplicar el porcentaje que corresponda (15% o 6%, dependiendo del impuesto que se trate) sobre el valor en plaza (VP) del inmueble al 1\u00ba\/7\/2007, m\u00e1s la diferencia entre el precio de venta y el referido VP actualizado.<\/p>\n<p class=\"has-text-align-justify\">Para la determinaci\u00f3n del VP al 1\u00ba\/07\/2007 se deber\u00e1 deflactar el precio de venta (que no puede ser inferior al valor real de Catastro), utilizando el \u00cdndice Medio del Incremento de los Precios de Venta de los Inmuebles Rurales (IMIPVIR). El IMIPVIR ser\u00e1 confeccionado en forma trimestral por el MEF, el cual se fij\u00f3 en 1.67 por el per\u00edodo 1\u00ba\/7\/2007\u201331\/12\/2011 (dato tomado de la p\u00e1gina web de la DGI).<\/p>\n<p class=\"has-text-align-justify\">A efectos de determinar la diferencia entre el Precio de Venta y el VP al 1\u00ba\/07\/2007, \u00e9ste \u00faltimo se ajustar\u00e1 por el incremento del valor de la Unidad Indexada ocurrida entre esa fecha y el \u00faltimo d\u00eda del mes inmediato anterior al de la enajenaci\u00f3n (1\u00ba\/7\/2007-31\/12\/2011: 37%).<\/p>\n<p class=\"has-text-align-justify has-vivid-red-color has-text-color\" style=\"font-size:25px\"><strong>Ejemplo num\u00e9rico<\/strong><\/p>\n<p class=\"has-text-align-justify\">Veamos un ejemplo del impuesto a pagar antes y despu\u00e9s de la nueva ley, aplicando un IMIPVIR del 1.67 y una variaci\u00f3n de la UI del 37%:<\/p>\n<figure class=\"wp-block-table aligncenter\">\n<table>\n<tbody>\n<tr>\n<td><strong>IRPF<\/strong><\/td>\n<td><strong>Antes<\/strong><\/td>\n<td><strong>Ahora<\/strong><\/td>\n<\/tr>\n<tr>\n<td>Precio de venta<\/td>\n<td>1.000<\/td>\n<td>1.000<\/td>\n<\/tr>\n<tr>\n<td>VP 1\/7\/2007 (1.000\/1,67)<\/td>\n<td>&nbsp;<\/td>\n<td>599<\/td>\n<\/tr>\n<tr>\n<td>VP actualizado (599*1,37)<\/td>\n<td>&nbsp;<\/td>\n<td>820<\/td>\n<\/tr>\n<tr>\n<td>Renta Neta<\/td>\n<td>150<\/td>\n<td>269<\/td>\n<\/tr>\n<tr>\n<td><strong>IRPF 12%<\/strong><\/td>\n<td><strong>18<\/strong><\/td>\n<td><strong>32<\/strong><\/td>\n<\/tr>\n<tr>\n<td><\/td>\n<td><\/td>\n<td><\/td>\n<\/tr>\n<tr>\n<td><strong>IRAE<\/strong><\/td>\n<td><strong>Antes<\/strong><\/td>\n<td><strong>Ahora<\/strong><\/td>\n<\/tr>\n<tr>\n<td>Precio de venta<\/td>\n<td>1.000<\/td>\n<td>1.000<\/td>\n<\/tr>\n<tr>\n<td>VP 1\/7\/2007 (1.000\/1,67)<\/td>\n<td>&nbsp;<\/td>\n<td>599<\/td>\n<\/tr>\n<tr>\n<td>VP actualizado (599*1,37)<\/td>\n<td>&nbsp;<\/td>\n<td>820<\/td>\n<\/tr>\n<tr>\n<td>Renta Neta<\/td>\n<td>60<\/td>\n<td>216<\/td>\n<\/tr>\n<tr>\n<td><strong>IRAE 25%<\/strong><\/td>\n<td><strong>15<\/strong><\/td>\n<td><strong>54<\/strong><\/td>\n<\/tr>\n<\/tbody>\n<\/table>\n<\/figure>\n<p class=\"has-text-align-justify has-vivid-red-color has-text-color\" style=\"font-size:25px\"><strong><u>Costos<\/u><\/strong><\/p>\n<p class=\"has-text-align-justify\">Es decir que a partir de ahora, los propietarios de campos de superficies mayores a 2.000 h\u00e1s CONEAT 100 tendr\u00e1n un nuevo costo anual derivado del ICIR.<\/p>\n<p class=\"has-text-align-justify\">Y al momento de enajenar campos (independientemente de la superficie y del CONEAT), que fueran adquiridos antes del 1\u00ba\/07\/2007, dentro de los gastos propios de la enajenaci\u00f3n (ITP: 2% y 2%; honorarios notariales, etc), deber\u00e1 adicionarse el impuesto a la renta calculado de acuerdo con esta nueva forma de c\u00e1lculo.<\/p>\n<p><!-- AddThis Advanced Settings generic via filter on the_content --><!-- AddThis Share Buttons generic via filter on the_content --><\/p>\n","protected":false},"excerpt":{"rendered":"<p>Finalmente y como lo anticipara el Poder Ejecutivo, el pasado 29\/12\/2011 el controvertido proyecto de ley conocido como \u201cImpuesto a la Concentraci\u00f3n de Inmuebles Rurales\u201d se convirti\u00f3 en la Ley [&hellip;]<\/p>\n","protected":false},"featured_media":11820,"template":"","meta":{"_acf_changed":false,"footnotes":""},"new-category":[],"class_list":["post-11819","new","type-new","status-publish","has-post-thumbnail","hentry"],"acf":[],"yoast_head":"<!-- This site is optimized with the Yoast SEO plugin v27.5 - https:\/\/yoast.com\/product\/yoast-seo-wordpress\/ -->\n<title>52- ICIR Y CAMBIOS EN EL FICTO EN LA VENTA DE CAMPOS: EL PROYECTO SE HIZO LEY - Auren Uruguay<\/title>\n<meta name=\"robots\" content=\"index, follow, max-snippet:-1, max-image-preview:large, max-video-preview:-1\" \/>\n<link rel=\"canonical\" href=\"https:\/\/auren.com\/uy\/noticias\/52-icir-y-cambios-en-el-ficto-en-la-venta-de-campos-el-proyecto-se-hizo-ley\/\" \/>\n<meta property=\"og:locale\" content=\"es_ES\" \/>\n<meta property=\"og:type\" content=\"article\" \/>\n<meta property=\"og:title\" content=\"52- ICIR Y CAMBIOS EN EL FICTO EN LA VENTA DE CAMPOS: EL PROYECTO SE HIZO LEY - Auren Uruguay\" \/>\n<meta property=\"og:description\" content=\"Finalmente y como lo anticipara el Poder Ejecutivo, el pasado 29\/12\/2011 el controvertido proyecto de ley conocido como \u201cImpuesto a la Concentraci\u00f3n de Inmuebles Rurales\u201d se convirti\u00f3 en la Ley [&hellip;]\" \/>\n<meta property=\"og:url\" content=\"https:\/\/auren.com\/uy\/noticias\/52-icir-y-cambios-en-el-ficto-en-la-venta-de-campos-el-proyecto-se-hizo-ley\/\" \/>\n<meta property=\"og:site_name\" content=\"Auren Uruguay\" \/>\n<meta property=\"article:publisher\" content=\"https:\/\/www.facebook.com\/aurenuruguay\" \/>\n<meta property=\"og:image\" content=\"https:\/\/auren.com\/uy\/wp-content\/uploads\/2012\/01\/taxholi.jpg\" \/>\n\t<meta property=\"og:image:width\" content=\"2048\" \/>\n\t<meta property=\"og:image:height\" content=\"1365\" \/>\n\t<meta property=\"og:image:type\" content=\"image\/jpeg\" \/>\n<meta name=\"twitter:card\" content=\"summary_large_image\" \/>\n<meta name=\"twitter:site\" content=\"@AurenUruguay\" \/>\n<meta name=\"twitter:label1\" content=\"Tiempo de lectura\" \/>\n\t<meta name=\"twitter:data1\" content=\"3 minutos\" \/>\n<script type=\"application\/ld+json\" class=\"yoast-schema-graph\">{\"@context\":\"https:\\\/\\\/schema.org\",\"@graph\":[{\"@type\":\"WebPage\",\"@id\":\"https:\\\/\\\/auren.com\\\/uy\\\/noticias\\\/52-icir-y-cambios-en-el-ficto-en-la-venta-de-campos-el-proyecto-se-hizo-ley\\\/\",\"url\":\"https:\\\/\\\/auren.com\\\/uy\\\/noticias\\\/52-icir-y-cambios-en-el-ficto-en-la-venta-de-campos-el-proyecto-se-hizo-ley\\\/\",\"name\":\"52- ICIR Y CAMBIOS EN EL FICTO EN LA VENTA DE CAMPOS: EL PROYECTO SE HIZO LEY - Auren Uruguay\",\"isPartOf\":{\"@id\":\"https:\\\/\\\/auren.com\\\/uy\\\/#website\"},\"primaryImageOfPage\":{\"@id\":\"https:\\\/\\\/auren.com\\\/uy\\\/noticias\\\/52-icir-y-cambios-en-el-ficto-en-la-venta-de-campos-el-proyecto-se-hizo-ley\\\/#primaryimage\"},\"image\":{\"@id\":\"https:\\\/\\\/auren.com\\\/uy\\\/noticias\\\/52-icir-y-cambios-en-el-ficto-en-la-venta-de-campos-el-proyecto-se-hizo-ley\\\/#primaryimage\"},\"thumbnailUrl\":\"https:\\\/\\\/auren.com\\\/uy\\\/wp-content\\\/uploads\\\/2012\\\/01\\\/taxholi.jpg\",\"datePublished\":\"2012-01-13T14:08:55+00:00\",\"breadcrumb\":{\"@id\":\"https:\\\/\\\/auren.com\\\/uy\\\/noticias\\\/52-icir-y-cambios-en-el-ficto-en-la-venta-de-campos-el-proyecto-se-hizo-ley\\\/#breadcrumb\"},\"inLanguage\":\"es\",\"potentialAction\":[{\"@type\":\"ReadAction\",\"target\":[\"https:\\\/\\\/auren.com\\\/uy\\\/noticias\\\/52-icir-y-cambios-en-el-ficto-en-la-venta-de-campos-el-proyecto-se-hizo-ley\\\/\"]}]},{\"@type\":\"ImageObject\",\"inLanguage\":\"es\",\"@id\":\"https:\\\/\\\/auren.com\\\/uy\\\/noticias\\\/52-icir-y-cambios-en-el-ficto-en-la-venta-de-campos-el-proyecto-se-hizo-ley\\\/#primaryimage\",\"url\":\"https:\\\/\\\/auren.com\\\/uy\\\/wp-content\\\/uploads\\\/2012\\\/01\\\/taxholi.jpg\",\"contentUrl\":\"https:\\\/\\\/auren.com\\\/uy\\\/wp-content\\\/uploads\\\/2012\\\/01\\\/taxholi.jpg\",\"width\":2048,\"height\":1365},{\"@type\":\"BreadcrumbList\",\"@id\":\"https:\\\/\\\/auren.com\\\/uy\\\/noticias\\\/52-icir-y-cambios-en-el-ficto-en-la-venta-de-campos-el-proyecto-se-hizo-ley\\\/#breadcrumb\",\"itemListElement\":[{\"@type\":\"ListItem\",\"position\":1,\"name\":\"Portada\",\"item\":\"https:\\\/\\\/auren.com\\\/uy\\\/\"},{\"@type\":\"ListItem\",\"position\":2,\"name\":\"52- ICIR Y CAMBIOS EN EL FICTO EN LA VENTA DE CAMPOS: EL PROYECTO SE HIZO LEY\"}]},{\"@type\":\"WebSite\",\"@id\":\"https:\\\/\\\/auren.com\\\/uy\\\/#website\",\"url\":\"https:\\\/\\\/auren.com\\\/uy\\\/\",\"name\":\"Auren Uruguay\",\"description\":\"\",\"publisher\":{\"@id\":\"https:\\\/\\\/auren.com\\\/uy\\\/#organization\"},\"potentialAction\":[{\"@type\":\"SearchAction\",\"target\":{\"@type\":\"EntryPoint\",\"urlTemplate\":\"https:\\\/\\\/auren.com\\\/uy\\\/?s={search_term_string}\"},\"query-input\":{\"@type\":\"PropertyValueSpecification\",\"valueRequired\":true,\"valueName\":\"search_term_string\"}}],\"inLanguage\":\"es\"},{\"@type\":\"Organization\",\"@id\":\"https:\\\/\\\/auren.com\\\/uy\\\/#organization\",\"name\":\"Auren Uruguay\",\"url\":\"https:\\\/\\\/auren.com\\\/uy\\\/\",\"logo\":{\"@type\":\"ImageObject\",\"inLanguage\":\"es\",\"@id\":\"https:\\\/\\\/auren.com\\\/uy\\\/#\\\/schema\\\/logo\\\/image\\\/\",\"url\":\"https:\\\/\\\/auren.com\\\/uy\\\/wp-content\\\/uploads\\\/2025\\\/01\\\/cropped-cropped-favicon-Auren.png\",\"contentUrl\":\"https:\\\/\\\/auren.com\\\/uy\\\/wp-content\\\/uploads\\\/2025\\\/01\\\/cropped-cropped-favicon-Auren.png\",\"width\":512,\"height\":512,\"caption\":\"Auren Uruguay\"},\"image\":{\"@id\":\"https:\\\/\\\/auren.com\\\/uy\\\/#\\\/schema\\\/logo\\\/image\\\/\"},\"sameAs\":[\"https:\\\/\\\/www.facebook.com\\\/aurenuruguay\",\"https:\\\/\\\/x.com\\\/AurenUruguay\",\"https:\\\/\\\/www.linkedin.com\\\/company\\\/auren-uruguay\",\"https:\\\/\\\/www.youtube.com\\\/channel\\\/UClkpSYFfsAuqdTaVF5whedQ\",\"https:\\\/\\\/www.instagram.com\\\/aurenuruguay\\\/\"]}]}<\/script>\n<!-- \/ Yoast SEO plugin. -->","yoast_head_json":{"title":"52- ICIR Y CAMBIOS EN EL FICTO EN LA VENTA DE CAMPOS: EL PROYECTO SE HIZO LEY - Auren Uruguay","robots":{"index":"index","follow":"follow","max-snippet":"max-snippet:-1","max-image-preview":"max-image-preview:large","max-video-preview":"max-video-preview:-1"},"canonical":"https:\/\/auren.com\/uy\/noticias\/52-icir-y-cambios-en-el-ficto-en-la-venta-de-campos-el-proyecto-se-hizo-ley\/","og_locale":"es_ES","og_type":"article","og_title":"52- ICIR Y CAMBIOS EN EL FICTO EN LA VENTA DE CAMPOS: EL PROYECTO SE HIZO LEY - Auren Uruguay","og_description":"Finalmente y como lo anticipara el Poder Ejecutivo, el pasado 29\/12\/2011 el controvertido proyecto de ley conocido como \u201cImpuesto a la Concentraci\u00f3n de Inmuebles Rurales\u201d se convirti\u00f3 en la Ley [&hellip;]","og_url":"https:\/\/auren.com\/uy\/noticias\/52-icir-y-cambios-en-el-ficto-en-la-venta-de-campos-el-proyecto-se-hizo-ley\/","og_site_name":"Auren Uruguay","article_publisher":"https:\/\/www.facebook.com\/aurenuruguay","og_image":[{"width":2048,"height":1365,"url":"https:\/\/auren.com\/uy\/wp-content\/uploads\/2012\/01\/taxholi.jpg","type":"image\/jpeg"}],"twitter_card":"summary_large_image","twitter_site":"@AurenUruguay","twitter_misc":{"Tiempo de lectura":"3 minutos"},"schema":{"@context":"https:\/\/schema.org","@graph":[{"@type":"WebPage","@id":"https:\/\/auren.com\/uy\/noticias\/52-icir-y-cambios-en-el-ficto-en-la-venta-de-campos-el-proyecto-se-hizo-ley\/","url":"https:\/\/auren.com\/uy\/noticias\/52-icir-y-cambios-en-el-ficto-en-la-venta-de-campos-el-proyecto-se-hizo-ley\/","name":"52- ICIR Y CAMBIOS EN EL FICTO EN LA VENTA DE CAMPOS: EL PROYECTO SE HIZO LEY - Auren Uruguay","isPartOf":{"@id":"https:\/\/auren.com\/uy\/#website"},"primaryImageOfPage":{"@id":"https:\/\/auren.com\/uy\/noticias\/52-icir-y-cambios-en-el-ficto-en-la-venta-de-campos-el-proyecto-se-hizo-ley\/#primaryimage"},"image":{"@id":"https:\/\/auren.com\/uy\/noticias\/52-icir-y-cambios-en-el-ficto-en-la-venta-de-campos-el-proyecto-se-hizo-ley\/#primaryimage"},"thumbnailUrl":"https:\/\/auren.com\/uy\/wp-content\/uploads\/2012\/01\/taxholi.jpg","datePublished":"2012-01-13T14:08:55+00:00","breadcrumb":{"@id":"https:\/\/auren.com\/uy\/noticias\/52-icir-y-cambios-en-el-ficto-en-la-venta-de-campos-el-proyecto-se-hizo-ley\/#breadcrumb"},"inLanguage":"es","potentialAction":[{"@type":"ReadAction","target":["https:\/\/auren.com\/uy\/noticias\/52-icir-y-cambios-en-el-ficto-en-la-venta-de-campos-el-proyecto-se-hizo-ley\/"]}]},{"@type":"ImageObject","inLanguage":"es","@id":"https:\/\/auren.com\/uy\/noticias\/52-icir-y-cambios-en-el-ficto-en-la-venta-de-campos-el-proyecto-se-hizo-ley\/#primaryimage","url":"https:\/\/auren.com\/uy\/wp-content\/uploads\/2012\/01\/taxholi.jpg","contentUrl":"https:\/\/auren.com\/uy\/wp-content\/uploads\/2012\/01\/taxholi.jpg","width":2048,"height":1365},{"@type":"BreadcrumbList","@id":"https:\/\/auren.com\/uy\/noticias\/52-icir-y-cambios-en-el-ficto-en-la-venta-de-campos-el-proyecto-se-hizo-ley\/#breadcrumb","itemListElement":[{"@type":"ListItem","position":1,"name":"Portada","item":"https:\/\/auren.com\/uy\/"},{"@type":"ListItem","position":2,"name":"52- ICIR Y CAMBIOS EN EL FICTO EN LA VENTA DE CAMPOS: EL PROYECTO SE HIZO LEY"}]},{"@type":"WebSite","@id":"https:\/\/auren.com\/uy\/#website","url":"https:\/\/auren.com\/uy\/","name":"Auren Uruguay","description":"","publisher":{"@id":"https:\/\/auren.com\/uy\/#organization"},"potentialAction":[{"@type":"SearchAction","target":{"@type":"EntryPoint","urlTemplate":"https:\/\/auren.com\/uy\/?s={search_term_string}"},"query-input":{"@type":"PropertyValueSpecification","valueRequired":true,"valueName":"search_term_string"}}],"inLanguage":"es"},{"@type":"Organization","@id":"https:\/\/auren.com\/uy\/#organization","name":"Auren Uruguay","url":"https:\/\/auren.com\/uy\/","logo":{"@type":"ImageObject","inLanguage":"es","@id":"https:\/\/auren.com\/uy\/#\/schema\/logo\/image\/","url":"https:\/\/auren.com\/uy\/wp-content\/uploads\/2025\/01\/cropped-cropped-favicon-Auren.png","contentUrl":"https:\/\/auren.com\/uy\/wp-content\/uploads\/2025\/01\/cropped-cropped-favicon-Auren.png","width":512,"height":512,"caption":"Auren Uruguay"},"image":{"@id":"https:\/\/auren.com\/uy\/#\/schema\/logo\/image\/"},"sameAs":["https:\/\/www.facebook.com\/aurenuruguay","https:\/\/x.com\/AurenUruguay","https:\/\/www.linkedin.com\/company\/auren-uruguay","https:\/\/www.youtube.com\/channel\/UClkpSYFfsAuqdTaVF5whedQ","https:\/\/www.instagram.com\/aurenuruguay\/"]}]}},"_links":{"self":[{"href":"https:\/\/auren.com\/uy\/wp-json\/wp\/v2\/new\/11819","targetHints":{"allow":["GET"]}}],"collection":[{"href":"https:\/\/auren.com\/uy\/wp-json\/wp\/v2\/new"}],"about":[{"href":"https:\/\/auren.com\/uy\/wp-json\/wp\/v2\/types\/new"}],"version-history":[{"count":0,"href":"https:\/\/auren.com\/uy\/wp-json\/wp\/v2\/new\/11819\/revisions"}],"wp:featuredmedia":[{"embeddable":true,"href":"https:\/\/auren.com\/uy\/wp-json\/wp\/v2\/media\/11820"}],"wp:attachment":[{"href":"https:\/\/auren.com\/uy\/wp-json\/wp\/v2\/media?parent=11819"}],"wp:term":[{"taxonomy":"new-category","embeddable":true,"href":"https:\/\/auren.com\/uy\/wp-json\/wp\/v2\/new-category?post=11819"}],"curies":[{"name":"wp","href":"https:\/\/api.w.org\/{rel}","templated":true}]}}