{"id":11822,"date":"2012-01-06T15:13:35","date_gmt":"2012-01-06T14:13:35","guid":{"rendered":"https:\/\/auren.com\/uy\/new\/51-irpf-tiempo-de-ajuste-anual\/"},"modified":"2012-01-06T15:13:35","modified_gmt":"2012-01-06T14:13:35","slug":"51-irpf-tiempo-de-ajuste-anual","status":"publish","type":"new","link":"https:\/\/auren.com\/uy\/noticias\/51-irpf-tiempo-de-ajuste-anual\/","title":{"rendered":"51- IRPF: TIEMPO DE AJUSTE ANUAL"},"content":{"rendered":"<p class=\"has-text-align-justify\">Diciembre fue un mes de fiestas y adem\u00e1s, entre otras cosas de aguinaldos, salarios vacacionales y tambi\u00e9n del <em>AJUSTE ANUAL DE IRPF<\/em>.<\/p>\n<p class=\"has-text-align-justify\">En el mes de enero seg\u00fan el calendario de vencimientos previsto por BPS las empresas deber\u00e1n presentar la liquidaci\u00f3n del AJUSTE ANUAL DE IRPF de aquellos trabajadores que se encuentren activos en la empresa al mes de diciembre 2011.<\/p>\n<p class=\"has-text-align-justify has-vivid-red-color has-text-color\" style=\"font-size:25px\"><strong>\u00bfQu\u00e9 es el ajuste anual de IRPF?<\/strong><\/p>\n<p class=\"has-text-align-justify\">Es la diferencia entre el impuesto anual y las retenciones efectuadas durante el a\u00f1o. El empleador en su calidad de responsable sustituto deber\u00e1 realizar la liquidaci\u00f3n anual de IRPF.<\/p>\n<p class=\"has-text-align-justify has-vivid-red-color has-text-color\" style=\"font-size:25px\"><strong>\u00bfC\u00f3mo se realiza el c\u00e1lculo?<\/strong><\/p>\n<p class=\"has-text-align-justify\">Para aquellos trabajadores que no optaron por liquidar el impuesto por N\u00facleo Familiar el c\u00e1lculo se realiza restando al IRPF Anual, las Deducciones anuales y las Retenciones correspondientes hasta el mes de noviembre 2011.<\/p>\n<p class=\"has-text-align-justify\">En cambio aquellos trabajadores que al mes de diciembre 2011 tengan opci\u00f3n de liquidaci\u00f3n por N\u00facleo Familiar el ajuste se determina deduciendo un 5% al resultado de la diferencia entre el IRPF Anual y las Deducciones Anuales y luego restando las Retenciones realizadas hasta el mes noviembre.<\/p>\n<p class=\"has-text-align-justify has-vivid-red-color has-text-color\" style=\"font-size:25px\"><strong>Resultado del ajuste anual:<\/strong><\/p>\n<p class=\"has-text-align-justify\"><strong>Positivo:<\/strong> ser\u00e1 la retenci\u00f3n de diciembre.<\/p>\n<p class=\"has-text-align-justify\"><strong>Cero:<\/strong> no corresponde retenci\u00f3n en diciembre.<\/p>\n<p class=\"has-text-align-justify\"><strong>Negativo:<\/strong> significa que las retenciones hasta noviembre superaron el IRPF anual. En consecuencia la empresa no realizar\u00e1 retenci\u00f3n en diciembre, y el cr\u00e9dito ser\u00e1 devuelto en los plazos establecidos por el organismo recaudador.<\/p>\n<p class=\"has-text-align-justify has-vivid-red-color has-text-color\" style=\"font-size:25px\"><strong>\u00bfCu\u00e1l es el tratamiento para no dependientes?<\/strong><\/p>\n<p class=\"has-text-align-justify\">Por no dependientes se entiende a aquellas personas que estando en n\u00f3mina no tributan como trabajadores comunes. Es el caso de socios de sociedades personales con contrato, sociedad de hecho, directores y s\u00edndicos de sociedades an\u00f3nimas.<\/p>\n<p class=\"has-text-align-justify\">En lo que refiere al c\u00e1lculo propiamente dicho no hay cambios con respecto al ejercicio anterior, es decir que:<\/p>\n<p class=\"has-text-align-justify\">&#8211; S\u00f3lo se computan las remuneraciones reales.<\/p>\n<p class=\"has-text-align-justify\">&#8211; S\u00f3lo se realizar\u00e1 el ajuste de aquellos no dependientes que en diciembre se encuentren en n\u00f3mina.<\/p>\n<p class=\"has-text-align-justify\">&#8211; Se consideran \u00fanicamente los ingresos gravados del per\u00edodo enero a diciembre 2011.<\/p>\n<p class=\"has-text-align-justify\">&#8211; El c\u00e1lculo del ajuste se realiza tomando las mismas escalas que para los trabajadores en relaci\u00f3n de dependencia.<\/p>\n<p class=\"has-text-align-justify has-vivid-red-color has-text-color\" style=\"font-size:25px\"><strong>\u00bfA todos los trabajadores la empresa les realiza el ajuste anual en diciembre?<\/strong><\/p>\n<p class=\"has-text-align-justify\">La respuesta es SI, pero hay algunos trabajadores que adem\u00e1s deben realizar en forma personal la liquidaci\u00f3n anual de IRPF debido a que:<\/p>\n<p class=\"has-text-align-justify\">&#8211; Cambiaron de empleo en el ejercicio enero\/diciembre 2011.<\/p>\n<p class=\"has-text-align-justify\">&#8211; Tienen m\u00e1s de un empleo.<\/p>\n<p class=\"has-text-align-justify\">&#8211; Optaron por liquidar el impuesto en base a n\u00facleo familiar.<\/p>\n<p class=\"has-text-align-justify\">Este ajuste no se realiza ahora sino en las fechas que determina la DGI (dependiendo del d\u00edgito, para este a\u00f1o la presentaci\u00f3n de las declaraciones juradas comienza a vencer en junio, y si surge un saldo se puede abonar hasta en cinco cuotas iguales, venciendo la primera en el mes de agosto).<\/p>\n<p class=\"has-text-align-justify\">Para poder realizar dicha liquidaci\u00f3n las empresas deber\u00e1n suministrar a los trabajadores una declaraci\u00f3n (Resoluci\u00f3n 353), en la cual se especifican mes a mes los montos imponibles gravados, las deducciones y las retenciones realizadas en el a\u00f1o.<\/p>\n<p class=\"has-text-align-justify\">El plazo para la entrega de dicha documentaci\u00f3n vence el 31 de marzo pr\u00f3ximo.<\/p>\n<p class=\"has-text-align-justify has-vivid-red-color has-text-color\" style=\"font-size:25px\"><strong>Conclusi\u00f3n<\/strong><\/p>\n<p class=\"has-text-align-justify\">A no preocuparse si en el recibo de sueldo de diciembre el l\u00edquido a percibir es menor: se debe al ajuste anual de IRPF (lo cual no quita que no nos afecte, pero al menos sabemos cu\u00e1l es la raz\u00f3n).<\/p>\n<p><!-- AddThis Advanced Settings generic via filter on the_content --><!-- AddThis Share Buttons generic via filter on the_content --><\/p>\n","protected":false},"excerpt":{"rendered":"<p>Diciembre fue un mes de fiestas y adem\u00e1s, entre otras cosas de aguinaldos, salarios vacacionales y tambi\u00e9n del AJUSTE ANUAL DE IRPF. En el mes de enero seg\u00fan el calendario [&hellip;]<\/p>\n","protected":false},"featured_media":11823,"template":"","meta":{"_acf_changed":false,"footnotes":""},"new-category":[],"class_list":["post-11822","new","type-new","status-publish","has-post-thumbnail","hentry"],"acf":[],"yoast_head":"<!-- This site is optimized with the Yoast SEO plugin v27.5 - https:\/\/yoast.com\/product\/yoast-seo-wordpress\/ -->\n<title>51- IRPF: TIEMPO DE AJUSTE ANUAL - Auren Uruguay<\/title>\n<meta name=\"robots\" content=\"index, follow, max-snippet:-1, max-image-preview:large, max-video-preview:-1\" \/>\n<link rel=\"canonical\" href=\"https:\/\/auren.com\/uy\/noticias\/51-irpf-tiempo-de-ajuste-anual\/\" \/>\n<meta property=\"og:locale\" content=\"es_ES\" \/>\n<meta property=\"og:type\" content=\"article\" \/>\n<meta property=\"og:title\" content=\"51- IRPF: TIEMPO DE AJUSTE ANUAL - Auren Uruguay\" \/>\n<meta property=\"og:description\" content=\"Diciembre fue un mes de fiestas y adem\u00e1s, entre otras cosas de aguinaldos, salarios vacacionales y tambi\u00e9n del AJUSTE ANUAL DE IRPF. En el mes de enero seg\u00fan el calendario [&hellip;]\" \/>\n<meta property=\"og:url\" content=\"https:\/\/auren.com\/uy\/noticias\/51-irpf-tiempo-de-ajuste-anual\/\" \/>\n<meta property=\"og:site_name\" content=\"Auren Uruguay\" \/>\n<meta property=\"article:publisher\" content=\"https:\/\/www.facebook.com\/aurenuruguay\" \/>\n<meta property=\"og:image\" content=\"https:\/\/auren.com\/uy\/wp-content\/uploads\/2012\/01\/lavact.jpg\" \/>\n\t<meta property=\"og:image:width\" content=\"2048\" \/>\n\t<meta property=\"og:image:height\" content=\"1365\" \/>\n\t<meta property=\"og:image:type\" content=\"image\/jpeg\" \/>\n<meta name=\"twitter:card\" content=\"summary_large_image\" \/>\n<meta name=\"twitter:site\" content=\"@AurenUruguay\" \/>\n<meta name=\"twitter:label1\" content=\"Tiempo de lectura\" \/>\n\t<meta name=\"twitter:data1\" content=\"3 minutos\" \/>\n<script type=\"application\/ld+json\" class=\"yoast-schema-graph\">{\"@context\":\"https:\\\/\\\/schema.org\",\"@graph\":[{\"@type\":\"WebPage\",\"@id\":\"https:\\\/\\\/auren.com\\\/uy\\\/noticias\\\/51-irpf-tiempo-de-ajuste-anual\\\/\",\"url\":\"https:\\\/\\\/auren.com\\\/uy\\\/noticias\\\/51-irpf-tiempo-de-ajuste-anual\\\/\",\"name\":\"51- IRPF: TIEMPO DE AJUSTE ANUAL - Auren Uruguay\",\"isPartOf\":{\"@id\":\"https:\\\/\\\/auren.com\\\/uy\\\/#website\"},\"primaryImageOfPage\":{\"@id\":\"https:\\\/\\\/auren.com\\\/uy\\\/noticias\\\/51-irpf-tiempo-de-ajuste-anual\\\/#primaryimage\"},\"image\":{\"@id\":\"https:\\\/\\\/auren.com\\\/uy\\\/noticias\\\/51-irpf-tiempo-de-ajuste-anual\\\/#primaryimage\"},\"thumbnailUrl\":\"https:\\\/\\\/auren.com\\\/uy\\\/wp-content\\\/uploads\\\/2012\\\/01\\\/lavact.jpg\",\"datePublished\":\"2012-01-06T14:13:35+00:00\",\"breadcrumb\":{\"@id\":\"https:\\\/\\\/auren.com\\\/uy\\\/noticias\\\/51-irpf-tiempo-de-ajuste-anual\\\/#breadcrumb\"},\"inLanguage\":\"es\",\"potentialAction\":[{\"@type\":\"ReadAction\",\"target\":[\"https:\\\/\\\/auren.com\\\/uy\\\/noticias\\\/51-irpf-tiempo-de-ajuste-anual\\\/\"]}]},{\"@type\":\"ImageObject\",\"inLanguage\":\"es\",\"@id\":\"https:\\\/\\\/auren.com\\\/uy\\\/noticias\\\/51-irpf-tiempo-de-ajuste-anual\\\/#primaryimage\",\"url\":\"https:\\\/\\\/auren.com\\\/uy\\\/wp-content\\\/uploads\\\/2012\\\/01\\\/lavact.jpg\",\"contentUrl\":\"https:\\\/\\\/auren.com\\\/uy\\\/wp-content\\\/uploads\\\/2012\\\/01\\\/lavact.jpg\",\"width\":2048,\"height\":1365},{\"@type\":\"BreadcrumbList\",\"@id\":\"https:\\\/\\\/auren.com\\\/uy\\\/noticias\\\/51-irpf-tiempo-de-ajuste-anual\\\/#breadcrumb\",\"itemListElement\":[{\"@type\":\"ListItem\",\"position\":1,\"name\":\"Portada\",\"item\":\"https:\\\/\\\/auren.com\\\/uy\\\/\"},{\"@type\":\"ListItem\",\"position\":2,\"name\":\"51- IRPF: TIEMPO DE AJUSTE ANUAL\"}]},{\"@type\":\"WebSite\",\"@id\":\"https:\\\/\\\/auren.com\\\/uy\\\/#website\",\"url\":\"https:\\\/\\\/auren.com\\\/uy\\\/\",\"name\":\"Auren Uruguay\",\"description\":\"\",\"publisher\":{\"@id\":\"https:\\\/\\\/auren.com\\\/uy\\\/#organization\"},\"potentialAction\":[{\"@type\":\"SearchAction\",\"target\":{\"@type\":\"EntryPoint\",\"urlTemplate\":\"https:\\\/\\\/auren.com\\\/uy\\\/?s={search_term_string}\"},\"query-input\":{\"@type\":\"PropertyValueSpecification\",\"valueRequired\":true,\"valueName\":\"search_term_string\"}}],\"inLanguage\":\"es\"},{\"@type\":\"Organization\",\"@id\":\"https:\\\/\\\/auren.com\\\/uy\\\/#organization\",\"name\":\"Auren Uruguay\",\"url\":\"https:\\\/\\\/auren.com\\\/uy\\\/\",\"logo\":{\"@type\":\"ImageObject\",\"inLanguage\":\"es\",\"@id\":\"https:\\\/\\\/auren.com\\\/uy\\\/#\\\/schema\\\/logo\\\/image\\\/\",\"url\":\"https:\\\/\\\/auren.com\\\/uy\\\/wp-content\\\/uploads\\\/2025\\\/01\\\/cropped-cropped-favicon-Auren.png\",\"contentUrl\":\"https:\\\/\\\/auren.com\\\/uy\\\/wp-content\\\/uploads\\\/2025\\\/01\\\/cropped-cropped-favicon-Auren.png\",\"width\":512,\"height\":512,\"caption\":\"Auren Uruguay\"},\"image\":{\"@id\":\"https:\\\/\\\/auren.com\\\/uy\\\/#\\\/schema\\\/logo\\\/image\\\/\"},\"sameAs\":[\"https:\\\/\\\/www.facebook.com\\\/aurenuruguay\",\"https:\\\/\\\/x.com\\\/AurenUruguay\",\"https:\\\/\\\/www.linkedin.com\\\/company\\\/auren-uruguay\",\"https:\\\/\\\/www.youtube.com\\\/channel\\\/UClkpSYFfsAuqdTaVF5whedQ\",\"https:\\\/\\\/www.instagram.com\\\/aurenuruguay\\\/\"]}]}<\/script>\n<!-- \/ Yoast SEO plugin. -->","yoast_head_json":{"title":"51- IRPF: TIEMPO DE AJUSTE ANUAL - Auren Uruguay","robots":{"index":"index","follow":"follow","max-snippet":"max-snippet:-1","max-image-preview":"max-image-preview:large","max-video-preview":"max-video-preview:-1"},"canonical":"https:\/\/auren.com\/uy\/noticias\/51-irpf-tiempo-de-ajuste-anual\/","og_locale":"es_ES","og_type":"article","og_title":"51- IRPF: TIEMPO DE AJUSTE ANUAL - Auren Uruguay","og_description":"Diciembre fue un mes de fiestas y adem\u00e1s, entre otras cosas de aguinaldos, salarios vacacionales y tambi\u00e9n del AJUSTE ANUAL DE IRPF. En el mes de enero seg\u00fan el calendario [&hellip;]","og_url":"https:\/\/auren.com\/uy\/noticias\/51-irpf-tiempo-de-ajuste-anual\/","og_site_name":"Auren Uruguay","article_publisher":"https:\/\/www.facebook.com\/aurenuruguay","og_image":[{"width":2048,"height":1365,"url":"https:\/\/auren.com\/uy\/wp-content\/uploads\/2012\/01\/lavact.jpg","type":"image\/jpeg"}],"twitter_card":"summary_large_image","twitter_site":"@AurenUruguay","twitter_misc":{"Tiempo de lectura":"3 minutos"},"schema":{"@context":"https:\/\/schema.org","@graph":[{"@type":"WebPage","@id":"https:\/\/auren.com\/uy\/noticias\/51-irpf-tiempo-de-ajuste-anual\/","url":"https:\/\/auren.com\/uy\/noticias\/51-irpf-tiempo-de-ajuste-anual\/","name":"51- IRPF: TIEMPO DE AJUSTE ANUAL - Auren Uruguay","isPartOf":{"@id":"https:\/\/auren.com\/uy\/#website"},"primaryImageOfPage":{"@id":"https:\/\/auren.com\/uy\/noticias\/51-irpf-tiempo-de-ajuste-anual\/#primaryimage"},"image":{"@id":"https:\/\/auren.com\/uy\/noticias\/51-irpf-tiempo-de-ajuste-anual\/#primaryimage"},"thumbnailUrl":"https:\/\/auren.com\/uy\/wp-content\/uploads\/2012\/01\/lavact.jpg","datePublished":"2012-01-06T14:13:35+00:00","breadcrumb":{"@id":"https:\/\/auren.com\/uy\/noticias\/51-irpf-tiempo-de-ajuste-anual\/#breadcrumb"},"inLanguage":"es","potentialAction":[{"@type":"ReadAction","target":["https:\/\/auren.com\/uy\/noticias\/51-irpf-tiempo-de-ajuste-anual\/"]}]},{"@type":"ImageObject","inLanguage":"es","@id":"https:\/\/auren.com\/uy\/noticias\/51-irpf-tiempo-de-ajuste-anual\/#primaryimage","url":"https:\/\/auren.com\/uy\/wp-content\/uploads\/2012\/01\/lavact.jpg","contentUrl":"https:\/\/auren.com\/uy\/wp-content\/uploads\/2012\/01\/lavact.jpg","width":2048,"height":1365},{"@type":"BreadcrumbList","@id":"https:\/\/auren.com\/uy\/noticias\/51-irpf-tiempo-de-ajuste-anual\/#breadcrumb","itemListElement":[{"@type":"ListItem","position":1,"name":"Portada","item":"https:\/\/auren.com\/uy\/"},{"@type":"ListItem","position":2,"name":"51- IRPF: TIEMPO DE AJUSTE ANUAL"}]},{"@type":"WebSite","@id":"https:\/\/auren.com\/uy\/#website","url":"https:\/\/auren.com\/uy\/","name":"Auren Uruguay","description":"","publisher":{"@id":"https:\/\/auren.com\/uy\/#organization"},"potentialAction":[{"@type":"SearchAction","target":{"@type":"EntryPoint","urlTemplate":"https:\/\/auren.com\/uy\/?s={search_term_string}"},"query-input":{"@type":"PropertyValueSpecification","valueRequired":true,"valueName":"search_term_string"}}],"inLanguage":"es"},{"@type":"Organization","@id":"https:\/\/auren.com\/uy\/#organization","name":"Auren Uruguay","url":"https:\/\/auren.com\/uy\/","logo":{"@type":"ImageObject","inLanguage":"es","@id":"https:\/\/auren.com\/uy\/#\/schema\/logo\/image\/","url":"https:\/\/auren.com\/uy\/wp-content\/uploads\/2025\/01\/cropped-cropped-favicon-Auren.png","contentUrl":"https:\/\/auren.com\/uy\/wp-content\/uploads\/2025\/01\/cropped-cropped-favicon-Auren.png","width":512,"height":512,"caption":"Auren Uruguay"},"image":{"@id":"https:\/\/auren.com\/uy\/#\/schema\/logo\/image\/"},"sameAs":["https:\/\/www.facebook.com\/aurenuruguay","https:\/\/x.com\/AurenUruguay","https:\/\/www.linkedin.com\/company\/auren-uruguay","https:\/\/www.youtube.com\/channel\/UClkpSYFfsAuqdTaVF5whedQ","https:\/\/www.instagram.com\/aurenuruguay\/"]}]}},"_links":{"self":[{"href":"https:\/\/auren.com\/uy\/wp-json\/wp\/v2\/new\/11822","targetHints":{"allow":["GET"]}}],"collection":[{"href":"https:\/\/auren.com\/uy\/wp-json\/wp\/v2\/new"}],"about":[{"href":"https:\/\/auren.com\/uy\/wp-json\/wp\/v2\/types\/new"}],"version-history":[{"count":0,"href":"https:\/\/auren.com\/uy\/wp-json\/wp\/v2\/new\/11822\/revisions"}],"wp:featuredmedia":[{"embeddable":true,"href":"https:\/\/auren.com\/uy\/wp-json\/wp\/v2\/media\/11823"}],"wp:attachment":[{"href":"https:\/\/auren.com\/uy\/wp-json\/wp\/v2\/media?parent=11822"}],"wp:term":[{"taxonomy":"new-category","embeddable":true,"href":"https:\/\/auren.com\/uy\/wp-json\/wp\/v2\/new-category?post=11822"}],"curies":[{"name":"wp","href":"https:\/\/api.w.org\/{rel}","templated":true}]}}