{"id":11825,"date":"2011-12-30T15:23:54","date_gmt":"2011-12-30T14:23:54","guid":{"rendered":"https:\/\/auren.com\/uy\/new\/50-muy-buen-fin-de-2011-y-mejor-2012\/"},"modified":"2011-12-30T15:23:54","modified_gmt":"2011-12-30T14:23:54","slug":"50-muy-buen-fin-de-2011-y-mejor-2012","status":"publish","type":"new","link":"https:\/\/auren.com\/uy\/noticias\/50-muy-buen-fin-de-2011-y-mejor-2012\/","title":{"rendered":"50- MUY BUEN FIN DE 2011 Y MEJOR 2012"},"content":{"rendered":"<p class=\"has-text-align-justify\">Llega fin de a\u00f1o, es el momento de hacer balances, y en nuestro caso, no pod\u00edamos dejar de hacerlo. Hace ya un a\u00f1o que nos propusimos aportar nuestro granito de arena, desde \u00e9ste prestigioso medio, escribiendo art\u00edculos donde procuramos brindar informaci\u00f3n, pero al mismo tiempo dejando saber nuestra opini\u00f3n de los temas de actualidad o que a nuestro parecer merec\u00edan dedicarles un minuto de vuestro tiempo.<\/p>\n<p class=\"has-text-align-justify\">Si usted es de los que nos ha seguido, entonces habr\u00e1 encontrado que han sido diversos los profesionales que han brindado su opini\u00f3n, sobre los m\u00e1s variados temas.<\/p>\n<p class=\"has-text-align-justify\">Es que en AUREN, esta joven firma de profesionales que nos propusimos hacer grande, no por su tama\u00f1o, sino por la calidad de sus profesionales, intentamos por igual brindar el servicio de mejor calidad pero al mismo tiempo que nuestros profesionales se desarrollen y crezcan como tales, para llegar a ser\u00a0 referentes en sus especialidades. Que simult\u00e1neamente y en una relaci\u00f3n que va mucho m\u00e1s all\u00e1 de lo meramente profesional, crezcan nuestros clientes, pero tambi\u00e9n nuestra gente.<\/p>\n<p class=\"has-text-align-justify\">Flexibilizaci\u00f3n del secreto bancario; Responsabilidad social empresaria; Tecnolog\u00eda aplicada al agro; Abandono del criterio de la fuente territorial en el IRPF; Aumento del m\u00ednimo no imponible en el IRPF versus rebaja del IVA; Derogaci\u00f3n del Impuesto al Patrimonio en el agro; Ley de Inversiones en el agro; Fideicomisos; Aumento del precio de la carne; Estados Contables como herramienta de gesti\u00f3n; Menor apoyo a la inversi\u00f3n versus recaudaci\u00f3n impositiva; Aumentar impuestos o calificar mejor?; Consecuencias de gravar las rentas en el exterior; Inconstitucionalidad de la regla candado; Distribuci\u00f3n de utilidades de resultados no realizados; Cambios en apoyo a los Proyectos de Inversi\u00f3n; Cambios en el SNIS; Efectos de discusi\u00f3n sobre el Impuesto a la tierra; Pros y contras de las acciones al portador; Zonas Francas y Free Shops; Efecto del cambio en el Tipo de Cambio en la tributaci\u00f3n agropecuaria; Tributaci\u00f3n de los instrumentos financieros derivados de la actividad agropecuaria; Titularidad de los Inmuebles; Impuesto a la Concentraci\u00f3n de inmuebles rurales; Econom\u00eda Internacional; Beneficios a productores agropecuarios afectados por la sequ\u00eda; Rotaci\u00f3n de auditores; Aspectos fiscales en la venta de acciones; Rotaci\u00f3n de los auditores; Estr\u00e9s en el trabajo; Riesgos en la contrataci\u00f3n de empresas unipersonales; Impuesto a la concentraci\u00f3n de Inmuebles rurales y fin del ficto en la venta de inmuebles rurales; IRNR en incrementos patrimoniales de no residentes; Rebaja del IVA; Licencia y Salario Vacacional; Modificaciones en el IRPF.<\/p>\n<p class=\"has-text-align-justify\">Si usted logr\u00f3 leer hasta ac\u00e1, habr\u00e1 visto la vasta tem\u00e1tica de nuestros art\u00edculos. En oportunidades hemos procurado brindar informaci\u00f3n clara y precisa sobre alg\u00fan aspecto puntual, y en otras hemos dado nuestra opini\u00f3n sobre alg\u00fan otro tema, siempre procurando ser respetuosos y constructivos en el asunto tratado.<\/p>\n<p class=\"has-text-align-justify\">En alguno de los t\u00f3picos analizados, hemos reincidido, pero esto es consecuencia del propio devenir de la realidad nacional, ya que siempre procuramos comentar los asuntos cuando toman estado p\u00fablico, y entre ese momento y el de la promulgaci\u00f3n de la norma, a veces pasan varios meses.<\/p>\n<p class=\"has-text-align-justify\">En nombre de los profesionales involucrados, que en \u00e9ste a\u00f1o han sido,\u00a0 \u00a0Cr. Fernando Garc\u00eda, Cr. Enrique Garbino, Cra. Virginia Andr\u00e9, Cra. Alexandra Weisz, Cra. In\u00e9s Bidegain, Cra. Andrea Beltr\u00e1n, Cr. Alejandro Armand Ug\u00f3n, Cr. Raul Giacomini, Cra. Gabriela Morales, Lic. Ximena Gonz\u00e1lez, Lic. Virginia Costa, Cr. Santiago Diaz y quien escribe, as\u00ed como de todos los integrantes de AUREN, les agradecemos a todos quienes nos han seguido en este primer a\u00f1o, y les deseamos a todos un excelente a\u00f1o 2012.<\/p>\n<p class=\"has-text-align-justify\">\u00a1\u00a1\u00a1FELIZ A\u00d1O NUEVO!!!!<\/p>\n<p><!-- AddThis Advanced Settings generic via filter on the_content --><!-- AddThis Share Buttons generic via filter on the_content --><\/p>\n","protected":false},"excerpt":{"rendered":"<p>Llega fin de a\u00f1o, es el momento de hacer balances, y en nuestro caso, no pod\u00edamos dejar de hacerlo. Hace ya un a\u00f1o que nos propusimos aportar nuestro granito de [&hellip;]<\/p>\n","protected":false},"featured_media":11826,"template":"","meta":{"_acf_changed":false,"footnotes":""},"new-category":[],"class_list":["post-11825","new","type-new","status-publish","has-post-thumbnail","hentry"],"acf":[],"yoast_head":"<!-- This site is optimized with the Yoast SEO plugin v27.5 - https:\/\/yoast.com\/product\/yoast-seo-wordpress\/ -->\n<title>50- MUY BUEN FIN DE 2011 Y MEJOR 2012 - Auren Uruguay<\/title>\n<meta name=\"robots\" content=\"index, follow, max-snippet:-1, max-image-preview:large, max-video-preview:-1\" \/>\n<link rel=\"canonical\" href=\"https:\/\/auren.com\/uy\/noticias\/50-muy-buen-fin-de-2011-y-mejor-2012\/\" \/>\n<meta property=\"og:locale\" content=\"es_ES\" \/>\n<meta property=\"og:type\" content=\"article\" \/>\n<meta property=\"og:title\" content=\"50- MUY BUEN FIN DE 2011 Y MEJOR 2012 - Auren Uruguay\" \/>\n<meta property=\"og:description\" content=\"Llega fin de a\u00f1o, es el momento de hacer balances, y en nuestro caso, no pod\u00edamos dejar de hacerlo. Hace ya un a\u00f1o que nos propusimos aportar nuestro granito de [&hellip;]\" \/>\n<meta property=\"og:url\" content=\"https:\/\/auren.com\/uy\/noticias\/50-muy-buen-fin-de-2011-y-mejor-2012\/\" \/>\n<meta property=\"og:site_name\" content=\"Auren Uruguay\" \/>\n<meta property=\"article:publisher\" content=\"https:\/\/www.facebook.com\/aurenuruguay\" \/>\n<meta property=\"og:image\" content=\"https:\/\/auren.com\/uy\/wp-content\/uploads\/2011\/12\/sum.jpg\" \/>\n\t<meta property=\"og:image:width\" content=\"2048\" \/>\n\t<meta property=\"og:image:height\" content=\"1365\" \/>\n\t<meta property=\"og:image:type\" content=\"image\/jpeg\" \/>\n<meta name=\"twitter:card\" content=\"summary_large_image\" \/>\n<meta name=\"twitter:site\" content=\"@AurenUruguay\" \/>\n<meta name=\"twitter:label1\" content=\"Tiempo de lectura\" \/>\n\t<meta name=\"twitter:data1\" content=\"3 minutos\" \/>\n<script type=\"application\/ld+json\" class=\"yoast-schema-graph\">{\"@context\":\"https:\\\/\\\/schema.org\",\"@graph\":[{\"@type\":\"WebPage\",\"@id\":\"https:\\\/\\\/auren.com\\\/uy\\\/noticias\\\/50-muy-buen-fin-de-2011-y-mejor-2012\\\/\",\"url\":\"https:\\\/\\\/auren.com\\\/uy\\\/noticias\\\/50-muy-buen-fin-de-2011-y-mejor-2012\\\/\",\"name\":\"50- MUY BUEN FIN DE 2011 Y MEJOR 2012 - Auren Uruguay\",\"isPartOf\":{\"@id\":\"https:\\\/\\\/auren.com\\\/uy\\\/#website\"},\"primaryImageOfPage\":{\"@id\":\"https:\\\/\\\/auren.com\\\/uy\\\/noticias\\\/50-muy-buen-fin-de-2011-y-mejor-2012\\\/#primaryimage\"},\"image\":{\"@id\":\"https:\\\/\\\/auren.com\\\/uy\\\/noticias\\\/50-muy-buen-fin-de-2011-y-mejor-2012\\\/#primaryimage\"},\"thumbnailUrl\":\"https:\\\/\\\/auren.com\\\/uy\\\/wp-content\\\/uploads\\\/2011\\\/12\\\/sum.jpg\",\"datePublished\":\"2011-12-30T14:23:54+00:00\",\"breadcrumb\":{\"@id\":\"https:\\\/\\\/auren.com\\\/uy\\\/noticias\\\/50-muy-buen-fin-de-2011-y-mejor-2012\\\/#breadcrumb\"},\"inLanguage\":\"es\",\"potentialAction\":[{\"@type\":\"ReadAction\",\"target\":[\"https:\\\/\\\/auren.com\\\/uy\\\/noticias\\\/50-muy-buen-fin-de-2011-y-mejor-2012\\\/\"]}]},{\"@type\":\"ImageObject\",\"inLanguage\":\"es\",\"@id\":\"https:\\\/\\\/auren.com\\\/uy\\\/noticias\\\/50-muy-buen-fin-de-2011-y-mejor-2012\\\/#primaryimage\",\"url\":\"https:\\\/\\\/auren.com\\\/uy\\\/wp-content\\\/uploads\\\/2011\\\/12\\\/sum.jpg\",\"contentUrl\":\"https:\\\/\\\/auren.com\\\/uy\\\/wp-content\\\/uploads\\\/2011\\\/12\\\/sum.jpg\",\"width\":2048,\"height\":1365},{\"@type\":\"BreadcrumbList\",\"@id\":\"https:\\\/\\\/auren.com\\\/uy\\\/noticias\\\/50-muy-buen-fin-de-2011-y-mejor-2012\\\/#breadcrumb\",\"itemListElement\":[{\"@type\":\"ListItem\",\"position\":1,\"name\":\"Portada\",\"item\":\"https:\\\/\\\/auren.com\\\/uy\\\/\"},{\"@type\":\"ListItem\",\"position\":2,\"name\":\"50- MUY BUEN FIN DE 2011 Y MEJOR 2012\"}]},{\"@type\":\"WebSite\",\"@id\":\"https:\\\/\\\/auren.com\\\/uy\\\/#website\",\"url\":\"https:\\\/\\\/auren.com\\\/uy\\\/\",\"name\":\"Auren Uruguay\",\"description\":\"\",\"publisher\":{\"@id\":\"https:\\\/\\\/auren.com\\\/uy\\\/#organization\"},\"potentialAction\":[{\"@type\":\"SearchAction\",\"target\":{\"@type\":\"EntryPoint\",\"urlTemplate\":\"https:\\\/\\\/auren.com\\\/uy\\\/?s={search_term_string}\"},\"query-input\":{\"@type\":\"PropertyValueSpecification\",\"valueRequired\":true,\"valueName\":\"search_term_string\"}}],\"inLanguage\":\"es\"},{\"@type\":\"Organization\",\"@id\":\"https:\\\/\\\/auren.com\\\/uy\\\/#organization\",\"name\":\"Auren Uruguay\",\"url\":\"https:\\\/\\\/auren.com\\\/uy\\\/\",\"logo\":{\"@type\":\"ImageObject\",\"inLanguage\":\"es\",\"@id\":\"https:\\\/\\\/auren.com\\\/uy\\\/#\\\/schema\\\/logo\\\/image\\\/\",\"url\":\"https:\\\/\\\/auren.com\\\/uy\\\/wp-content\\\/uploads\\\/2025\\\/01\\\/cropped-cropped-favicon-Auren.png\",\"contentUrl\":\"https:\\\/\\\/auren.com\\\/uy\\\/wp-content\\\/uploads\\\/2025\\\/01\\\/cropped-cropped-favicon-Auren.png\",\"width\":512,\"height\":512,\"caption\":\"Auren Uruguay\"},\"image\":{\"@id\":\"https:\\\/\\\/auren.com\\\/uy\\\/#\\\/schema\\\/logo\\\/image\\\/\"},\"sameAs\":[\"https:\\\/\\\/www.facebook.com\\\/aurenuruguay\",\"https:\\\/\\\/x.com\\\/AurenUruguay\",\"https:\\\/\\\/www.linkedin.com\\\/company\\\/auren-uruguay\",\"https:\\\/\\\/www.youtube.com\\\/channel\\\/UClkpSYFfsAuqdTaVF5whedQ\",\"https:\\\/\\\/www.instagram.com\\\/aurenuruguay\\\/\"]}]}<\/script>\n<!-- \/ Yoast SEO plugin. -->","yoast_head_json":{"title":"50- MUY BUEN FIN DE 2011 Y MEJOR 2012 - Auren Uruguay","robots":{"index":"index","follow":"follow","max-snippet":"max-snippet:-1","max-image-preview":"max-image-preview:large","max-video-preview":"max-video-preview:-1"},"canonical":"https:\/\/auren.com\/uy\/noticias\/50-muy-buen-fin-de-2011-y-mejor-2012\/","og_locale":"es_ES","og_type":"article","og_title":"50- MUY BUEN FIN DE 2011 Y MEJOR 2012 - Auren Uruguay","og_description":"Llega fin de a\u00f1o, es el momento de hacer balances, y en nuestro caso, no pod\u00edamos dejar de hacerlo. Hace ya un a\u00f1o que nos propusimos aportar nuestro granito de [&hellip;]","og_url":"https:\/\/auren.com\/uy\/noticias\/50-muy-buen-fin-de-2011-y-mejor-2012\/","og_site_name":"Auren Uruguay","article_publisher":"https:\/\/www.facebook.com\/aurenuruguay","og_image":[{"width":2048,"height":1365,"url":"https:\/\/auren.com\/uy\/wp-content\/uploads\/2011\/12\/sum.jpg","type":"image\/jpeg"}],"twitter_card":"summary_large_image","twitter_site":"@AurenUruguay","twitter_misc":{"Tiempo de lectura":"3 minutos"},"schema":{"@context":"https:\/\/schema.org","@graph":[{"@type":"WebPage","@id":"https:\/\/auren.com\/uy\/noticias\/50-muy-buen-fin-de-2011-y-mejor-2012\/","url":"https:\/\/auren.com\/uy\/noticias\/50-muy-buen-fin-de-2011-y-mejor-2012\/","name":"50- MUY BUEN FIN DE 2011 Y MEJOR 2012 - Auren Uruguay","isPartOf":{"@id":"https:\/\/auren.com\/uy\/#website"},"primaryImageOfPage":{"@id":"https:\/\/auren.com\/uy\/noticias\/50-muy-buen-fin-de-2011-y-mejor-2012\/#primaryimage"},"image":{"@id":"https:\/\/auren.com\/uy\/noticias\/50-muy-buen-fin-de-2011-y-mejor-2012\/#primaryimage"},"thumbnailUrl":"https:\/\/auren.com\/uy\/wp-content\/uploads\/2011\/12\/sum.jpg","datePublished":"2011-12-30T14:23:54+00:00","breadcrumb":{"@id":"https:\/\/auren.com\/uy\/noticias\/50-muy-buen-fin-de-2011-y-mejor-2012\/#breadcrumb"},"inLanguage":"es","potentialAction":[{"@type":"ReadAction","target":["https:\/\/auren.com\/uy\/noticias\/50-muy-buen-fin-de-2011-y-mejor-2012\/"]}]},{"@type":"ImageObject","inLanguage":"es","@id":"https:\/\/auren.com\/uy\/noticias\/50-muy-buen-fin-de-2011-y-mejor-2012\/#primaryimage","url":"https:\/\/auren.com\/uy\/wp-content\/uploads\/2011\/12\/sum.jpg","contentUrl":"https:\/\/auren.com\/uy\/wp-content\/uploads\/2011\/12\/sum.jpg","width":2048,"height":1365},{"@type":"BreadcrumbList","@id":"https:\/\/auren.com\/uy\/noticias\/50-muy-buen-fin-de-2011-y-mejor-2012\/#breadcrumb","itemListElement":[{"@type":"ListItem","position":1,"name":"Portada","item":"https:\/\/auren.com\/uy\/"},{"@type":"ListItem","position":2,"name":"50- MUY BUEN FIN DE 2011 Y MEJOR 2012"}]},{"@type":"WebSite","@id":"https:\/\/auren.com\/uy\/#website","url":"https:\/\/auren.com\/uy\/","name":"Auren Uruguay","description":"","publisher":{"@id":"https:\/\/auren.com\/uy\/#organization"},"potentialAction":[{"@type":"SearchAction","target":{"@type":"EntryPoint","urlTemplate":"https:\/\/auren.com\/uy\/?s={search_term_string}"},"query-input":{"@type":"PropertyValueSpecification","valueRequired":true,"valueName":"search_term_string"}}],"inLanguage":"es"},{"@type":"Organization","@id":"https:\/\/auren.com\/uy\/#organization","name":"Auren Uruguay","url":"https:\/\/auren.com\/uy\/","logo":{"@type":"ImageObject","inLanguage":"es","@id":"https:\/\/auren.com\/uy\/#\/schema\/logo\/image\/","url":"https:\/\/auren.com\/uy\/wp-content\/uploads\/2025\/01\/cropped-cropped-favicon-Auren.png","contentUrl":"https:\/\/auren.com\/uy\/wp-content\/uploads\/2025\/01\/cropped-cropped-favicon-Auren.png","width":512,"height":512,"caption":"Auren Uruguay"},"image":{"@id":"https:\/\/auren.com\/uy\/#\/schema\/logo\/image\/"},"sameAs":["https:\/\/www.facebook.com\/aurenuruguay","https:\/\/x.com\/AurenUruguay","https:\/\/www.linkedin.com\/company\/auren-uruguay","https:\/\/www.youtube.com\/channel\/UClkpSYFfsAuqdTaVF5whedQ","https:\/\/www.instagram.com\/aurenuruguay\/"]}]}},"_links":{"self":[{"href":"https:\/\/auren.com\/uy\/wp-json\/wp\/v2\/new\/11825","targetHints":{"allow":["GET"]}}],"collection":[{"href":"https:\/\/auren.com\/uy\/wp-json\/wp\/v2\/new"}],"about":[{"href":"https:\/\/auren.com\/uy\/wp-json\/wp\/v2\/types\/new"}],"version-history":[{"count":0,"href":"https:\/\/auren.com\/uy\/wp-json\/wp\/v2\/new\/11825\/revisions"}],"wp:featuredmedia":[{"embeddable":true,"href":"https:\/\/auren.com\/uy\/wp-json\/wp\/v2\/media\/11826"}],"wp:attachment":[{"href":"https:\/\/auren.com\/uy\/wp-json\/wp\/v2\/media?parent=11825"}],"wp:term":[{"taxonomy":"new-category","embeddable":true,"href":"https:\/\/auren.com\/uy\/wp-json\/wp\/v2\/new-category?post=11825"}],"curies":[{"name":"wp","href":"https:\/\/api.w.org\/{rel}","templated":true}]}}