{"id":11828,"date":"2011-12-23T18:02:35","date_gmt":"2011-12-23T17:02:35","guid":{"rendered":"https:\/\/auren.com\/uy\/new\/49-irpf-modificaciones-proyectadas\/"},"modified":"2011-12-23T18:02:35","modified_gmt":"2011-12-23T17:02:35","slug":"49-irpf-modificaciones-proyectadas","status":"publish","type":"new","link":"https:\/\/auren.com\/uy\/noticias\/49-irpf-modificaciones-proyectadas\/","title":{"rendered":"49- IRPF: MODIFICACIONES PROYECTADAS"},"content":{"rendered":"<p class=\"has-text-align-justify\">Comentaremos en esta oportunidad las modificaciones que se planean efectuar en el Impuesto a las Rentas de las Personas F\u00edsicas (IRPF), incluidas en el proyecto de ley que fuera recientemente enviado al Parlamento.<\/p>\n<p class=\"has-text-align-justify has-vivid-red-color has-text-color\" style=\"font-size:25px\"><strong>Rendimientos del exterior<\/strong><\/p>\n<p class=\"has-text-align-justify\">A partir del 1\u00ba\/01\/2011 comenzaron a gravarse por IRPF los rendimientos de capital (b\u00e1sicamente intereses por dep\u00f3sitos, dividendos y utilidades), provenientes de entidades del exterior. La nueva imposici\u00f3n recae exclusivamente sobre las personas f\u00edsicas residentes \u201cfiscales\u201d en el Uruguay, no as\u00ed sobre los no residentes fiscales, contribuyentes de IRNR.<\/p>\n<p class=\"has-text-align-justify\">A estos efectos, se entiende por residentes fiscales a los ciudadanos uruguayos, naturales o legales, y a los extranjeros que cumplan con alguno de los requisitos exigidos por la ley para adquirir la calidad de tales (permanencia mayor a 183 d\u00edas durante el a\u00f1o civil, \u00a0radicaci\u00f3n en el territorio nacional de la base de los intereses econ\u00f3micos, o residencia del c\u00f3nyuge y los hijos menores de edad que dependan de \u00e9l).<\/p>\n<p class=\"has-text-align-justify\">El proyecto propone diferir el gravamen sobre las rentas obtenidas en el exterior por los nacionales o extranjeros que adquieren la calidad de residentes fiscales en virtud de verificar alguno de los requisitos anteriores, hasta el quinto ejercicio a partir del cual se verifique el cambio de residencia a territorio nacional. El diferimiento en el gravamen se otorga permiti\u00e9ndoles optar, por \u00fanica vez y exclusivamente por este tipo de rentas, por tributar el IRNR por cinco ejercicios, impuesto que como vimos, no grava los rendimientos obtenidos en el exterior del pa\u00eds.<\/p>\n<p class=\"has-text-align-justify has-vivid-red-color has-text-color\" style=\"font-size:25px\"><strong>Expropiaciones<\/strong><\/p>\n<p class=\"has-text-align-justify\">El <strong><a href=\"http:\/\/www.consultax.com.uy\/golink.asp?TN=CONR&amp;NN=0&amp;NS=2&amp;NC=1&amp;NA=32&amp;TH=N\">art\u00edculo 32 de la Constituci\u00f3n<\/a><\/strong> prev\u00e9 que en ocasi\u00f3n de una expropiaci\u00f3n se abonar\u00e1 una \u00ab<em>justa y previa compensaci\u00f3n<\/em>\u00bb al expropiado y que adem\u00e1s \u00ab<em>se indemnizar\u00e1 a los propietarios por los da\u00f1os y perjuicios que sufrieren en raz\u00f3n de la duraci\u00f3n del procedimiento expropiatorio<\/em>\u00ab.<\/p>\n<p class=\"has-text-align-justify\">El monto correspondiente a la indemnizaci\u00f3n no representa un incremento patrimonial para el expropiado, por lo que el mismo no se encuentra incluido dentro del hecho generador del IRPF, en tanto el segundo, es decir el monto abonado en concepto de compensaci\u00f3n, se encuentra actualmente gravado por IRPF. Es este \u00faltimo concepto que el proyecto propone exonerar.<\/p>\n<p class=\"has-text-align-justify has-vivid-red-color has-text-color\" style=\"font-size:25px\"><strong>Escala de rentas y al\u00edcuotas<\/strong><\/p>\n<p class=\"has-text-align-justify\">Actualmente la tasa m\u00e1xima de IRPF asciende al 25%, y se aplica para los ingresos que superan los $ 222.600 mensuales. El proyecto propone aumentar la citada tasa m\u00e1xima al 30%, aplicable a los ingresos que superen los $ 256.000 mensuales, ajustando los tramos correspondientes a las escalas a partir de los cuales los ingresos quedan gravados a las tasas del 22% y del 25%.<\/p>\n<p class=\"has-text-align-justify has-vivid-red-color has-text-color\" style=\"font-size:25px\"><strong>M\u00ednimo No Imponible<\/strong><\/p>\n<p class=\"has-text-align-justify\">El MNI para las personas f\u00edsicas asciende actualmente a $ 15.600 mensuales. El proyecto faculta al Poder Ejecutivo a incrementarlo, as\u00ed como tambi\u00e9n el correspondiente a los n\u00facleos familiares hasta en $ 2.300 aproximadamente mensuales (1 BPC).<\/p>\n<p class=\"has-text-align-justify has-vivid-red-color has-text-color\" style=\"font-size:25px\"><strong>Deducciones<\/strong><\/p>\n<p class=\"has-text-align-justify\">Se propone deducir el pago de cuotas de ciertos pr\u00e9stamos destinados a la adquisici\u00f3n de viviendas \u00fanicas y permanentes, siempre que el costo de la misma no supere los aproximadamente USD 80.000, y con un tope m\u00e1ximo de deducci\u00f3n de aproximadamente $ 6.700 (3 BPC) mensuales.<\/p>\n<p class=\"has-text-align-justify\">El tema de las deducciones es sin duda el aspecto m\u00e1s sensible en la liquidaci\u00f3n de IRPF, y es donde se espera que tanto la DGI como el gobierno a\u00fanen esfuerzos a efectos de poder implementar la mayor cantidad posible, de forma de lograr un impuesto que recaiga realmente sobre la capacidad contributiva de las personas.<\/p>\n<p><!-- AddThis Advanced Settings generic via filter on the_content --><!-- AddThis Share Buttons generic via filter on the_content --><\/p>\n","protected":false},"excerpt":{"rendered":"<p>Comentaremos en esta oportunidad las modificaciones que se planean efectuar en el Impuesto a las Rentas de las Personas F\u00edsicas (IRPF), incluidas en el proyecto de ley que fuera recientemente [&hellip;]<\/p>\n","protected":false},"featured_media":11829,"template":"","meta":{"_acf_changed":false,"footnotes":""},"new-category":[],"class_list":["post-11828","new","type-new","status-publish","has-post-thumbnail","hentry"],"acf":[],"yoast_head":"<!-- This site is optimized with the Yoast SEO plugin v27.5 - https:\/\/yoast.com\/product\/yoast-seo-wordpress\/ -->\n<title>49- IRPF: MODIFICACIONES PROYECTADAS - Auren Uruguay<\/title>\n<meta name=\"robots\" content=\"index, follow, max-snippet:-1, max-image-preview:large, max-video-preview:-1\" \/>\n<link rel=\"canonical\" href=\"https:\/\/auren.com\/uy\/noticias\/49-irpf-modificaciones-proyectadas\/\" \/>\n<meta property=\"og:locale\" content=\"es_ES\" \/>\n<meta property=\"og:type\" content=\"article\" \/>\n<meta property=\"og:title\" content=\"49- IRPF: MODIFICACIONES PROYECTADAS - Auren Uruguay\" \/>\n<meta property=\"og:description\" content=\"Comentaremos en esta oportunidad las modificaciones que se planean efectuar en el Impuesto a las Rentas de las Personas F\u00edsicas (IRPF), incluidas en el proyecto de ley que fuera recientemente [&hellip;]\" \/>\n<meta property=\"og:url\" content=\"https:\/\/auren.com\/uy\/noticias\/49-irpf-modificaciones-proyectadas\/\" \/>\n<meta property=\"og:site_name\" content=\"Auren Uruguay\" \/>\n<meta property=\"article:publisher\" content=\"https:\/\/www.facebook.com\/aurenuruguay\" \/>\n<meta property=\"og:image\" content=\"https:\/\/auren.com\/uy\/wp-content\/uploads\/2011\/12\/photo-1563013544-824ae1b704d3.jpeg\" \/>\n\t<meta property=\"og:image:width\" content=\"2100\" \/>\n\t<meta property=\"og:image:height\" content=\"1400\" \/>\n\t<meta property=\"og:image:type\" content=\"image\/jpeg\" \/>\n<meta name=\"twitter:card\" content=\"summary_large_image\" \/>\n<meta name=\"twitter:site\" content=\"@AurenUruguay\" \/>\n<meta name=\"twitter:label1\" content=\"Tiempo de lectura\" \/>\n\t<meta name=\"twitter:data1\" content=\"3 minutos\" \/>\n<script type=\"application\/ld+json\" class=\"yoast-schema-graph\">{\"@context\":\"https:\\\/\\\/schema.org\",\"@graph\":[{\"@type\":\"WebPage\",\"@id\":\"https:\\\/\\\/auren.com\\\/uy\\\/noticias\\\/49-irpf-modificaciones-proyectadas\\\/\",\"url\":\"https:\\\/\\\/auren.com\\\/uy\\\/noticias\\\/49-irpf-modificaciones-proyectadas\\\/\",\"name\":\"49- IRPF: MODIFICACIONES PROYECTADAS - Auren Uruguay\",\"isPartOf\":{\"@id\":\"https:\\\/\\\/auren.com\\\/uy\\\/#website\"},\"primaryImageOfPage\":{\"@id\":\"https:\\\/\\\/auren.com\\\/uy\\\/noticias\\\/49-irpf-modificaciones-proyectadas\\\/#primaryimage\"},\"image\":{\"@id\":\"https:\\\/\\\/auren.com\\\/uy\\\/noticias\\\/49-irpf-modificaciones-proyectadas\\\/#primaryimage\"},\"thumbnailUrl\":\"https:\\\/\\\/auren.com\\\/uy\\\/wp-content\\\/uploads\\\/2011\\\/12\\\/photo-1563013544-824ae1b704d3.jpeg\",\"datePublished\":\"2011-12-23T17:02:35+00:00\",\"breadcrumb\":{\"@id\":\"https:\\\/\\\/auren.com\\\/uy\\\/noticias\\\/49-irpf-modificaciones-proyectadas\\\/#breadcrumb\"},\"inLanguage\":\"es\",\"potentialAction\":[{\"@type\":\"ReadAction\",\"target\":[\"https:\\\/\\\/auren.com\\\/uy\\\/noticias\\\/49-irpf-modificaciones-proyectadas\\\/\"]}]},{\"@type\":\"ImageObject\",\"inLanguage\":\"es\",\"@id\":\"https:\\\/\\\/auren.com\\\/uy\\\/noticias\\\/49-irpf-modificaciones-proyectadas\\\/#primaryimage\",\"url\":\"https:\\\/\\\/auren.com\\\/uy\\\/wp-content\\\/uploads\\\/2011\\\/12\\\/photo-1563013544-824ae1b704d3.jpeg\",\"contentUrl\":\"https:\\\/\\\/auren.com\\\/uy\\\/wp-content\\\/uploads\\\/2011\\\/12\\\/photo-1563013544-824ae1b704d3.jpeg\",\"width\":2100,\"height\":1400},{\"@type\":\"BreadcrumbList\",\"@id\":\"https:\\\/\\\/auren.com\\\/uy\\\/noticias\\\/49-irpf-modificaciones-proyectadas\\\/#breadcrumb\",\"itemListElement\":[{\"@type\":\"ListItem\",\"position\":1,\"name\":\"Portada\",\"item\":\"https:\\\/\\\/auren.com\\\/uy\\\/\"},{\"@type\":\"ListItem\",\"position\":2,\"name\":\"49- IRPF: MODIFICACIONES PROYECTADAS\"}]},{\"@type\":\"WebSite\",\"@id\":\"https:\\\/\\\/auren.com\\\/uy\\\/#website\",\"url\":\"https:\\\/\\\/auren.com\\\/uy\\\/\",\"name\":\"Auren Uruguay\",\"description\":\"\",\"publisher\":{\"@id\":\"https:\\\/\\\/auren.com\\\/uy\\\/#organization\"},\"potentialAction\":[{\"@type\":\"SearchAction\",\"target\":{\"@type\":\"EntryPoint\",\"urlTemplate\":\"https:\\\/\\\/auren.com\\\/uy\\\/?s={search_term_string}\"},\"query-input\":{\"@type\":\"PropertyValueSpecification\",\"valueRequired\":true,\"valueName\":\"search_term_string\"}}],\"inLanguage\":\"es\"},{\"@type\":\"Organization\",\"@id\":\"https:\\\/\\\/auren.com\\\/uy\\\/#organization\",\"name\":\"Auren Uruguay\",\"url\":\"https:\\\/\\\/auren.com\\\/uy\\\/\",\"logo\":{\"@type\":\"ImageObject\",\"inLanguage\":\"es\",\"@id\":\"https:\\\/\\\/auren.com\\\/uy\\\/#\\\/schema\\\/logo\\\/image\\\/\",\"url\":\"https:\\\/\\\/auren.com\\\/uy\\\/wp-content\\\/uploads\\\/2025\\\/01\\\/cropped-cropped-favicon-Auren.png\",\"contentUrl\":\"https:\\\/\\\/auren.com\\\/uy\\\/wp-content\\\/uploads\\\/2025\\\/01\\\/cropped-cropped-favicon-Auren.png\",\"width\":512,\"height\":512,\"caption\":\"Auren Uruguay\"},\"image\":{\"@id\":\"https:\\\/\\\/auren.com\\\/uy\\\/#\\\/schema\\\/logo\\\/image\\\/\"},\"sameAs\":[\"https:\\\/\\\/www.facebook.com\\\/aurenuruguay\",\"https:\\\/\\\/x.com\\\/AurenUruguay\",\"https:\\\/\\\/www.linkedin.com\\\/company\\\/auren-uruguay\",\"https:\\\/\\\/www.youtube.com\\\/channel\\\/UClkpSYFfsAuqdTaVF5whedQ\",\"https:\\\/\\\/www.instagram.com\\\/aurenuruguay\\\/\"]}]}<\/script>\n<!-- \/ Yoast SEO plugin. -->","yoast_head_json":{"title":"49- IRPF: MODIFICACIONES PROYECTADAS - Auren Uruguay","robots":{"index":"index","follow":"follow","max-snippet":"max-snippet:-1","max-image-preview":"max-image-preview:large","max-video-preview":"max-video-preview:-1"},"canonical":"https:\/\/auren.com\/uy\/noticias\/49-irpf-modificaciones-proyectadas\/","og_locale":"es_ES","og_type":"article","og_title":"49- IRPF: MODIFICACIONES PROYECTADAS - Auren Uruguay","og_description":"Comentaremos en esta oportunidad las modificaciones que se planean efectuar en el Impuesto a las Rentas de las Personas F\u00edsicas (IRPF), incluidas en el proyecto de ley que fuera recientemente [&hellip;]","og_url":"https:\/\/auren.com\/uy\/noticias\/49-irpf-modificaciones-proyectadas\/","og_site_name":"Auren Uruguay","article_publisher":"https:\/\/www.facebook.com\/aurenuruguay","og_image":[{"width":2100,"height":1400,"url":"https:\/\/auren.com\/uy\/wp-content\/uploads\/2011\/12\/photo-1563013544-824ae1b704d3.jpeg","type":"image\/jpeg"}],"twitter_card":"summary_large_image","twitter_site":"@AurenUruguay","twitter_misc":{"Tiempo de lectura":"3 minutos"},"schema":{"@context":"https:\/\/schema.org","@graph":[{"@type":"WebPage","@id":"https:\/\/auren.com\/uy\/noticias\/49-irpf-modificaciones-proyectadas\/","url":"https:\/\/auren.com\/uy\/noticias\/49-irpf-modificaciones-proyectadas\/","name":"49- IRPF: MODIFICACIONES PROYECTADAS - Auren Uruguay","isPartOf":{"@id":"https:\/\/auren.com\/uy\/#website"},"primaryImageOfPage":{"@id":"https:\/\/auren.com\/uy\/noticias\/49-irpf-modificaciones-proyectadas\/#primaryimage"},"image":{"@id":"https:\/\/auren.com\/uy\/noticias\/49-irpf-modificaciones-proyectadas\/#primaryimage"},"thumbnailUrl":"https:\/\/auren.com\/uy\/wp-content\/uploads\/2011\/12\/photo-1563013544-824ae1b704d3.jpeg","datePublished":"2011-12-23T17:02:35+00:00","breadcrumb":{"@id":"https:\/\/auren.com\/uy\/noticias\/49-irpf-modificaciones-proyectadas\/#breadcrumb"},"inLanguage":"es","potentialAction":[{"@type":"ReadAction","target":["https:\/\/auren.com\/uy\/noticias\/49-irpf-modificaciones-proyectadas\/"]}]},{"@type":"ImageObject","inLanguage":"es","@id":"https:\/\/auren.com\/uy\/noticias\/49-irpf-modificaciones-proyectadas\/#primaryimage","url":"https:\/\/auren.com\/uy\/wp-content\/uploads\/2011\/12\/photo-1563013544-824ae1b704d3.jpeg","contentUrl":"https:\/\/auren.com\/uy\/wp-content\/uploads\/2011\/12\/photo-1563013544-824ae1b704d3.jpeg","width":2100,"height":1400},{"@type":"BreadcrumbList","@id":"https:\/\/auren.com\/uy\/noticias\/49-irpf-modificaciones-proyectadas\/#breadcrumb","itemListElement":[{"@type":"ListItem","position":1,"name":"Portada","item":"https:\/\/auren.com\/uy\/"},{"@type":"ListItem","position":2,"name":"49- IRPF: MODIFICACIONES PROYECTADAS"}]},{"@type":"WebSite","@id":"https:\/\/auren.com\/uy\/#website","url":"https:\/\/auren.com\/uy\/","name":"Auren Uruguay","description":"","publisher":{"@id":"https:\/\/auren.com\/uy\/#organization"},"potentialAction":[{"@type":"SearchAction","target":{"@type":"EntryPoint","urlTemplate":"https:\/\/auren.com\/uy\/?s={search_term_string}"},"query-input":{"@type":"PropertyValueSpecification","valueRequired":true,"valueName":"search_term_string"}}],"inLanguage":"es"},{"@type":"Organization","@id":"https:\/\/auren.com\/uy\/#organization","name":"Auren Uruguay","url":"https:\/\/auren.com\/uy\/","logo":{"@type":"ImageObject","inLanguage":"es","@id":"https:\/\/auren.com\/uy\/#\/schema\/logo\/image\/","url":"https:\/\/auren.com\/uy\/wp-content\/uploads\/2025\/01\/cropped-cropped-favicon-Auren.png","contentUrl":"https:\/\/auren.com\/uy\/wp-content\/uploads\/2025\/01\/cropped-cropped-favicon-Auren.png","width":512,"height":512,"caption":"Auren Uruguay"},"image":{"@id":"https:\/\/auren.com\/uy\/#\/schema\/logo\/image\/"},"sameAs":["https:\/\/www.facebook.com\/aurenuruguay","https:\/\/x.com\/AurenUruguay","https:\/\/www.linkedin.com\/company\/auren-uruguay","https:\/\/www.youtube.com\/channel\/UClkpSYFfsAuqdTaVF5whedQ","https:\/\/www.instagram.com\/aurenuruguay\/"]}]}},"_links":{"self":[{"href":"https:\/\/auren.com\/uy\/wp-json\/wp\/v2\/new\/11828","targetHints":{"allow":["GET"]}}],"collection":[{"href":"https:\/\/auren.com\/uy\/wp-json\/wp\/v2\/new"}],"about":[{"href":"https:\/\/auren.com\/uy\/wp-json\/wp\/v2\/types\/new"}],"version-history":[{"count":0,"href":"https:\/\/auren.com\/uy\/wp-json\/wp\/v2\/new\/11828\/revisions"}],"wp:featuredmedia":[{"embeddable":true,"href":"https:\/\/auren.com\/uy\/wp-json\/wp\/v2\/media\/11829"}],"wp:attachment":[{"href":"https:\/\/auren.com\/uy\/wp-json\/wp\/v2\/media?parent=11828"}],"wp:term":[{"taxonomy":"new-category","embeddable":true,"href":"https:\/\/auren.com\/uy\/wp-json\/wp\/v2\/new-category?post=11828"}],"curies":[{"name":"wp","href":"https:\/\/api.w.org\/{rel}","templated":true}]}}